{"id":3406,"date":"2024-06-24T09:44:24","date_gmt":"2024-06-24T09:44:24","guid":{"rendered":"https:\/\/emelugur.com\/?page_id=3406"},"modified":"2025-11-20T11:55:36","modified_gmt":"2025-11-20T11:55:36","slug":"perte-auditive","status":"publish","type":"page","link":"https:\/\/emelugur.com\/fr\/audition\/perte-auditive\/","title":{"rendered":"Perte auditive"},"content":{"rendered":"\n\t<section class=\"section\" id=\"section_230832084\">\n\t\t<div class=\"section-bg fill\" >\n\t\t\t<img decoding=\"async\" width=\"1920\" height=\"1280\" src=\"https:\/\/emelugur.com\/wp-content\/uploads\/2024\/05\/Isitme-Kaybi-Cozumleri.jpg\" class=\"bg attachment-2048x2048 size-2048x2048\" alt=\"\" title=\"\">\t\t\t\t\t\t\n\t\t\t\n\n\t\t<\/div>\n\n\t\t\n\n\t\t<div class=\"section-content relative\">\n\t\t\t\n<div class=\"row\"  id=\"row-1004488245\">\n\n\t<div id=\"col-671507723\" class=\"col hide-for-small medium-8 small-12 large-8\"  >\n\t\t\t\t<div class=\"col-inner text-left\" style=\"background-color:rgba(255, 255, 255, 0.7);\" >\n\t\t\t\n\t\t\t\n  <div id=\"page-header-1807401611\" class=\"page-header-wrapper\">\n  <div class=\"page-title light simple-title\">\n\n    \n    <div class=\"page-title-inner container align-center text-center flex-row-col medium-flex-wrap\" >\n              <div class=\"title-wrapper is-xlarge flex-col\">\n          <h1 class=\"entry-title mb-0\">\n            Qu\u2019est-ce que la perte auditive ? Quels en sont les sympt\u00f4mes et un traitement est-il possible ?          <\/h1>\n        <\/div>\n                    <div class=\"title-content flex-col\">\n        <div class=\"title-breadcrumbs pb-half pt-half\"><\/div>      <\/div>\n    <\/div>\n\n       <\/div>\n    <\/div>\n  \n\t\t<\/div>\n\t\t\t\t\n<style>\n#col-671507723 > .col-inner {\n  border-radius: 20px;\n}\n<\/style>\n\t<\/div>\n\n\t\n<\/div>\n\t\t<\/div>\n\n\t\t\n<style>\n#section_230832084 {\n  padding-top: 175px;\n  padding-bottom: 175px;\n}\n#section_230832084 .section-bg img {\n  object-position: 50% 35%;\n}\n<\/style>\n\t<\/section>\n\t\n\n\t<section class=\"section\" id=\"section_260855281\">\n\t\t<div class=\"section-bg fill\" >\n\t\t\t\t\t\t\t\t\t\n\t\t\t\n\n\t\t<\/div>\n\n\t\t\n\n\t\t<div class=\"section-content relative\">\n\t\t\t\n<div class=\"row\"  id=\"row-430682346\">\n\n\t<div id=\"col-260389669\" class=\"col show-for-small medium-8 small-12 large-8\"  >\n\t\t\t\t<div class=\"col-inner text-left\" style=\"background-color:rgba(255, 255, 255, 0.7);\" >\n\t\t\t\n\t\t\t\n  <div id=\"page-header-999594607\" class=\"page-header-wrapper\">\n  <div class=\"page-title light simple-title\">\n\n    \n    <div class=\"page-title-inner container align-center text-center flex-row-col medium-flex-wrap\" >\n              <div class=\"title-wrapper is-larger flex-col\">\n          <h1 class=\"entry-title mb-0\">\n            Qu\u2019est-ce que la perte auditive ? Quels en sont les sympt\u00f4mes et un traitement est-il possible ?          <\/h1>\n        <\/div>\n                    <div class=\"title-content flex-col\">\n        <div class=\"title-breadcrumbs pb-half pt-half\"><\/div>      <\/div>\n    <\/div>\n\n       <\/div>\n    <\/div>\n  \n\t\t<\/div>\n\t\t\t\t\n<style>\n#col-260389669 > .col-inner {\n  border-radius: 20px;\n}\n<\/style>\n\t<\/div>\n\n\t\n\n\t<div id=\"col-1109937534\" class=\"col small-12 large-12\"  >\n\t\t\t\t<div class=\"col-inner\"  >\n\t\t\t\n\t\t\t\n<div class=\"row\"  id=\"row-652676980\">\n\n\t<div id=\"col-1792429691\" class=\"col small-12 large-12\"  >\n\t\t\t\t<div class=\"col-inner\"  >\n\t\t\t\n\t\t\t\n<p>La perte auditive est un probl\u00e8me de sant\u00e9 s\u00e9rieux qui peut affecter n\u00e9gativement la vie quotidienne des individus. Divers troubles fonctionnels au niveau des oreilles ou des voies nerveuses auditives peuvent conduire \u00e0 cette situation. De plus, des facteurs externes tels que certaines maladies, des m\u00e9dicaments ou des influences environnementales peuvent d\u00e9clencher une perte auditive. La pr\u00e9disposition g\u00e9n\u00e9tique est, en elle-m\u00eame, un facteur tr\u00e8s important.<\/p>\n<table>\n<tbody>\n<tr>\n<td>D\u00e9finition<\/td>\n<td>Perte partielle ou totale du sens de l\u2019ou\u00efe.<\/td>\n<\/tr>\n<tr>\n<td>Types<\/td>\n<td>Transmission, neurosensorielle, mixte (combin\u00e9e), perte auditive centrale<\/td>\n<\/tr>\n<tr>\n<td>Causes<\/td>\n<td>Infections, c\u00e9rumen, vieillissement, g\u00e9n\u00e9tique, bruit, m\u00e9dicaments ototoxiques, traumatismes<\/td>\n<\/tr>\n<tr>\n<td>Sympt\u00f4mes<\/td>\n<td>Diminution de l\u2019audition, difficult\u00e9 \u00e0 comprendre la parole, incapacit\u00e9 \u00e0 comprendre la parole dans les environnements bruyants, acouph\u00e8nes, sensation de pl\u00e9nitude.<\/td>\n<\/tr>\n<tr>\n<td>Diagnostic<\/td>\n<td>Audiom\u00e9trie, tympanom\u00e9trie, tests de r\u00e9flexe acoustique, imagerie.<\/td>\n<\/tr>\n<tr>\n<td>Traitement<\/td>\n<td>Aides auditives (conduction a\u00e9rienne \u2013 conduction osseuse, implant cochl\u00e9aire, traitement m\u00e9dicamenteux, intervention chirurgicale.<br \/>\nquand utiliser un traitement m\u00e9dicamenteux, quand utiliser un appareil, quand recourir \u00e0 la chirurgie<\/td>\n<\/tr>\n<tr>\n<td>Facteurs de risque<\/td>\n<td>Exposition au bruit, infections chroniques, g\u00e9n\u00e9tique, m\u00e9dicaments ototoxiques.<\/td>\n<\/tr>\n<tr>\n<td>Pr\u00e9vention<\/td>\n<td>Protection contre le bruit, examens r\u00e9guliers, hygi\u00e8ne de l\u2019oreille, prudence dans l\u2019utilisation des m\u00e9dicaments.<\/td>\n<\/tr>\n<\/tbody>\n<\/table>\n\t\t<\/div>\n\t\t\t\t\t<\/div>\n\n\t\n\n\t<div id=\"col-2076806475\" class=\"col small-12 large-12\"  >\n\t\t\t\t<div class=\"col-inner\"  >\n\t\t\t\n\t\t\t\n\n\t<section class=\"section\" id=\"section_220201054\">\n\t\t<div class=\"section-bg fill\" >\n\t\t\t<img decoding=\"async\" width=\"1920\" height=\"800\" src=\"https:\/\/emelugur.com\/wp-content\/uploads\/2024\/05\/icon_background.webp\" class=\"bg attachment-2048x2048 size-2048x2048\" alt=\"\" title=\"\">\t\t\t\t\t\t\n\t\t\t\n\n\t\t<\/div>\n\n\t\t\n\n\t\t<div class=\"section-content relative\">\n\t\t\t\n\n<div class=\"row\"  id=\"row-804921614\">\n\n\n\t<div id=\"col-1763146621\" class=\"col small-12 large-12\"  >\n\t\t\t\t<div class=\"col-inner dark\" style=\"background-color:#00a2e9;\" >\n\t\t\t\n\t\t\t\n\n<div class=\"row\"  id=\"row-1136115242\">\n\n\n\t<div id=\"col-674626273\" class=\"col hide-for-small medium-5 small-12 large-5\"  >\n\t\t\t\t<div class=\"col-inner\"  >\n\t\t\t\n\t\t\t\n\n\t<div class=\"img has-hover border-gorsel x md-x lg-x y md-y lg-y\" id=\"image_1609059438\">\n\t\t\t\t\t\t\t\t<div class=\"img-inner image-cover dark\" style=\"padding-top:100%;\">\n\t\t\t<img decoding=\"async\" width=\"600\" height=\"737\" src=\"https:\/\/emelugur.com\/wp-content\/uploads\/2024\/08\/Dr.-Odyolog-Emel-Ugur.jpg\" class=\"attachment-2048x2048 size-2048x2048\" alt=\"\" srcset=\"https:\/\/emelugur.com\/wp-content\/uploads\/2024\/08\/Dr.-Odyolog-Emel-Ugur.jpg 600w, https:\/\/emelugur.com\/wp-content\/uploads\/2024\/08\/Dr.-Odyolog-Emel-Ugur-326x400.jpg 326w\" sizes=\"(max-width: 600px) 100vw, 600px\" title=\"\">\t\t\t\t\t\t\n\t\t\t\t\t<\/div>\n\t\t\t\t\t\t\t\t\n<style>\n#image_1609059438 {\n  width: 100%;\n}\n<\/style>\n\t<\/div>\n\t\n\n\n\t\t<\/div>\n\t\t\t\t\t<\/div>\n\n\t\n\n\t<div id=\"col-1881230363\" class=\"col medium-7 small-12 large-7 small-col-first\"  >\n\t\t\t\t<div class=\"col-inner\"  >\n\t\t\t\n\t\t\t\n\n\t<div class=\"img has-hover border-gorsel show-for-small x md-x lg-x y md-y lg-y\" id=\"image_828373477\">\n\t\t\t\t\t\t\t\t<div class=\"img-inner dark\" >\n\t\t\t<img decoding=\"async\" width=\"600\" height=\"737\" src=\"https:\/\/emelugur.com\/wp-content\/uploads\/2024\/08\/Dr.-Odyolog-Emel-Ugur.jpg\" class=\"attachment-2048x2048 size-2048x2048\" alt=\"\" srcset=\"https:\/\/emelugur.com\/wp-content\/uploads\/2024\/08\/Dr.-Odyolog-Emel-Ugur.jpg 600w, https:\/\/emelugur.com\/wp-content\/uploads\/2024\/08\/Dr.-Odyolog-Emel-Ugur-326x400.jpg 326w\" sizes=\"(max-width: 600px) 100vw, 600px\" title=\"\">\t\t\t\t\t\t\n\t\t\t\t\t<\/div>\n\t\t\t\t\t\t\t\t\n<style>\n#image_828373477 {\n  width: 100%;\n}\n@media (min-width:550px) {\n  #image_828373477 {\n    width: 87%;\n  }\n}\n<\/style>\n\t<\/div>\n\t\n\n\t<div id=\"text-2720771072\" class=\"text\">\n\t\t\n\n<p><span style=\"font-size: 120%;\"><strong>Docteure Audiologiste<br \/>Emel U\u011fur<\/strong><\/span><\/p>\n\t\t\n<style>\n#text-2720771072 {\n  font-size: 1.25rem;\n}\n@media (min-width:550px) {\n  #text-2720771072 {\n    font-size: 2rem;\n  }\n}\n<\/style>\n\t<\/div>\n\t\n\t<div id=\"text-3318020872\" class=\"text\">\n\t\t\n\nLa Dre Audiologiste Emel U\u011fur est n\u00e9e en 1982 \u00e0 \u00c7anakkale. Au cours de ses 15 ann\u00e9es de service \u00e0 l\u2019H\u00f4pital d\u2019Enseignement et de Recherche d\u2019Istanbul, elle a principalement travaill\u00e9 sur l\u2019audiologie p\u00e9diatrique (pertes auditives chez les b\u00e9b\u00e9s et les enfants), les maladies otologiques (maladies de l\u2019oreille et sant\u00e9 auditive) et les troubles du syst\u00e8me vestibulaire (vertiges et d\u00e9s\u00e9quilibre). En 2015, elle a rejoint le Groupe de Sant\u00e9 Ac\u0131badem.\n\t\t\n<style>\n#text-3318020872 {\n  font-size: 1rem;\n}\n@media (min-width:550px) {\n  #text-3318020872 {\n    font-size: 1rem;\n  }\n}\n<\/style>\n\t<\/div>\n\t\n\t<div id=\"gap-1907585233\" class=\"gap-element clearfix\" style=\"display:block; height:auto;\">\n\t\t\n<style>\n#gap-1907585233 {\n  padding-top: 20px;\n}\n<\/style>\n\t<\/div>\n\t\n\n<a href=\"\/hakkimda\/\" class=\"button white is-shade lowercase\" style=\"border-radius:15px;\">\n\t\t<span>\u00c0 propos<\/span>\n\t<\/a>\n\n\n\n\t\t<\/div>\n\t\t\t\t\t<\/div>\n\n\t\n\n<\/div>\n\n\t\t<\/div>\n\t\t\t\t\n<style>\n#col-1763146621 > .col-inner {\n  padding: 30px 15px 1px 15px;\n  border-radius: 20px;\n}\n@media (min-width:550px) {\n  #col-1763146621 > .col-inner {\n    padding: 30px 30px 1px 30px;\n  }\n}\n<\/style>\n\t<\/div>\n\n\t\n\n<\/div>\n\n\t\t<\/div>\n\n\t\t\n<style>\n#section_220201054 {\n  padding-top: 30px;\n  padding-bottom: 30px;\n}\n#section_220201054 .section-bg img {\n  object-position: 0% 50%;\n}\n<\/style>\n\t<\/section>\n\t\n<p>&nbsp;<\/p>\n<h2>Qu\u2019est-ce que la perte auditive&nbsp;?<\/h2>\n<p>La perte auditive est l\u2019incapacit\u00e9 \u00e0 traiter correctement les sons ou une diminution de la sensibilit\u00e9 auditive. Cette situation r\u00e9sulte de divers troubles au niveau de la structure anatomique de l\u2019oreille et des voies auditives. Des alt\u00e9rations fonctionnelles surviennent g\u00e9n\u00e9ralement pour les raisons suivantes&nbsp;:<\/p>\n<ul>\n<li aria-level=\"1\">Probl\u00e8mes anatomiques&nbsp;: anomalies structurelles cong\u00e9nitales, tumeurs b\u00e9nignes ou malignes ou infections et leurs s\u00e9quelles, troubles anatomiques acquis (calcifications, d\u00e9placements, etc.)<\/li>\n<li aria-level=\"1\">Facteurs physiologiques&nbsp;: d\u00e9s\u00e9quilibres des fluides corporels et des \u00e9lectrolytes.<\/li>\n<li aria-level=\"1\">Effets physiques&nbsp;: niveaux sonores \u00e9lev\u00e9s ou variations de pression, traumatismes<\/li>\n<li aria-level=\"1\">Causes chimiques&nbsp;: certains m\u00e9dicaments.<\/li>\n<\/ul>\n<p>La perte auditive est fr\u00e9quente dans la population g\u00e9n\u00e9rale et ne se limite \u00e0 aucun groupe d\u2019\u00e2ge. Elle peut survenir \u00e0 tout moment de la vie pour diverses raisons. L\u2019exposition prolong\u00e9e \u00e0 des niveaux sonores \u00e9lev\u00e9s, les traumatismes, etc., sont d\u2019autres facteurs importants qui d\u00e9clenchent la perte auditive. La perte auditive se d\u00e9finit comme une diminution, partielle ou totale, de la perception des sons. Plus le degr\u00e9 de perte auditive est important, plus le niveau d\u2019atteinte est \u00e9lev\u00e9, ce qui r\u00e9duit la capacit\u00e9 auditive de l\u2019individu.<\/p>\n<h2>Quelles sont les causes de la perte auditive&nbsp;?<\/h2>\n<p>Les l\u00e9sions survenant au niveau des organes de l\u2019audition ou des voies auditives peuvent d\u00e9clencher cette situation. La perte auditive peut parfois \u00eatre li\u00e9e \u00e0 des facteurs g\u00e9n\u00e9tiques&nbsp;: elle est plus fr\u00e9quente chez les personnes ayant des ant\u00e9c\u00e9dents familiaux de probl\u00e8mes auditifs. Avec l\u2019avanc\u00e9e en \u00e2ge, les modifications naturelles de la structure de l\u2019oreille interne peuvent entra\u00eener une perte auditive. De plus, certaines maladies peuvent \u00e9galement affecter la capacit\u00e9 auditive&nbsp;:<\/p>\n<ul>\n<li aria-level=\"1\">Otites moyennes chroniques,<\/li>\n<li aria-level=\"1\">Croissance osseuse anormale dans l\u2019oreille interne,<\/li>\n<li aria-level=\"1\">Troubles de l\u2019oreille interne tels que la maladie de M\u00e9ni\u00e8re.<\/li>\n<\/ul>\n<p>L\u2019exposition \u00e0 des niveaux sonores \u00e9lev\u00e9s peut \u00e9galement acc\u00e9l\u00e9rer la perte auditive. Travailler longtemps dans des environnements bruyants augmente ce risque. Les m\u00e9dicaments et certains traitements m\u00e9dicaux peuvent parfois provoquer une perte auditive. La chimioth\u00e9rapie et certains antibiotiques peuvent endommager les cellules sensorielles.<\/p>\n<h2>Quels sont les types de perte auditive&nbsp;?<\/h2>\n<p>La perte auditive se pr\u00e9sente sous diff\u00e9rentes formes, et chaque type n\u00e9cessite une approche th\u00e9rapeutique diff\u00e9rente. Tout d\u2019abord, la perte auditive de transmission est consid\u00e9r\u00e9e&nbsp;:<\/p>\n<ul>\n<li aria-level=\"1\">Perte auditive de transmission&nbsp;: elle r\u00e9sulte de l\u2019incapacit\u00e9 de l\u2019oreille externe ou moyenne \u00e0 transmettre correctement le son. Des infections de l\u2019oreille ou la pr\u00e9sence de corps \u00e9trangers peuvent \u00eatre \u00e0 l\u2019origine de cette situation. Ce type de perte est g\u00e9n\u00e9ralement trait\u00e9 par des m\u00e9dicaments ou une intervention chirurgicale.<\/li>\n<\/ul>\n<p>Le deuxi\u00e8me type est la perte auditive neurosensorielle&nbsp;:<\/p>\n<ul>\n<li aria-level=\"1\">Perte auditive neurosensorielle&nbsp;: elle survient en raison de l\u00e9sions au niveau de l\u2019oreille interne ou de probl\u00e8mes affectant les nerfs auditifs. Il s\u2019agit du type le plus fr\u00e9quemment observ\u00e9 et il peut \u00eatre d\u00fb \u00e0 des facteurs tels que le vieillissement, l\u2019exposition \u00e0 des sons forts, certaines maladies ou les effets secondaires de certains m\u00e9dicaments.<\/li>\n<\/ul>\n<p>Enfin, il convient de mentionner la perte auditive mixte&nbsp;:<\/p>\n<ul>\n<li aria-level=\"1\">Perte auditive mixte&nbsp;: il s\u2019agit d\u2019une combinaison de perte de transmission et de perte neurosensorielle. Elle se caract\u00e9rise par la coexistence de probl\u00e8mes propres aux deux types.<\/li>\n<\/ul>\n<p>&nbsp;<\/p>\n\n\t<section class=\"section dark\" id=\"section_16629528\">\n\t\t<div class=\"section-bg fill\" >\n\t\t\t\t\t\t\t\t\t\n\t\t\t\n\n\t\t<\/div>\n\n\t\t\n\n\t\t<div class=\"section-content relative\">\n\t\t\t\r\n\r\n\t<div id=\"gap-146537319\" class=\"gap-element clearfix hide-for-medium\" style=\"display:block; height:auto;\">\n\t\t\n<style>\n#gap-146537319 {\n  padding-top: 10px;\n}\n<\/style>\n\t<\/div>\n\t\r\n\r\n<div class=\"row align-middle\"  id=\"row-1955477557\">\r\n\r\n\n\t<div id=\"col-2064007784\" class=\"col medium-6 small-12 large-7\"  >\n\t\t\t\t<div class=\"col-inner\"  >\n\t\t\t\n\t\t\t\r\n\r\n\t<div id=\"text-1394654048\" class=\"text\">\n\t\t\r\n<div><strong>Pour plus d\u2019informations et pour prendre rendez-vous, contactez-nous&nbsp;!<\/strong><\/div>\r\n\t\t\n<style>\n#text-1394654048 {\n  font-size: 1.25rem;\n  text-align: center;\n}\n@media (min-width:850px) {\n  #text-1394654048 {\n    font-size: 1.6rem;\n    text-align: left;\n  }\n}\n<\/style>\n\t<\/div>\n\t\r\n\r\n\t\t<\/div>\n\t\t\t\t\n<style>\n#col-2064007784 > .col-inner {\n  padding: 20px 0px 0px 0px;\n  margin: 0px 0px -10px 0px;\n}\n@media (min-width:550px) {\n  #col-2064007784 > .col-inner {\n    padding: 0px 0px 0px 0px;\n  }\n}\n<\/style>\n\t<\/div>\n\n\t\r\n\n\t<div id=\"col-2028710498\" class=\"col medium-6 small-12 large-5\"  >\n\t\t\t\t<div class=\"col-inner text-center\"  >\n\t\t\t\n\t\t\t\r\n\r\n<a href=\"https:\/\/web.whatsapp.com\/send?phone=905332735670&#038;text=Merhaba%2C%20size%20emelugur.com%20%C3%BCzerinden%20ula%C5%9F%C4%B1yorum.\" class=\"button alert is-small box-shadow-5\" style=\"border-radius:10px;padding:5px 20px 5px 20px;\">\n\t\t<span>Contact WhatsApp<\/span>\n\t<i class=\"icon-whatsapp\" aria-hidden=\"true\"><\/i><\/a>\n\r\n\r\n\t\t<\/div>\n\t\t\t\t\n<style>\n#col-2028710498 > .col-inner {\n  padding: 20px 0px 0px 0px;\n}\n<\/style>\n\t<\/div>\n\n\t\r\n\r\n<\/div>\r\n\r\n\t\t<\/div>\n\n\t\t\n<style>\n#section_16629528 {\n  padding-top: 0px;\n  padding-bottom: 0px;\n  background-color: #00a2e9;\n}\n<\/style>\n\t<\/section>\n\t\r\n\t<div id=\"gap-1017574638\" class=\"gap-element clearfix\" style=\"display:block; height:auto;\">\n\t\t\n<style>\n#gap-1017574638 {\n  padding-top: 20px;\n}\n<\/style>\n\t<\/div>\n\t\r\n\n<p>&nbsp;<\/p>\n<h2>Comment la perte auditive est-elle diagnostiqu\u00e9e&nbsp;?<\/h2>\n<p>La premi\u00e8re \u00e9tape est un examen clinique d\u00e9taill\u00e9. Au cours de ce processus, les sp\u00e9cialistes ORL r\u00e9alisent un examen physique et, en cas de pr\u00e9sence de c\u00e9rumen susceptible d\u2019interf\u00e9rer avec les tests, ils le retirent en proc\u00e9dant \u00e0 une aspiration. Certains des \u00e9l\u00e9ments pris en compte lors de l\u2019examen otoscopique sont les suivants&nbsp;:<\/p>\n<ul>\n<li aria-level=\"1\">C\u00e9rumen adh\u00e9rant \u00e0 la membrane tympanique,<\/li>\n<li aria-level=\"1\">Corps \u00e9trangers dans le conduit auditif,<\/li>\n<li aria-level=\"1\">Inflammation du tympan ou du conduit auditif externe,<\/li>\n<li aria-level=\"1\">Perforations du tympan ou pr\u00e9sence de liquide inflammatoire accumul\u00e9 derri\u00e8re le tympan.<\/li>\n<\/ul>\n<p>\u00c0 la suite de ces observations, divers tests auditifs sont effectu\u00e9s pour d\u00e9terminer le degr\u00e9 et le type de perte auditive. Ces tests comprennent&nbsp;:<\/p>\n<ul>\n<li aria-level=\"1\">Audiom\u00e9trie tonale,<\/li>\n<li aria-level=\"1\">Audiom\u00e9trie vocale,<\/li>\n<li aria-level=\"1\">Tympanom\u00e9trie,<\/li>\n<li aria-level=\"1\">Tests de r\u00e9flexe acoustique,<\/li>\n<li aria-level=\"1\">\u00c9missions otoacoustiques, etc.<\/li>\n<\/ul>\n<p>Gr\u00e2ce \u00e0 ces tests, la conduction a\u00e9rienne et osseuse, les niveaux de compr\u00e9hension de la parole, la pression de l\u2019oreille moyenne et les r\u00e9ponses acoustiques du muscle stap\u00e9dien sont \u00e9valu\u00e9s.<\/p>\n<h2>Quelles sont les causes de la surdit\u00e9 brusque&nbsp;?<\/h2>\n<p>La surdit\u00e9 brusque survient g\u00e9n\u00e9ralement \u00e0 la suite d\u2019une exposition \u00e0 des sons de forte intensit\u00e9. Ces sons peuvent provenir de sources telles que des machines lourdes, des concerts ou des tirs d\u2019armes \u00e0 feu. De nombreux facteurs, tels que des infections ou des troubles m\u00e9taboliques, peuvent conduire \u00e0 une surdit\u00e9 brusque. Cependant, la cause n\u2019est pas toujours identifiable&nbsp;; elle peut parfois rester inconnue. Les sympt\u00f4mes de la surdit\u00e9 brusque apparaissent rapidement et peuvent parfois entra\u00eener des dommages permanents. C\u2019est pourquoi elle est consid\u00e9r\u00e9e comme une urgence audiologique. D\u2019un autre c\u00f4t\u00e9, certains cas entra\u00eenent une perte auditive temporaire et peuvent s\u2019am\u00e9liorer avec une prise en charge appropri\u00e9e.<\/p>\n<p>Les causes fr\u00e9quentes de surdit\u00e9 brusque sont les suivantes&nbsp;:<\/p>\n<ul>\n<li aria-level=\"1\">\u00c9coute de musique \u00e0 volume \u00e9lev\u00e9<\/li>\n<li aria-level=\"1\">Utilisation de machines lourdes<\/li>\n<li aria-level=\"1\">Utilisation d\u2019armes \u00e0 feu<\/li>\n<li aria-level=\"1\">Tumeurs<\/li>\n<li aria-level=\"1\">Infections<\/li>\n<\/ul>\n<h2>Un traitement chirurgical de la perte auditive est-il possible&nbsp;?<\/h2>\n<p>Tous les types de perte auditive n\u2019ont pas de solution m\u00e9dicale ou chirurgicale. Cependant, dans les cas de perte de fonction des osselets de l\u2019oreille moyenne (en raison de calcification, de d\u00e9placement), des proth\u00e8ses passives de l\u2019oreille moyenne peuvent \u00eatre mises en place. Cette m\u00e9thode est particuli\u00e8rement privil\u00e9gi\u00e9e lorsque le marteau, l\u2019enclume et l\u2019\u00e9trier sont endommag\u00e9s par une infection ou une calcification. Dans les pertes auditives neurosensorielles, le traitement principal repose sur l\u2019utilisation d\u2019aides auditives. En cas de perte auditive avanc\u00e9e ou profonde, diverses m\u00e9thodes d\u2019implantation, \u00e0 commencer par les implants cochl\u00e9aires, sont utilis\u00e9es. La mise en place d\u2019un implant qui transmet directement le son au nerf auditif peut am\u00e9liorer de mani\u00e8re significative la fonction auditive.<\/p>\n<h2>Quelles mesures peuvent \u00eatre prises pour pr\u00e9venir la perte auditive&nbsp;?<\/h2>\n<p>Le bruit est l\u2019une des plus grandes menaces pour la sant\u00e9 auditive. Il est donc tr\u00e8s efficace d\u2019utiliser des protections auditives dans les environnements bruyants. De plus, il est b\u00e9n\u00e9fique d\u2019\u00e9viter autant que possible les lieux et les \u00e9tablissements o\u00f9 la musique est tr\u00e8s forte.<\/p>\n<ul>\n<li aria-level=\"1\">Utilisez des protections auditives dans les lieux bruyants.<\/li>\n<li aria-level=\"1\">\u00c9loignez-vous des lieux et \u00e9tablissements tr\u00e8s bruyants.<\/li>\n<li aria-level=\"1\">En cas d\u2019acouph\u00e8nes apr\u00e8s une exposition au bruit, consultez imp\u00e9rativement un h\u00f4pital et faites r\u00e9aliser une \u00e9valuation audiologique.<\/li>\n<li aria-level=\"1\">Effectuez des tests auditifs \u00e0 intervalles r\u00e9guliers.<\/li>\n<\/ul>\n<h2>Questions fr\u00e9quemment pos\u00e9es<\/h2>\n<p><img decoding=\"async\" src=\"https:\/\/emelugur.com\/wp-content\/uploads\/2024\/07\/emelugur.jpg\" alt=\"\" width=\"1600\" height=\"400\" title=\"\"><\/p>\n<p><strong>Quel type de perte auditive ne peut pas \u00eatre trait\u00e9&nbsp;?<\/strong><\/p>\n<p>Les pertes auditives neurosensorielles (nerveuses) ne peuvent pas \u00eatre trait\u00e9es m\u00e9dicalement. Dans ces types de perte auditive, il existe une l\u00e9sion permanente irr\u00e9versible des cellules cili\u00e9es de l\u2019oreille interne. Comme les cellules nerveuses ne peuvent pas se r\u00e9g\u00e9n\u00e9rer, il n\u2019existe aucun traitement pour ces formes de perte auditive. Cependant, les probl\u00e8mes secondaires r\u00e9sultant de la perte auditive peuvent \u00eatre pris en charge gr\u00e2ce aux aides auditives et aux implants. La gamme des causes de la perte auditive neurosensorielle est large&nbsp;; elle peut \u00eatre d\u2019origine g\u00e9n\u00e9tique, r\u00e9sulter d\u2019infections virales, de traumatismes acoustiques, de traumatismes cr\u00e2niens, de m\u00e9dicaments ou de pathologies chroniques de l\u2019oreille interne telles que la maladie de M\u00e9ni\u00e8re. Les modifications li\u00e9es \u00e0 l\u2019\u00e2ge, \u00e0 elles seules, peuvent \u00e9galement \u00eatre une cause directe de perte auditive.<\/p>\n<p><strong>La perte auditive peut-elle \u00eatre stopp\u00e9e&nbsp;?<\/strong><\/p>\n<p>Dans les pertes auditives li\u00e9es au bruit, en particulier dans les d\u00e9placements temporaires du seuil auditif, dans les surdit\u00e9s brusques et aux premiers stades de l\u2019hydrops endolymphatique\/de la maladie de M\u00e9ni\u00e8re, lorsqu\u2019un traitement est instaur\u00e9 dans les 72 heures suivant l\u2019apparition de la perte auditive, il est parfois possible de r\u00e9cup\u00e9rer l\u2019audition. Toutefois, cela ne s\u2019applique pas \u00e0 tous les types de perte auditive.<\/p>\n<p>M\u00eame lorsque la progression de la perte auditive ne peut pas \u00eatre emp\u00each\u00e9e, la mise en place pr\u00e9coce d\u2019une aide auditive contribue \u00e0 pr\u00e9server les capacit\u00e9s de traitement auditif de la personne. Ainsi, m\u00eame si la perte auditive s\u2019aggrave, la capacit\u00e9 \u00e0 comprendre ce qui est entendu continue d\u2019\u00eatre maintenue. Plus t\u00f4t l\u2019utilisation d\u2019une aide auditive est commenc\u00e9e, moindres sont les effets cognitifs et psychosociaux&nbsp;; il ne s\u2019agit pas seulement de \u00ab&nbsp;sauver la situation&nbsp;\u00bb \u00e0 court terme, mais de r\u00e9aliser des investissements \u00e0 long terme.<\/p>\n<p><strong>Quel est le niveau en d\u00e9cibels correspondant \u00e0 une perte auditive de 40&nbsp;%&nbsp;?<\/strong><\/p>\n<p>Comme l\u2019intensit\u00e9 sonore est une variable logarithmique, la perte auditive ne peut pas \u00eatre mesur\u00e9e en pourcentage. Par cons\u00e9quent, les classifications internationales utilis\u00e9es dans le monde entier d\u00e9finissent le degr\u00e9 de perte auditive comme \u00ab&nbsp;tr\u00e8s l\u00e9g\u00e8re, l\u00e9g\u00e8re, mod\u00e9r\u00e9e, moyennement s\u00e9v\u00e8re, s\u00e9v\u00e8re et profonde&nbsp;\u00bb. Bien que des approximations comme 40&nbsp;%\u201360&nbsp;% puissent \u00eatre utilis\u00e9es pour faciliter la compr\u00e9hension des patients, la perte auditive n\u2019est jamais \u00e9valu\u00e9e en pourcentage dans les rapports m\u00e9dicaux officiels ou les plateformes acad\u00e9miques.<\/p>\n<p>Lors de l\u2019\u00e9valuation de la perte auditive, on calcule la moyenne arithm\u00e9tique du niveau minimal d\u2019audition (seuils auditifs) du patient. Ce calcul permet de d\u00e9terminer approximativement le degr\u00e9 de perte auditive. De plus, la configuration audiom\u00e9trique, qui indique \u00e0 quelle fr\u00e9quence et \u00e0 quel niveau la perte auditive se produit, aide \u00e0 analyser le handicap auditif associ\u00e9 \u00e0 la perte auditive.<\/p>\n<p><strong>\u00c0 partir de quel niveau de perte auditive une aide auditive est-elle prescrite&nbsp;?<\/strong><\/p>\n<p>Les effets de la perte auditive sont individuels. Les r\u00e9sultats du test auditif du patient ne sont pas le seul \u00e9l\u00e9ment d\u00e9terminant. En outre, l\u2019\u00e2ge du patient, son d\u00e9veloppement cognitif, ses performances scolaires et sa vie sociale sont pris en compte lors de la prescription d\u2019une aide auditive.<\/p>\n<p>Contrairement aux id\u00e9es re\u00e7ues, l\u2019utilisation d\u2019une aide auditive en cas de perte auditive l\u00e9g\u00e8re ne l\u2019aggrave pas. Si la perte auditive doit progresser, elle progressera, et cela ne peut \u00eatre emp\u00each\u00e9. Pour pr\u00e9venir et\/ou r\u00e9duire ses effets, une aide auditive est prescrite m\u00eame en cas de perte auditive l\u00e9g\u00e8re.<\/p>\n<p>Chez les nourrissons et les enfants pr\u00e9sentant une perte auditive, si celle-ci est permanente, une aide auditive est imm\u00e9diatement fournie. Cela permet au d\u00e9veloppement du langage de se poursuivre en parall\u00e8le avec celui de leurs pairs. Chez l\u2019enfant, puisqu\u2019un apprentissage ad\u00e9quat ne peut pas avoir lieu sans audition, une aide auditive est prescrite en fonction de ses performances scolaires. Une aide auditive est essentielle pour que nos nourrissons et nos enfants puissent atteindre leur plein potentiel. Si nous souhaitons \u00e9lever des enfants autonomes, capables de s\u2019exprimer correctement et efficacement, les aides auditives doivent \u00eatre fournies d\u00e8s que la perte auditive est d\u00e9tect\u00e9e.<\/p>\n<p>\u00c0 l\u2019\u00e2ge adulte, la perte auditive peut survenir pour de nombreuses raisons. On pense souvent qu\u2019une perte auditive l\u00e9g\u00e8re ne n\u00e9cessite pas d\u2019aide auditive&nbsp;; toutefois, il faut garder \u00e0 l\u2019esprit que la plupart des tests audiologiques sont r\u00e9alis\u00e9s dans le silence. La vie r\u00e9elle est bruyante. Par cons\u00e9quent, les r\u00e9sultats des tests refl\u00e8tent des conditions d\u2019audition optimales. En fonction de diverses caract\u00e9ristiques, y compris la configuration audiom\u00e9trique, une aide auditive peut \u00eatre prescrite m\u00eame en cas de perte auditive l\u00e9g\u00e8re.<\/p>\n<p>Il est incontestable que si la perte auditive est mod\u00e9r\u00e9e ou plus importante, la personne ne peut pas entendre les conversations de la vie quotidienne. Dans ce cas, l\u2019utilisation d\u2019une aide auditive est instaur\u00e9e imm\u00e9diatement.<\/p>\n<p><strong>Peut-on prendre sa retraite en raison d\u2019une perte auditive&nbsp;?<\/strong><\/p>\n<p>Il est possible de prendre sa retraite en raison d\u2019une perte auditive, mais certaines conditions sp\u00e9cifiques doivent \u00eatre remplies. La perte auditive doit \u00eatre \u00e0 un niveau tr\u00e8s avanc\u00e9 et ne pas \u00eatre corrigeable par la chirurgie ou les aides auditives. Des rapports m\u00e9dicaux doivent confirmer cette situation. De plus, un taux d\u2019invalidit\u00e9 de 40&nbsp;% ou plus est requis. Une fois le rapport d\u2019invalidit\u00e9 obtenu, il est possible de demander une retraite pour invalidit\u00e9. Les rapports et le taux d\u2019invalidit\u00e9 qui y est indiqu\u00e9 ont une grande importance dans ce processus.<\/p>\n\t\t<\/div>\n\t\t\t\t\t<\/div>\n\n\t\n\n\t<div id=\"col-424010616\" class=\"col small-12 large-12\"  >\n\t\t\t\t<div class=\"col-inner\"  >\n\t\t\t\n\t\t\t\n\t<div id=\"text-737232091\" class=\"text\">\n\t\t\n<h2>Articles de blog<\/h2>\n\t\t\n<style>\n#text-737232091 {\n  text-align: center;\n}\n<\/style>\n\t<\/div>\n\t\n\n  \n    <div class=\"row large-columns-3 medium-columns-1 small-columns-1 slider row-slider slider-nav-reveal slider-nav-push\"  data-flickity-options='{&quot;imagesLoaded&quot;: true, &quot;groupCells&quot;: &quot;100%&quot;, &quot;dragThreshold&quot; : 5, &quot;cellAlign&quot;: &quot;left&quot;,&quot;wrapAround&quot;: true,&quot;prevNextButtons&quot;: true,&quot;percentPosition&quot;: true,&quot;pageDots&quot;: false, &quot;rightToLeft&quot;: false, &quot;autoPlay&quot; : false}' >\n\n  <div class=\"col post-item\" >\n\t\t\t<div class=\"col-inner\">\n\t\t\t\t<div class=\"box box-default box-text-bottom box-blog-post has-hover\">\n            \t\t\t\t\t<div class=\"box-image\" >\n  \t\t\t\t\t\t<div class=\"image-cover\" style=\"padding-top:56.25%;\">\n\t\t\t\t\t\t\t<a href=\"https:\/\/emelugur.com\/fr\/vemp\/\" class=\"plain\" aria-label=\"VEMP\">\n\t\t\t\t\t\t\t\t<img decoding=\"async\" width=\"800\" height=\"351\" src=\"https:\/\/emelugur.com\/wp-content\/uploads\/2024\/12\/VEMP-800x351.jpg\" class=\"attachment-medium size-medium wp-post-image\" alt=\"\" srcset=\"https:\/\/emelugur.com\/wp-content\/uploads\/2024\/12\/VEMP-800x351.jpg 800w, https:\/\/emelugur.com\/wp-content\/uploads\/2024\/12\/VEMP-768x337.jpg 768w, https:\/\/emelugur.com\/wp-content\/uploads\/2024\/12\/VEMP.jpg 1140w\" sizes=\"(max-width: 800px) 100vw, 800px\" title=\"\">\t\t\t\t\t\t\t<\/a>\n  \t\t\t\t\t\t\t  \t\t\t\t\t\t\t  \t\t\t\t\t\t<\/div>\n  \t\t\t\t\t\t  \t\t\t\t\t<\/div>\n          \t\t\t\t\t<div class=\"box-text text-center\" >\n\t\t\t\t\t<div class=\"box-text-inner blog-post-inner\">\n\n\t\t\t\t\t\n\t\t\t\t\t\t\t\t\t\t<h5 class=\"post-title is-large \">\n\t\t\t\t\t\t<a href=\"https:\/\/emelugur.com\/fr\/vemp\/\" class=\"plain\">VEMP<\/a>\n\t\t\t\t\t<\/h5>\n\t\t\t\t\t\t\t\t\t\t<div class=\"is-divider\"><\/div>\n\t\t\t\t\t                    \n\t\t\t\t\t\t\t\t\t\t\t<a href=\"https:\/\/emelugur.com\/fr\/vemp\/\" class=\"button primary is-outline is-small mb-0\">\n\t\t\t\t\t\t\tLire la suite\t\t\t\t\t\t<\/a>\n\t\t\t\t\t\n\t\t\t\t\t\n\t\t\t\t\t<\/div>\n\t\t\t\t\t<\/div>\n\t\t\t\t\t\t\t\t\t\t\t\t\t\t\t\t<div class=\"badge absolute top post-date badge-outline\">\n\t\t\t\t\t\t\t<div class=\"badge-inner\">\n\t\t\t\t\t\t\t\t<span class=\"post-date-day\">23<\/span><br>\n\t\t\t\t\t\t\t\t<span class=\"post-date-month is-xsmall\">D\u00e9c<\/span>\n\t\t\t\t\t\t\t<\/div>\n\t\t\t\t\t\t<\/div>\n\t\t\t\t\t\t\t\t\t<\/div>\n\t\t\t<\/div>\n\t\t<\/div><div class=\"col post-item\" >\n\t\t\t<div class=\"col-inner\">\n\t\t\t\t<div class=\"box box-default box-text-bottom box-blog-post has-hover\">\n            \t\t\t\t\t<div class=\"box-image\" >\n  \t\t\t\t\t\t<div class=\"image-cover\" style=\"padding-top:56.25%;\">\n\t\t\t\t\t\t\t<a href=\"https:\/\/emelugur.com\/fr\/test-calorique\/\" class=\"plain\" aria-label=\"Test calorique\">\n\t\t\t\t\t\t\t\t<img decoding=\"async\" width=\"800\" height=\"351\" src=\"https:\/\/emelugur.com\/wp-content\/uploads\/2024\/12\/Kalorik-Test-800x351.jpg\" class=\"attachment-medium size-medium wp-post-image\" alt=\"\" srcset=\"https:\/\/emelugur.com\/wp-content\/uploads\/2024\/12\/Kalorik-Test-800x351.jpg 800w, https:\/\/emelugur.com\/wp-content\/uploads\/2024\/12\/Kalorik-Test-768x337.jpg 768w, https:\/\/emelugur.com\/wp-content\/uploads\/2024\/12\/Kalorik-Test.jpg 1140w\" sizes=\"(max-width: 800px) 100vw, 800px\" title=\"\">\t\t\t\t\t\t\t<\/a>\n  \t\t\t\t\t\t\t  \t\t\t\t\t\t\t  \t\t\t\t\t\t<\/div>\n  \t\t\t\t\t\t  \t\t\t\t\t<\/div>\n          \t\t\t\t\t<div class=\"box-text text-center\" >\n\t\t\t\t\t<div class=\"box-text-inner blog-post-inner\">\n\n\t\t\t\t\t\n\t\t\t\t\t\t\t\t\t\t<h5 class=\"post-title is-large \">\n\t\t\t\t\t\t<a href=\"https:\/\/emelugur.com\/fr\/test-calorique\/\" class=\"plain\">Test calorique<\/a>\n\t\t\t\t\t<\/h5>\n\t\t\t\t\t\t\t\t\t\t<div class=\"is-divider\"><\/div>\n\t\t\t\t\t                    \n\t\t\t\t\t\t\t\t\t\t\t<a href=\"https:\/\/emelugur.com\/fr\/test-calorique\/\" class=\"button primary is-outline is-small mb-0\">\n\t\t\t\t\t\t\tLire la suite\t\t\t\t\t\t<\/a>\n\t\t\t\t\t\n\t\t\t\t\t\n\t\t\t\t\t<\/div>\n\t\t\t\t\t<\/div>\n\t\t\t\t\t\t\t\t\t\t\t\t\t\t\t\t<div class=\"badge absolute top post-date badge-outline\">\n\t\t\t\t\t\t\t<div class=\"badge-inner\">\n\t\t\t\t\t\t\t\t<span class=\"post-date-day\">23<\/span><br>\n\t\t\t\t\t\t\t\t<span class=\"post-date-month is-xsmall\">D\u00e9c<\/span>\n\t\t\t\t\t\t\t<\/div>\n\t\t\t\t\t\t<\/div>\n\t\t\t\t\t\t\t\t\t<\/div>\n\t\t\t<\/div>\n\t\t<\/div><div class=\"col post-item\" >\n\t\t\t<div class=\"col-inner\">\n\t\t\t\t<div class=\"box box-default box-text-bottom box-blog-post has-hover\">\n            \t\t\t\t\t<div class=\"box-image\" >\n  \t\t\t\t\t\t<div class=\"image-cover\" style=\"padding-top:56.25%;\">\n\t\t\t\t\t\t\t<a href=\"https:\/\/emelugur.com\/fr\/audiometrie-tonale-liminaire\/\" class=\"plain\" aria-label=\"Audiom\u00e9trie tonale liminaire\">\n\t\t\t\t\t\t\t\t<img decoding=\"async\" width=\"800\" height=\"351\" src=\"https:\/\/emelugur.com\/wp-content\/uploads\/2024\/12\/Saf-Ses-Odyometrisi-800x351.jpg\" class=\"attachment-medium size-medium wp-post-image\" alt=\"\" srcset=\"https:\/\/emelugur.com\/wp-content\/uploads\/2024\/12\/Saf-Ses-Odyometrisi-800x351.jpg 800w, https:\/\/emelugur.com\/wp-content\/uploads\/2024\/12\/Saf-Ses-Odyometrisi-768x337.jpg 768w, https:\/\/emelugur.com\/wp-content\/uploads\/2024\/12\/Saf-Ses-Odyometrisi.jpg 1140w\" sizes=\"(max-width: 800px) 100vw, 800px\" title=\"\">\t\t\t\t\t\t\t<\/a>\n  \t\t\t\t\t\t\t  \t\t\t\t\t\t\t  \t\t\t\t\t\t<\/div>\n  \t\t\t\t\t\t  \t\t\t\t\t<\/div>\n          \t\t\t\t\t<div class=\"box-text text-center\" >\n\t\t\t\t\t<div class=\"box-text-inner blog-post-inner\">\n\n\t\t\t\t\t\n\t\t\t\t\t\t\t\t\t\t<h5 class=\"post-title is-large \">\n\t\t\t\t\t\t<a href=\"https:\/\/emelugur.com\/fr\/audiometrie-tonale-liminaire\/\" class=\"plain\">Audiom\u00e9trie tonale liminaire<\/a>\n\t\t\t\t\t<\/h5>\n\t\t\t\t\t\t\t\t\t\t<div class=\"is-divider\"><\/div>\n\t\t\t\t\t                    \n\t\t\t\t\t\t\t\t\t\t\t<a href=\"https:\/\/emelugur.com\/fr\/audiometrie-tonale-liminaire\/\" class=\"button primary is-outline is-small mb-0\">\n\t\t\t\t\t\t\tLire la suite\t\t\t\t\t\t<\/a>\n\t\t\t\t\t\n\t\t\t\t\t\n\t\t\t\t\t<\/div>\n\t\t\t\t\t<\/div>\n\t\t\t\t\t\t\t\t\t\t\t\t\t\t\t\t<div class=\"badge absolute top post-date badge-outline\">\n\t\t\t\t\t\t\t<div class=\"badge-inner\">\n\t\t\t\t\t\t\t\t<span class=\"post-date-day\">23<\/span><br>\n\t\t\t\t\t\t\t\t<span class=\"post-date-month is-xsmall\">D\u00e9c<\/span>\n\t\t\t\t\t\t\t<\/div>\n\t\t\t\t\t\t<\/div>\n\t\t\t\t\t\t\t\t\t<\/div>\n\t\t\t<\/div>\n\t\t<\/div><div class=\"col post-item\" >\n\t\t\t<div class=\"col-inner\">\n\t\t\t\t<div class=\"box box-default box-text-bottom box-blog-post has-hover\">\n            \t\t\t\t\t<div class=\"box-image\" >\n  \t\t\t\t\t\t<div class=\"image-cover\" style=\"padding-top:56.25%;\">\n\t\t\t\t\t\t\t<a href=\"https:\/\/emelugur.com\/fr\/analyse-immittancemetrique\/\" class=\"plain\" aria-label=\"Analyse immittancem\u00e9trique\">\n\t\t\t\t\t\t\t\t<img decoding=\"async\" width=\"800\" height=\"351\" src=\"https:\/\/emelugur.com\/wp-content\/uploads\/2024\/12\/Immitansmetrik-Inceleme-800x351.jpg\" class=\"attachment-medium size-medium wp-post-image\" alt=\"\" srcset=\"https:\/\/emelugur.com\/wp-content\/uploads\/2024\/12\/Immitansmetrik-Inceleme-800x351.jpg 800w, https:\/\/emelugur.com\/wp-content\/uploads\/2024\/12\/Immitansmetrik-Inceleme-768x337.jpg 768w, https:\/\/emelugur.com\/wp-content\/uploads\/2024\/12\/Immitansmetrik-Inceleme.jpg 1140w\" sizes=\"(max-width: 800px) 100vw, 800px\" title=\"\">\t\t\t\t\t\t\t<\/a>\n  \t\t\t\t\t\t\t  \t\t\t\t\t\t\t  \t\t\t\t\t\t<\/div>\n  \t\t\t\t\t\t  \t\t\t\t\t<\/div>\n          \t\t\t\t\t<div class=\"box-text text-center\" >\n\t\t\t\t\t<div class=\"box-text-inner blog-post-inner\">\n\n\t\t\t\t\t\n\t\t\t\t\t\t\t\t\t\t<h5 class=\"post-title is-large \">\n\t\t\t\t\t\t<a href=\"https:\/\/emelugur.com\/fr\/analyse-immittancemetrique\/\" class=\"plain\">Analyse immittancem\u00e9trique<\/a>\n\t\t\t\t\t<\/h5>\n\t\t\t\t\t\t\t\t\t\t<div class=\"is-divider\"><\/div>\n\t\t\t\t\t                    \n\t\t\t\t\t\t\t\t\t\t\t<a href=\"https:\/\/emelugur.com\/fr\/analyse-immittancemetrique\/\" class=\"button primary is-outline is-small mb-0\">\n\t\t\t\t\t\t\tLire la suite\t\t\t\t\t\t<\/a>\n\t\t\t\t\t\n\t\t\t\t\t\n\t\t\t\t\t<\/div>\n\t\t\t\t\t<\/div>\n\t\t\t\t\t\t\t\t\t\t\t\t\t\t\t\t<div class=\"badge absolute top post-date badge-outline\">\n\t\t\t\t\t\t\t<div class=\"badge-inner\">\n\t\t\t\t\t\t\t\t<span class=\"post-date-day\">23<\/span><br>\n\t\t\t\t\t\t\t\t<span class=\"post-date-month is-xsmall\">D\u00e9c<\/span>\n\t\t\t\t\t\t\t<\/div>\n\t\t\t\t\t\t<\/div>\n\t\t\t\t\t\t\t\t\t<\/div>\n\t\t\t<\/div>\n\t\t<\/div><div class=\"col post-item\" >\n\t\t\t<div class=\"col-inner\">\n\t\t\t\t<div class=\"box box-default box-text-bottom box-blog-post has-hover\">\n            \t\t\t\t\t<div class=\"box-image\" >\n  \t\t\t\t\t\t<div class=\"image-cover\" style=\"padding-top:56.25%;\">\n\t\t\t\t\t\t\t<a href=\"https:\/\/emelugur.com\/fr\/perte-auditive-chez-les-jeunes-adultes\/\" class=\"plain\" aria-label=\"Perte auditive chez les jeunes adultes\">\n\t\t\t\t\t\t\t\t<img decoding=\"async\" width=\"711\" height=\"400\" src=\"https:\/\/emelugur.com\/wp-content\/uploads\/2024\/06\/genclerde-isitme-kaybi-711x400.jpg\" class=\"attachment-medium size-medium wp-post-image\" alt=\"gen\u00e7lerde i\u015fitme kayb\u0131\" srcset=\"https:\/\/emelugur.com\/wp-content\/uploads\/2024\/06\/genclerde-isitme-kaybi-711x400.jpg 711w, https:\/\/emelugur.com\/wp-content\/uploads\/2024\/06\/genclerde-isitme-kaybi-1400x788.jpg 1400w, https:\/\/emelugur.com\/wp-content\/uploads\/2024\/06\/genclerde-isitme-kaybi-768x432.jpg 768w, https:\/\/emelugur.com\/wp-content\/uploads\/2024\/06\/genclerde-isitme-kaybi-1536x864.jpg 1536w, https:\/\/emelugur.com\/wp-content\/uploads\/2024\/06\/genclerde-isitme-kaybi.jpg 1600w\" sizes=\"(max-width: 711px) 100vw, 711px\" title=\"\">\t\t\t\t\t\t\t<\/a>\n  \t\t\t\t\t\t\t  \t\t\t\t\t\t\t  \t\t\t\t\t\t<\/div>\n  \t\t\t\t\t\t  \t\t\t\t\t<\/div>\n          \t\t\t\t\t<div class=\"box-text text-center\" >\n\t\t\t\t\t<div class=\"box-text-inner blog-post-inner\">\n\n\t\t\t\t\t\n\t\t\t\t\t\t\t\t\t\t<h5 class=\"post-title is-large \">\n\t\t\t\t\t\t<a href=\"https:\/\/emelugur.com\/fr\/perte-auditive-chez-les-jeunes-adultes\/\" class=\"plain\">Perte auditive chez les jeunes adultes<\/a>\n\t\t\t\t\t<\/h5>\n\t\t\t\t\t\t\t\t\t\t<div class=\"is-divider\"><\/div>\n\t\t\t\t\t                    \n\t\t\t\t\t\t\t\t\t\t\t<a href=\"https:\/\/emelugur.com\/fr\/perte-auditive-chez-les-jeunes-adultes\/\" class=\"button primary is-outline is-small mb-0\">\n\t\t\t\t\t\t\tLire la suite\t\t\t\t\t\t<\/a>\n\t\t\t\t\t\n\t\t\t\t\t\n\t\t\t\t\t<\/div>\n\t\t\t\t\t<\/div>\n\t\t\t\t\t\t\t\t\t\t\t\t\t\t\t\t<div class=\"badge absolute top post-date badge-outline\">\n\t\t\t\t\t\t\t<div class=\"badge-inner\">\n\t\t\t\t\t\t\t\t<span class=\"post-date-day\">18<\/span><br>\n\t\t\t\t\t\t\t\t<span class=\"post-date-month is-xsmall\">Juin<\/span>\n\t\t\t\t\t\t\t<\/div>\n\t\t\t\t\t\t<\/div>\n\t\t\t\t\t\t\t\t\t<\/div>\n\t\t\t<\/div>\n\t\t<\/div><\/div>\n\t\t<\/div>\n\t\t\t\t\t<\/div>\n\n\t\n<\/div>\n\t\t<\/div>\n\t\t\t\t\t<\/div>\n\n\t\n<\/div>\n\t\t<\/div>\n\n\t\t\n<style>\n#section_260855281 {\n  padding-top: 30px;\n  padding-bottom: 30px;\n}\n<\/style>\n\t<\/section>\n\t\n<div style='text-align:center' class='yasr-auto-insert-visitor'><\/div>","protected":false},"excerpt":{"rendered":"","protected":false},"author":1,"featured_media":3405,"parent":3396,"menu_order":0,"comment_status":"closed","ping_status":"closed","template":"page-blank.php","meta":{"yasr_overall_rating":0,"yasr_post_is_review":"","yasr_auto_insert_disabled":"","yasr_review_type":"","footnotes":""},"class_list":["post-3406","page","type-page","status-publish","has-post-thumbnail","hentry"],"yasr_visitor_votes":{"stars_attributes":{"read_only":false,"span_bottom":false},"number_of_votes":0,"sum_votes":0},"_links":{"self":[{"href":"https:\/\/emelugur.com\/fr\/wp-json\/wp\/v2\/pages\/3406","targetHints":{"allow":["GET"]}}],"collection":[{"href":"https:\/\/emelugur.com\/fr\/wp-json\/wp\/v2\/pages"}],"about":[{"href":"https:\/\/emelugur.com\/fr\/wp-json\/wp\/v2\/types\/page"}],"author":[{"embeddable":true,"href":"https:\/\/emelugur.com\/fr\/wp-json\/wp\/v2\/users\/1"}],"replies":[{"embeddable":true,"href":"https:\/\/emelugur.com\/fr\/wp-json\/wp\/v2\/comments?post=3406"}],"version-history":[{"count":3,"href":"https:\/\/emelugur.com\/fr\/wp-json\/wp\/v2\/pages\/3406\/revisions"}],"predecessor-version":[{"id":3431,"href":"https:\/\/emelugur.com\/fr\/wp-json\/wp\/v2\/pages\/3406\/revisions\/3431"}],"up":[{"embeddable":true,"href":"https:\/\/emelugur.com\/fr\/wp-json\/wp\/v2\/pages\/3396"}],"wp:featuredmedia":[{"embeddable":true,"href":"https:\/\/emelugur.com\/fr\/wp-json\/wp\/v2\/media\/3405"}],"wp:attachment":[{"href":"https:\/\/emelugur.com\/fr\/wp-json\/wp\/v2\/media?parent=3406"}],"curies":[{"name":"wp","href":"https:\/\/api.w.org\/{rel}","templated":true}]}}