{"id":3421,"date":"2024-06-24T10:07:07","date_gmt":"2024-06-24T10:07:07","guid":{"rendered":"https:\/\/emelugur.com\/?page_id=3421"},"modified":"2025-11-20T12:22:48","modified_gmt":"2025-11-20T12:22:48","slug":"perte-auditive-due-au-bruit","status":"publish","type":"page","link":"https:\/\/emelugur.com\/fr\/audition\/perte-auditive-due-au-bruit\/","title":{"rendered":"Perte auditive due au bruit"},"content":{"rendered":"\n\t<section class=\"section\" id=\"section_634348262\">\n\t\t<div class=\"section-bg fill\" >\n\t\t\t<img decoding=\"async\" width=\"1920\" height=\"1280\" src=\"https:\/\/emelugur.com\/wp-content\/uploads\/2024\/06\/Gurultuye-Bagli-Isitme-Kaybi.jpg\" class=\"bg attachment-2048x2048 size-2048x2048\" alt=\"\" title=\"\">\t\t\t\t\t\t\n\t\t\t\n\n\t\t<\/div>\n\n\t\t\n\n\t\t<div class=\"section-content relative\">\n\t\t\t\n<div class=\"row\"  id=\"row-258509571\">\n\n\t<div id=\"col-1996202245\" class=\"col hide-for-small medium-6 small-12 large-6\"  >\n\t\t\t\t<div class=\"col-inner text-left\" style=\"background-color:rgba(255, 255, 255, 0.7);\" >\n\t\t\t\n\t\t\t\n  <div id=\"page-header-172039238\" class=\"page-header-wrapper\">\n  <div class=\"page-title light simple-title\">\n\n    \n    <div class=\"page-title-inner container align-center text-center flex-row-col medium-flex-wrap\" >\n              <div class=\"title-wrapper is-xlarge flex-col\">\n          <h1 class=\"entry-title mb-0\">\n            Qu'est-ce que la perte auditive due au bruit et quelles en sont les causes ?          <\/h1>\n        <\/div>\n                    <div class=\"title-content flex-col\">\n        <div class=\"title-breadcrumbs pb-half pt-half\"><\/div>      <\/div>\n    <\/div>\n\n       <\/div>\n    <\/div>\n  \n\t\t<\/div>\n\t\t\t\t\n<style>\n#col-1996202245 > .col-inner {\n  border-radius: 20px;\n}\n<\/style>\n\t<\/div>\n\n\t\n<\/div>\n\t\t<\/div>\n\n\t\t\n<style>\n#section_634348262 {\n  padding-top: 175px;\n  padding-bottom: 175px;\n}\n#section_634348262 .section-bg img {\n  object-position: 50% 35%;\n}\n<\/style>\n\t<\/section>\n\t\n\n\t<section class=\"section\" id=\"section_1427693959\">\n\t\t<div class=\"section-bg fill\" >\n\t\t\t\t\t\t\t\t\t\n\t\t\t\n\n\t\t<\/div>\n\n\t\t\n\n\t\t<div class=\"section-content relative\">\n\t\t\t\n<div class=\"row\"  id=\"row-1405485502\">\n\n\t<div id=\"col-1999162200\" class=\"col show-for-small medium-6 small-12 large-6\"  >\n\t\t\t\t<div class=\"col-inner text-left\" style=\"background-color:rgba(255, 255, 255, 0.7);\" >\n\t\t\t\n\t\t\t\n  <div id=\"page-header-771551568\" class=\"page-header-wrapper\">\n  <div class=\"page-title light simple-title\">\n\n    \n    <div class=\"page-title-inner container align-center text-center flex-row-col medium-flex-wrap\" >\n              <div class=\"title-wrapper is-larger flex-col\">\n          <h1 class=\"entry-title mb-0\">\n            Qu'est-ce que la perte auditive due au bruit et quelles en sont les causes ?          <\/h1>\n        <\/div>\n                    <div class=\"title-content flex-col\">\n        <div class=\"title-breadcrumbs pb-half pt-half\"><\/div>      <\/div>\n    <\/div>\n\n       <\/div>\n    <\/div>\n  \n\t\t<\/div>\n\t\t\t\t\n<style>\n#col-1999162200 > .col-inner {\n  border-radius: 20px;\n}\n<\/style>\n\t<\/div>\n\n\t\n\n\t<div id=\"col-1546192341\" class=\"col small-12 large-12\"  >\n\t\t\t\t<div class=\"col-inner\"  >\n\t\t\t\n\t\t\t\n<div class=\"row\"  id=\"row-1400116713\">\n\n\t<div id=\"col-123039787\" class=\"col medium-7 small-12 large-7\"  >\n\t\t\t\t<div class=\"col-inner\"  >\n\t\t\t\n\t\t\t\n<p>Les avanc\u00e9es technologiques qui ont d\u00e9but\u00e9 avec la R\u00e9volution industrielle et se poursuivent jusqu\u2019\u00e0 aujourd\u2019hui ont fini par menacer la sant\u00e9 auditive. La perte auditive due au bruit fait partie des principales causes de handicap \u00e9vitable dans le monde. Cependant, on observe que les soci\u00e9t\u00e9s ne disposent pas d\u2019une prise de conscience suffisante \u00e0 ce sujet. C\u2019est pourquoi l\u2019Organisation mondiale de la Sant\u00e9 consid\u00e8re ce probl\u00e8me comme l\u2019une des priorit\u00e9s sanitaires majeures.<\/p>\n<p>\u00c9tant donn\u00e9 qu\u2019il s\u2019agit d\u2019un trouble \u00e9vitable, la mise en place de mesures pr\u00e9ventives rev\u00eat une grande importance. La perte auditive due au bruit peut \u00eatre emp\u00each\u00e9e avant qu\u2019elle ne survienne, mais une fois install\u00e9e, elle devient permanente. La seule option th\u00e9rapeutique se limite alors aux appareils auditifs. Cette situation impose d\u2019accro\u00eetre la sensibilisation et la pr\u00e9vention non seulement dans le secteur de la sant\u00e9, mais dans tous les secteurs, en raison de la sant\u00e9 et de la s\u00e9curit\u00e9 au travail.<\/p>\n\t\t<\/div>\n\t\t\t\t\t<\/div>\n\n\t\n\n\t<div id=\"col-400351955\" class=\"col medium-5 small-12 large-5\"  >\n\t\t\t\t<div class=\"col-inner\"  >\n\t\t\t\n\t\t\t\n\t<div class=\"img has-hover x md-x lg-x y md-y lg-y\" id=\"image_812010353\">\n\t\t\t\t\t\t\t\t<div class=\"img-inner image-cover dark\" style=\"padding-top:75%;\">\n\t\t\t<img decoding=\"async\" width=\"430\" height=\"478\" src=\"https:\/\/emelugur.com\/wp-content\/uploads\/2024\/05\/1-1-e1597496385477.jpg\" class=\"attachment-2048x2048 size-2048x2048\" alt=\"\" srcset=\"https:\/\/emelugur.com\/wp-content\/uploads\/2024\/05\/1-1-e1597496385477.jpg 430w, https:\/\/emelugur.com\/wp-content\/uploads\/2024\/05\/1-1-e1597496385477-360x400.jpg 360w\" sizes=\"(max-width: 430px) 100vw, 430px\" title=\"\">\t\t\t\t\t\t\n\t\t\t\t\t<\/div>\n\t\t\t\t\t\t\t\t\n<style>\n#image_812010353 {\n  width: 100%;\n}\n<\/style>\n\t<\/div>\n\t\n\t\t<\/div>\n\t\t\t\t\t<\/div>\n\n\t\n\n\t<div id=\"col-1578136461\" class=\"col small-12 large-12\"  >\n\t\t\t\t<div class=\"col-inner\"  >\n\t\t\t\n\t\t\t\n\n\t<section class=\"section\" id=\"section_125253577\">\n\t\t<div class=\"section-bg fill\" >\n\t\t\t<img decoding=\"async\" width=\"1920\" height=\"800\" src=\"https:\/\/emelugur.com\/wp-content\/uploads\/2024\/05\/icon_background.webp\" class=\"bg attachment-2048x2048 size-2048x2048\" alt=\"\" title=\"\">\t\t\t\t\t\t\n\t\t\t\n\n\t\t<\/div>\n\n\t\t\n\n\t\t<div class=\"section-content relative\">\n\t\t\t\n\n<div class=\"row\"  id=\"row-284245777\">\n\n\n\t<div id=\"col-571731151\" class=\"col small-12 large-12\"  >\n\t\t\t\t<div class=\"col-inner dark\" style=\"background-color:#00a2e9;\" >\n\t\t\t\n\t\t\t\n\n<div class=\"row\"  id=\"row-786916816\">\n\n\n\t<div id=\"col-1171437886\" class=\"col hide-for-small medium-5 small-12 large-5\"  >\n\t\t\t\t<div class=\"col-inner\"  >\n\t\t\t\n\t\t\t\n\n\t<div class=\"img has-hover border-gorsel x md-x lg-x y md-y lg-y\" id=\"image_854953486\">\n\t\t\t\t\t\t\t\t<div class=\"img-inner image-cover dark\" style=\"padding-top:100%;\">\n\t\t\t<img decoding=\"async\" width=\"600\" height=\"737\" src=\"https:\/\/emelugur.com\/wp-content\/uploads\/2024\/08\/Dr.-Odyolog-Emel-Ugur.jpg\" class=\"attachment-2048x2048 size-2048x2048\" alt=\"\" srcset=\"https:\/\/emelugur.com\/wp-content\/uploads\/2024\/08\/Dr.-Odyolog-Emel-Ugur.jpg 600w, https:\/\/emelugur.com\/wp-content\/uploads\/2024\/08\/Dr.-Odyolog-Emel-Ugur-326x400.jpg 326w\" sizes=\"(max-width: 600px) 100vw, 600px\" title=\"\">\t\t\t\t\t\t\n\t\t\t\t\t<\/div>\n\t\t\t\t\t\t\t\t\n<style>\n#image_854953486 {\n  width: 100%;\n}\n<\/style>\n\t<\/div>\n\t\n\n\n\t\t<\/div>\n\t\t\t\t\t<\/div>\n\n\t\n\n\t<div id=\"col-1210834195\" class=\"col medium-7 small-12 large-7 small-col-first\"  >\n\t\t\t\t<div class=\"col-inner\"  >\n\t\t\t\n\t\t\t\n\n\t<div class=\"img has-hover border-gorsel show-for-small x md-x lg-x y md-y lg-y\" id=\"image_567154085\">\n\t\t\t\t\t\t\t\t<div class=\"img-inner dark\" >\n\t\t\t<img decoding=\"async\" width=\"600\" height=\"737\" src=\"https:\/\/emelugur.com\/wp-content\/uploads\/2024\/08\/Dr.-Odyolog-Emel-Ugur.jpg\" class=\"attachment-2048x2048 size-2048x2048\" alt=\"\" srcset=\"https:\/\/emelugur.com\/wp-content\/uploads\/2024\/08\/Dr.-Odyolog-Emel-Ugur.jpg 600w, https:\/\/emelugur.com\/wp-content\/uploads\/2024\/08\/Dr.-Odyolog-Emel-Ugur-326x400.jpg 326w\" sizes=\"(max-width: 600px) 100vw, 600px\" title=\"\">\t\t\t\t\t\t\n\t\t\t\t\t<\/div>\n\t\t\t\t\t\t\t\t\n<style>\n#image_567154085 {\n  width: 100%;\n}\n@media (min-width:550px) {\n  #image_567154085 {\n    width: 87%;\n  }\n}\n<\/style>\n\t<\/div>\n\t\n\n\t<div id=\"text-1223554427\" class=\"text\">\n\t\t\n\n<p><span style=\"font-size: 120%;\"><strong>Docteure Audiologiste<br \/>Emel U\u011fur<\/strong><\/span><\/p>\n\t\t\n<style>\n#text-1223554427 {\n  font-size: 1.25rem;\n}\n@media (min-width:550px) {\n  #text-1223554427 {\n    font-size: 2rem;\n  }\n}\n<\/style>\n\t<\/div>\n\t\n\t<div id=\"text-3344300182\" class=\"text\">\n\t\t\n\nLa Dre Audiologiste Emel U\u011fur est n\u00e9e en 1982 \u00e0 \u00c7anakkale. Au cours de ses 15 ann\u00e9es de service \u00e0 l\u2019H\u00f4pital d\u2019Enseignement et de Recherche d\u2019Istanbul, elle a principalement travaill\u00e9 sur l\u2019audiologie p\u00e9diatrique (pertes auditives chez les b\u00e9b\u00e9s et les enfants), les maladies otologiques (maladies de l\u2019oreille et sant\u00e9 auditive) et les troubles du syst\u00e8me vestibulaire (vertiges et d\u00e9s\u00e9quilibre). En 2015, elle a rejoint le Groupe de Sant\u00e9 Ac\u0131badem.\n\t\t\n<style>\n#text-3344300182 {\n  font-size: 1rem;\n}\n@media (min-width:550px) {\n  #text-3344300182 {\n    font-size: 1rem;\n  }\n}\n<\/style>\n\t<\/div>\n\t\n\t<div id=\"gap-390050117\" class=\"gap-element clearfix\" style=\"display:block; height:auto;\">\n\t\t\n<style>\n#gap-390050117 {\n  padding-top: 20px;\n}\n<\/style>\n\t<\/div>\n\t\n\n<a href=\"\/hakkimda\/\" class=\"button white is-shade lowercase\" style=\"border-radius:15px;\">\n\t\t<span>\u00c0 propos<\/span>\n\t<\/a>\n\n\n\n\t\t<\/div>\n\t\t\t\t\t<\/div>\n\n\t\n\n<\/div>\n\n\t\t<\/div>\n\t\t\t\t\n<style>\n#col-571731151 > .col-inner {\n  padding: 30px 15px 1px 15px;\n  border-radius: 20px;\n}\n@media (min-width:550px) {\n  #col-571731151 > .col-inner {\n    padding: 30px 30px 1px 30px;\n  }\n}\n<\/style>\n\t<\/div>\n\n\t\n\n<\/div>\n\n\t\t<\/div>\n\n\t\t\n<style>\n#section_125253577 {\n  padding-top: 30px;\n  padding-bottom: 30px;\n}\n#section_125253577 .section-bg img {\n  object-position: 0% 50%;\n}\n<\/style>\n\t<\/section>\n\t\n<h2>Qu&rsquo;est-ce que la perte auditive due au bruit ?<\/h2>\n<p>La perte auditive due au bruit est l\u2019un des principaux probl\u00e8mes de sant\u00e9 engendr\u00e9s par l\u2019industrialisation et les progr\u00e8s technologiques. Ce trouble peut survenir \u00e0 la suite d\u2019une exposition prolong\u00e9e, r\u00e9guli\u00e8re ou \u00e0 haut niveau au bruit. Certains groupes professionnels sont particuli\u00e8rement \u00e0 risque. La perte auditive est plus fr\u00e9quemment observ\u00e9e chez les personnes travaillant dans des environnements bruyants.<\/p>\n<ul>\n<li aria-level=\"1\">Les professions \u00e0 risque comprennent notamment les ouvriers du b\u00e2timent, les travailleurs en usine, le personnel des a\u00e9roports, les membres des forces arm\u00e9es, les musiciens, etc.<\/li>\n<\/ul>\n<p>Une exposition chronique au bruit entra\u00eene \u00e0 la longue une atteinte des nerfs auditifs. Cette situation peut provoquer non seulement une perte auditive, mais aussi d\u2019autres probl\u00e8mes de sant\u00e9. Parmi les effets non auditifs figurent les troubles du sommeil et un niveau de stress \u00e9lev\u00e9.<\/p>\n<p>Les organismes de r\u00e9gulation publics ont \u00e9labor\u00e9 divers r\u00e8glements et normes afin de r\u00e9duire l\u2019exposition au bruit. Ces efforts visent \u00e0 contr\u00f4ler les niveaux sonores sur les lieux de travail et \u00e0 prot\u00e9ger les salari\u00e9s. La pr\u00e9vention de la perte auditive due au bruit est possible gr\u00e2ce \u00e0 un diagnostic pr\u00e9coce et \u00e0 une surveillance r\u00e9guli\u00e8re. Dans ce processus, la formation des travailleurs et la sensibilisation jouent un r\u00f4le primordial. Il existe diff\u00e9rentes m\u00e9thodes, comme la r\u00e9duction du bruit \u00e0 la source et la pr\u00e9vention de l\u2019exposition au bruit chez le travailleur.<\/p>\n\n\t<section class=\"section\" id=\"section_1419529822\">\n\t\t<div class=\"section-bg fill\" >\n\t\t\t\t\t\t\t\t\t\n\t\t\t\n\n\t\t<\/div>\n\n\t\t\n\n\t\t<div class=\"section-content relative\">\n\t\t\t\r\n\r\n<div class=\"row\"  id=\"row-840388056\">\r\n\r\n\n\t<div id=\"col-711406407\" class=\"col small-12 large-12\"  >\n\t\t\t\t<div class=\"col-inner box-shadow-2\"  >\n\t\t\t\n\t\t\t\r\n\r\n<div class=\"row\"  id=\"row-1436818205\">\r\n\r\n\n\t<div id=\"col-1775868850\" class=\"col whatsapp-alani hide-for-small medium-3 small-12 large-3\"  >\n\t\t\t\t<div class=\"col-inner box-shadow-2\" style=\"background-color:rgb(37, 211, 102);\" >\n\t\t\t\n\t\t\t\r\n\r\n\t<div id=\"text-4079885123\" class=\"text\">\n\t\t\r\n\r\n<a href=\"https:\/\/web.whatsapp.com\/send?phone=905332735670&amp;text=Merhaba%2C%20size%20emelugur.com%20%C3%BCzerinden%20ula%C5%9F%C4%B1yorum.\"><span style=\"color: #ffffff;\">Pour WhatsApp 24h\/24 <\/span><span style=\"color: #ffffff;\">Cliquez ici !<\/span><\/a>\r\n\r\n\t\t\n<style>\n#text-4079885123 {\n  font-size: 1rem;\n  text-align: center;\n  color: rgb(255,255,255);\n}\n#text-4079885123 > * {\n  color: rgb(255,255,255);\n}\n<\/style>\n\t<\/div>\n\t\r\n\r\n\t\t<\/div>\n\t\t\t\t\n<style>\n#col-1775868850 > .col-inner {\n  padding: 30px 0px 12px 0px;\n  margin: 0px 0px -31px 0px;\n}\n<\/style>\n\t<\/div>\n\n\t\r\n\n\t<div id=\"col-1111588303\" class=\"col show-for-small medium-3 small-12 large-3\"  >\n\t\t\t\t<div class=\"col-inner box-shadow-2\" style=\"background-color:rgb(37, 211, 102);\" >\n\t\t\t\n\t\t\t\r\n\r\n\t<div id=\"text-4280720808\" class=\"text\">\n\t\t\r\n\r\n<a href=\"https:\/\/web.whatsapp.com\/send?phone=905332735670&amp;text=Merhaba%2C%20size%20emelugur.com%20%C3%BCzerinden%20ula%C5%9F%C4%B1yorum.\"><span style=\"color: #ffffff;\">Pour WhatsApp 24h\/24 <\/span><span style=\"color: #ffffff;\">Cliquez ici !<\/span><\/a>\r\n\r\n\t\t\n<style>\n#text-4280720808 {\n  font-size: 1rem;\n  text-align: center;\n  color: rgb(255,255,255);\n}\n#text-4280720808 > * {\n  color: rgb(255,255,255);\n}\n@media (min-width:550px) {\n  #text-4280720808 {\n    font-size: 1.5rem;\n  }\n}\n<\/style>\n\t<\/div>\n\t\r\n\r\n\t\t<\/div>\n\t\t\t\t\n<style>\n#col-1111588303 > .col-inner {\n  padding: 10px 0px 0px 0px;\n  margin: 0px 0px 0px 0px;\n  border-radius: 20px;\n}\n@media (min-width:550px) {\n  #col-1111588303 > .col-inner {\n    margin: 0px 0px -40px 0px;\n  }\n}\n<\/style>\n\t<\/div>\n\n\t\r\n\n\t<div id=\"col-370106481\" class=\"col medium-9 small-12 large-9\"  >\n\t\t\t\t<div class=\"col-inner text-left\"  >\n\t\t\t\n\t<div class=\"is-border\"\n\t\tstyle=\"border-width:0px 0px 0px 0px;margin:0px 0px 0px 0px;\">\n\t<\/div>\n\t\t\t\r\n\r\n<div class=\"row\"  id=\"row-1920015256\">\r\n\r\n\n\t<div id=\"col-186515635\" class=\"col small-12 large-12\"  >\n\t\t\t\t<div class=\"col-inner\"  >\n\t\t\t\n\t\t\t\r\n\r\n\n<div class=\"wpcf7 no-js\" id=\"wpcf7-f3277-o1\" lang=\"fr-FR\" dir=\"ltr\" data-wpcf7-id=\"3277\">\n<div class=\"screen-reader-response\"><p role=\"status\" aria-live=\"polite\" aria-atomic=\"true\"><\/p> <ul><\/ul><\/div>\n<form action=\"\/fr\/wp-json\/wp\/v2\/pages\/3421#wpcf7-f3277-o1\" method=\"post\" class=\"wpcf7-form init\" aria-label=\"Formulaire de contact\" novalidate=\"novalidate\" data-status=\"init\">\n<fieldset class=\"hidden-fields-container\"><input type=\"hidden\" name=\"_wpcf7\" value=\"3277\" \/><input type=\"hidden\" name=\"_wpcf7_version\" value=\"6.1.5\" \/><input type=\"hidden\" name=\"_wpcf7_locale\" value=\"fr_FR\" \/><input type=\"hidden\" name=\"_wpcf7_unit_tag\" value=\"wpcf7-f3277-o1\" \/><input type=\"hidden\" name=\"_wpcf7_container_post\" value=\"0\" \/><input type=\"hidden\" name=\"_wpcf7_posted_data_hash\" value=\"\" \/>\n<\/fieldset>\n<div class=\"sp-form\">\n\t<div class=\"col-row\">\n\t\t<div class=\"col-quarter\">\n\t\t\t<p><span class=\"wpcf7-form-control-wrap\" data-name=\"text-340\"><input size=\"40\" maxlength=\"400\" class=\"wpcf7-form-control wpcf7-text wpcf7-validates-as-required\" autocomplete=\"name\" aria-required=\"true\" aria-invalid=\"false\" placeholder=\"Nom\" value=\"\" type=\"text\" name=\"text-340\" \/><\/span>\n\t\t\t<\/p>\n\t\t<\/div>\n\t\t<div class=\"col-quarter\">\n\t\t\t<p><span class=\"wpcf7-form-control-wrap\" data-name=\"tel-10\"><input size=\"40\" maxlength=\"400\" class=\"wpcf7-form-control wpcf7-tel wpcf7-validates-as-required wpcf7-text wpcf7-validates-as-tel\" autocomplete=\"name\" aria-required=\"true\" aria-invalid=\"false\" placeholder=\"T\u00e9l\u00e9phone\" value=\"\" type=\"tel\" name=\"tel-10\" \/><\/span>\n\t\t\t<\/p>\n\t\t<\/div>\n\t\t<div class=\"col-quarter\">\n\t\t\t<p><span class=\"wpcf7-form-control-wrap\" data-name=\"email-563\"><input size=\"40\" maxlength=\"400\" class=\"wpcf7-form-control wpcf7-email wpcf7-validates-as-required wpcf7-text wpcf7-validates-as-email\" autocomplete=\"name\" aria-required=\"true\" aria-invalid=\"false\" placeholder=\"E-mail\" value=\"\" type=\"email\" name=\"email-563\" \/><\/span>\n\t\t\t<\/p>\n\t\t<\/div>\n\t\t<div class=\"col-quarter\">\n\t\t\t<p><input class=\"wpcf7-form-control wpcf7-submit has-spinner\" type=\"submit\" value=\"ENVOYER\" \/>\n\t\t\t<\/p>\n\t\t<\/div>\n\t<\/div>\n<\/div><p style=\"display: none !important;\" class=\"akismet-fields-container\" data-prefix=\"_wpcf7_ak_\"><label>&#916;<textarea name=\"_wpcf7_ak_hp_textarea\" cols=\"45\" rows=\"8\" maxlength=\"100\"><\/textarea><\/label><input type=\"hidden\" id=\"ak_js_1\" name=\"_wpcf7_ak_js\" value=\"135\"\/><script type=\"text\/javascript\">\n\/* <![CDATA[ *\/\ndocument.getElementById( \"ak_js_1\" ).setAttribute( \"value\", ( new Date() ).getTime() );\n\/* ]]> *\/\n<\/script>\n<\/p><div class=\"wpcf7-response-output\" aria-hidden=\"true\"><\/div>\n<\/form>\n<\/div>\n\r\n\r\n\t\t<\/div>\n\t\t\t\t\n<style>\n#col-186515635 > .col-inner {\n  margin: 0px 0px -60px 0px;\n}\n<\/style>\n\t<\/div>\n\n\t\r\n\n\t<div id=\"col-597807325\" class=\"col small-12 large-12\"  >\n\t\t\t\t<div class=\"col-inner\"  >\n\t\t\t\n\t\t\t\r\n\r\n\t<div id=\"text-2409326252\" class=\"text\">\n\t\t\r\n\r\n*Nous vous recommandons de remplir tous les champs afin que nous puissions vous r\u00e9pondre au mieux.\r\n\t\t\n<style>\n#text-2409326252 {\n  font-size: 0.85rem;\n  line-height: 1.5;\n}\n@media (min-width:550px) {\n  #text-2409326252 {\n    line-height: 0.9;\n  }\n}\n<\/style>\n\t<\/div>\n\t\r\n\r\n\t\t<\/div>\n\t\t\t\t\n<style>\n#col-597807325 > .col-inner {\n  margin: -30px 0px -40px 0px;\n}\n@media (min-width:550px) {\n  #col-597807325 > .col-inner {\n    margin: -15px 0px 0px 0px;\n  }\n}\n<\/style>\n\t<\/div>\n\n\t\r\n\r\n<\/div>\r\n\r\n\t\t<\/div>\n\t\t\t\t\n<style>\n#col-370106481 > .col-inner {\n  padding: 0px 0px 0px 0px;\n  margin: 0px 0px -20px 0px;\n}\n@media (min-width:550px) {\n  #col-370106481 > .col-inner {\n    padding: 20px 0px 0px 0px;\n    margin: 0px 0px -66px 0px;\n  }\n}\n<\/style>\n\t<\/div>\n\n\t\r\n\r\n<\/div>\r\n\r\n\t\t<\/div>\n\t\t\t\t\n<style>\n#col-711406407 > .col-inner {\n  padding: 30px 10px 0px 10px;\n  border-radius: 30px;\n}\n@media (min-width:550px) {\n  #col-711406407 > .col-inner {\n    padding: 0px 20px 0px 0px;\n  }\n}\n<\/style>\n\t<\/div>\n\n\t\r\n\r\n<\/div>\r\n\r\n\t\t<\/div>\n\n\t\t\n<style>\n#section_1419529822 {\n  padding-top: 30px;\n  padding-bottom: 30px;\n}\n<\/style>\n\t<\/section>\n\t\r\n\n<h2>Quelles sont les causes de la perte auditive due au bruit ?<\/h2>\n<p><img decoding=\"async\" class=\"aligncenter size-full wp-image-789\" src=\"https:\/\/emelugur.com\/wp-content\/uploads\/2024\/08\/Gurultuye-Bagli-Isitme-Kaybi.jpg\" alt=\"\" width=\"1600\" height=\"900\" title=\"\" srcset=\"https:\/\/emelugur.com\/wp-content\/uploads\/2024\/08\/Gurultuye-Bagli-Isitme-Kaybi.jpg 1600w, https:\/\/emelugur.com\/wp-content\/uploads\/2024\/08\/Gurultuye-Bagli-Isitme-Kaybi-711x400.jpg 711w, https:\/\/emelugur.com\/wp-content\/uploads\/2024\/08\/Gurultuye-Bagli-Isitme-Kaybi-1400x788.jpg 1400w, https:\/\/emelugur.com\/wp-content\/uploads\/2024\/08\/Gurultuye-Bagli-Isitme-Kaybi-768x432.jpg 768w, https:\/\/emelugur.com\/wp-content\/uploads\/2024\/08\/Gurultuye-Bagli-Isitme-Kaybi-1536x864.jpg 1536w\" sizes=\"(max-width: 1600px) 100vw, 1600px\" \/><\/p>\n<p>La perte auditive due au bruit est un probl\u00e8me de sant\u00e9 provoqu\u00e9 par une exposition \u00e0 des niveaux sonores \u00e9lev\u00e9s. La survenue de la perte auditive d\u00e9pend de plusieurs facteurs. La perte en question peut \u00eatre temporaire ou permanente. Elle varie \u00e9galement en fonction du niveau et de la dur\u00e9e de l\u2019exposition sonore.<\/p>\n<p>Exposition professionnelle au bruit :<\/p>\n<ul>\n<li aria-level=\"1\">Mines et usines<\/li>\n<li aria-level=\"1\">D\u00e9p\u00f4ts ferroviaires<\/li>\n<li aria-level=\"1\">Chantiers de construction<\/li>\n<li aria-level=\"1\">Bases militaires<\/li>\n<\/ul>\n<p>Exposition environnementale au bruit :<\/p>\n<ul>\n<li aria-level=\"1\">Autoroutes<\/li>\n<li aria-level=\"1\">Trains et avions<\/li>\n<li aria-level=\"1\">Bo\u00eetes de nuit et stades<\/li>\n<li aria-level=\"1\">Stands de tir<\/li>\n<\/ul>\n<p>Ces expositions endommagent les structures de l\u2019oreille et r\u00e9duisent la capacit\u00e9 auditive. <a href=\"https:\/\/www.ncbi.nlm.nih.gov\/books\/NBK594247\/\" target=\"_blank\" rel=\"noopener\">En particulier, les sons de 85 dB et plus rendent la perte auditive in\u00e9vitable en cas d\u2019expositions prolong\u00e9es.<\/a> \u00c0 mesure que le niveau sonore augmente, la probabilit\u00e9 de perte auditive permanente s\u2019accro\u00eet. Des \u00e9v\u00e9nements sonores aigus tels que la musique tr\u00e8s forte et les explosions peuvent \u00e9galement causer des l\u00e9sions auditives s\u00e9v\u00e8res. Ces l\u00e9sions surviennent g\u00e9n\u00e9ralement brutalement et peuvent parfois \u00eatre irr\u00e9versibles.<\/p>\n<p>Pour pr\u00e9venir la perte auditive due au bruit, il est essentiel de r\u00e9duire l\u2019exposition et de prendre des mesures de protection. Cela n\u00e9cessite un niveau plus \u00e9lev\u00e9 de sensibilisation du public \u00e0 ce sujet. Il incombe aux individus et aux \u00e9tablissements de sant\u00e9 de prendre les mesures n\u00e9cessaires pour prot\u00e9ger la sant\u00e9 auditive.<\/p>\n<h2>Quelle est la fr\u00e9quence de la perte auditive due au bruit ?<\/h2>\n<p>M\u00eame s\u2019il est difficile de d\u00e9terminer avec pr\u00e9cision la pr\u00e9valence de la perte auditive due au bruit (NIHL), ce probl\u00e8me de sant\u00e9 touche des millions de personnes dans le monde. Selon les estimations de l\u2019Organisation mondiale de la Sant\u00e9, les jeunes expos\u00e9s \u00e0 des sources de loisirs telles que la musique forte sont particuli\u00e8rement \u00e0 risque de perte auditive. Les personnes \u00e2g\u00e9es de 12 \u00e0 35 ans appartiennent \u00e0 ce groupe \u00e0 risque. De plus, la NIHL est plus fr\u00e9quemment observ\u00e9e chez les hommes en raison de facteurs professionnels. Cette situation est encore renforc\u00e9e par les facteurs suivants :<\/p>\n<ul>\n<li aria-level=\"1\">Les personnes vivant dans des conditions socio-\u00e9conomiques d\u00e9favoris\u00e9es,<\/li>\n<li aria-level=\"1\">Les groupes professionnels constamment expos\u00e9s \u00e0 des niveaux sonores \u00e9lev\u00e9s.<\/li>\n<\/ul>\n<p>Chez les femmes, on pense que des facteurs hormonaux pourraient jouer un r\u00f4le dans la protection de l\u2019audition. Les recherches men\u00e9es aux \u00c9tats-Unis montrent qu\u2019environ un adulte sur cinq pr\u00e9sentant une perte auditive est affect\u00e9 par la NIHL. Ce taux indique que la NIHL est la deuxi\u00e8me maladie professionnelle la plus fr\u00e9quente dans le pays. Si des mesures pr\u00e9ventives ne sont pas prises, ces taux devraient augmenter.<\/p>\n<h2>Que se passe-t-il dans l\u2019oreille lors d\u2019une perte auditive due au bruit ?<\/h2>\n<p>Au cours du processus de perte auditive due au bruit, une s\u00e9rie d\u2019\u00e9v\u00e9nements biologiques et m\u00e9caniques se produisent dans l\u2019oreille. L\u2019oreille capte les ondes sonores et convertit ces signaux en impulsions nerveuses transmises au cerveau. Le processus commence dans l\u2019oreille externe et se poursuit jusqu\u2019\u00e0 l\u2019oreille interne. Le bruit perturbe ce fonctionnement naturel de l\u2019oreille et entra\u00eene divers dommages.<\/p>\n<ul>\n<li aria-level=\"1\">L\u2019oreille externe capte les ondes sonores et les dirige vers l\u2019oreille moyenne. \u00c0 ce stade, le conduit auditif externe amplifie les sons dans une certaine gamme de fr\u00e9quences.<\/li>\n<li aria-level=\"1\">L\u2019oreille moyenne convertit les ondes sonores en \u00e9nergie m\u00e9canique. Le tympan et la cha\u00eene des osselets situ\u00e9s derri\u00e8re lui assurent l\u2019adaptation d\u2019imp\u00e9dance pour transmettre l\u2019\u00e9nergie sonore \u00e0 l\u2019oreille interne.<\/li>\n<li aria-level=\"1\">Dans l\u2019oreille interne, les ondes sonores sont transform\u00e9es en mouvements de fluide. Ces mouvements stimulent la membrane basilaire de la cochl\u00e9e et g\u00e9n\u00e8rent diff\u00e9rentes r\u00e9ponses selon la fr\u00e9quence du son.<\/li>\n<\/ul>\n<p>La cochl\u00e9e est la structure qui convertit les ondes sonores en signaux \u00e9lectriques via les impulsions nerveuses et les transmet au cerveau. Sous l\u2019effet du bruit, une s\u00e9rie de l\u00e9sions surviennent dans la cochl\u00e9e :<\/p>\n<ul>\n<li aria-level=\"1\">Les sons de haute fr\u00e9quence provoquent davantage de dommages \u00e0 l\u2019extr\u00e9mit\u00e9 basale de la cochl\u00e9e, tandis que les sons de basse fr\u00e9quence affectent l\u2019extr\u00e9mit\u00e9 apicale.<\/li>\n<li aria-level=\"1\">L\u2019intensit\u00e9 \u00e9lev\u00e9e du son augmente la pression exerc\u00e9e sur les cellules cili\u00e9es, ce qui entra\u00eene leur d\u00e9t\u00e9rioration.<\/li>\n<li aria-level=\"1\">Une charge sonore excessive provoque une lib\u00e9ration excessive de glutamate au niveau des connexions synaptiques des cellules cili\u00e9es, entra\u00eenant par la suite la mort cellulaire.<\/li>\n<li aria-level=\"1\">L\u2019accumulation d\u2019esp\u00e8ces r\u00e9actives de l\u2019oxyg\u00e8ne endommage l\u2019ADN des cellules, ce qui conduit \u00e0 une perte auditive permanente.<\/li>\n<\/ul>\n<p>Ces processus aboutissent \u00e0 une perte auditive temporaire ou permanente :<\/p>\n<ul>\n<li aria-level=\"1\">Un d\u00e9placement temporaire du seuil auditif survient apr\u00e8s une exposition de courte dur\u00e9e \u00e0 des niveaux sonores \u00e9lev\u00e9s et se r\u00e9sorbe g\u00e9n\u00e9ralement en quelques jours.<\/li>\n<li aria-level=\"1\">Un d\u00e9placement permanent du seuil se produit \u00e0 la suite d\u2019une exposition prolong\u00e9e ou r\u00e9p\u00e9t\u00e9e \u00e0 un bruit intense et est irr\u00e9versible.<\/li>\n<\/ul>\n\n\t<section class=\"section dark\" id=\"section_686034642\">\n\t\t<div class=\"section-bg fill\" >\n\t\t\t\t\t\t\t\t\t\n\t\t\t\n\n\t\t<\/div>\n\n\t\t\n\n\t\t<div class=\"section-content relative\">\n\t\t\t\r\n\r\n\t<div id=\"gap-1600552920\" class=\"gap-element clearfix hide-for-medium\" style=\"display:block; height:auto;\">\n\t\t\n<style>\n#gap-1600552920 {\n  padding-top: 10px;\n}\n<\/style>\n\t<\/div>\n\t\r\n\r\n<div class=\"row align-middle\"  id=\"row-492343809\">\r\n\r\n\n\t<div id=\"col-1408476149\" class=\"col medium-6 small-12 large-7\"  >\n\t\t\t\t<div class=\"col-inner\"  >\n\t\t\t\n\t\t\t\r\n\r\n\t<div id=\"text-4093276397\" class=\"text\">\n\t\t\r\n<div><strong>Pour plus d\u2019informations et pour prendre rendez-vous, contactez-nous&nbsp;!<\/strong><\/div>\r\n\t\t\n<style>\n#text-4093276397 {\n  font-size: 1.25rem;\n  text-align: center;\n}\n@media (min-width:850px) {\n  #text-4093276397 {\n    font-size: 1.6rem;\n    text-align: left;\n  }\n}\n<\/style>\n\t<\/div>\n\t\r\n\r\n\t\t<\/div>\n\t\t\t\t\n<style>\n#col-1408476149 > .col-inner {\n  padding: 20px 0px 0px 0px;\n  margin: 0px 0px -10px 0px;\n}\n@media (min-width:550px) {\n  #col-1408476149 > .col-inner {\n    padding: 0px 0px 0px 0px;\n  }\n}\n<\/style>\n\t<\/div>\n\n\t\r\n\n\t<div id=\"col-799855536\" class=\"col medium-6 small-12 large-5\"  >\n\t\t\t\t<div class=\"col-inner text-center\"  >\n\t\t\t\n\t\t\t\r\n\r\n<a href=\"https:\/\/web.whatsapp.com\/send?phone=905332735670&#038;text=Merhaba%2C%20size%20emelugur.com%20%C3%BCzerinden%20ula%C5%9F%C4%B1yorum.\" class=\"button alert is-small box-shadow-5\" style=\"border-radius:10px;padding:5px 20px 5px 20px;\">\n\t\t<span>Contact WhatsApp<\/span>\n\t<i class=\"icon-whatsapp\" aria-hidden=\"true\"><\/i><\/a>\n\r\n\r\n\t\t<\/div>\n\t\t\t\t\n<style>\n#col-799855536 > .col-inner {\n  padding: 20px 0px 0px 0px;\n}\n<\/style>\n\t<\/div>\n\n\t\r\n\r\n<\/div>\r\n\r\n\t\t<\/div>\n\n\t\t\n<style>\n#section_686034642 {\n  padding-top: 0px;\n  padding-bottom: 0px;\n  background-color: #00a2e9;\n}\n<\/style>\n\t<\/section>\n\t\r\n\t<div id=\"gap-1857673350\" class=\"gap-element clearfix\" style=\"display:block; height:auto;\">\n\t\t\n<style>\n#gap-1857673350 {\n  padding-top: 20px;\n}\n<\/style>\n\t<\/div>\n\t\r\n\n<h2>Quels environnements peuvent provoquer une perte auditive due au bruit ?<\/h2>\n<p>La perte auditive due au bruit est particuli\u00e8rement fr\u00e9quente dans certains environnements. Le risque de perte auditive augmente dans les lieux o\u00f9 sont pr\u00e9sents des niveaux sonores susceptibles d\u2019endommager le tympan. Par cons\u00e9quent, certains environnements n\u00e9cessitent une attention particuli\u00e8re. Tout d\u2019abord, les lieux de travail \u2014 en particulier les installations industrielles et les chantiers o\u00f9 le niveau de bruit est \u00e9lev\u00e9 \u2014 repr\u00e9sentent un risque important. Dans de tels environnements, il est essentiel que les travailleurs utilisent des casques de protection.<\/p>\n<p>Par ailleurs, pour les personnes vivant en ville, le bruit du trafic constitue une source de danger importante. Une exposition prolong\u00e9e dans les zones \u00e0 fort trafic peut entra\u00eener des probl\u00e8mes auditifs. C\u2019est pourquoi les individus vivant dans ces r\u00e9gions doivent \u00e9galement \u00eatre vigilants.<\/p>\n<ul>\n<li aria-level=\"1\">Les grands lieux d\u2019\u00e9v\u00e9nements tels que les salles de concert et les stades peuvent pr\u00e9senter des niveaux sonores tr\u00e8s \u00e9lev\u00e9s.<\/li>\n<li aria-level=\"1\">Les bars et les bo\u00eetes de nuit sont g\u00e9n\u00e9ralement des environnements \u00e0 risque en raison du volume sonore \u00e9lev\u00e9 de la musique.<\/li>\n<li aria-level=\"1\">Les p\u00f4les de transport tels que les a\u00e9roports et les gares font partie des lieux constamment expos\u00e9s \u00e0 des niveaux sonores \u00e9lev\u00e9s.<\/li>\n<\/ul>\n<h2>Comment diagnostique-t-on la perte auditive due au bruit ?<\/h2>\n<ul>\n<li aria-level=\"1\">Le processus de diagnostic de la perte auditive due au bruit (NIHL) n\u00e9cessite une \u00e9valuation minutieuse par des sp\u00e9cialistes de l\u2019audition (audiologistes). Tout d\u2019abord, un historique m\u00e9dical d\u00e9taill\u00e9 est recueilli aupr\u00e8s des patients et les autres causes possibles de perte auditive sont prises en compte. Ensuite, des tests audiologiques sp\u00e9cifiques sont effectu\u00e9s pour identifier la NIHL.<\/li>\n<li aria-level=\"1\">Audiom\u00e9trie tonale : ce test fournit des informations importantes sur la fr\u00e9quence et l\u2019intensit\u00e9 de la perte auditive. Un \u00e9chancrure observ\u00e9e entre 3 et 6 kHz est un signe typique de la NIHL, apparaissant \u00e0 la suite de l\u2019exposition au bruit. Enfin, les \u00e9tapes suivantes sont suivies pour calculer le degr\u00e9 de perte auditive :<\/li>\n<\/ul>\n<ul>\n<li aria-level=\"1\">Les seuils auditifs \u00e0 500 Hz, 1 kHz, 2 kHz et 4 kHz sont d\u00e9termin\u00e9s pour chaque oreille.<\/li>\n<li aria-level=\"1\">La moyenne arithm\u00e9tique de ces valeurs est calcul\u00e9e.<\/li>\n<\/ul>\n<ul>\n<li aria-level=\"1\">Test d\u2019audition dans le bruit (Hearing in Noise Test) : ce test est utilis\u00e9 pour mesurer l\u2019efficacit\u00e9 des appareils auditifs et \u00e9valuer la capacit\u00e9 \u00e0 entendre dans le bruit de fond.<\/li>\n<li aria-level=\"1\">Audiom\u00e9trie vocale :\n<ul>\n<li aria-level=\"2\">Le seuil de r\u00e9ception de la parole (SRT) d\u00e9termine le seuil auquel le patient comprend la parole,<\/li>\n<li aria-level=\"2\">Le score de reconnaissance des mots (WR\/SDS) \u00e9value la capacit\u00e9 du patient \u00e0 discriminer la parole.<\/li>\n<\/ul>\n<\/li>\n<\/ul>\n<p>Ces tests jouent un r\u00f4le essentiel dans la compr\u00e9hension du degr\u00e9 et du type de perte auditive. En particulier, des scores SRT et SDS faibles malgr\u00e9 des r\u00e9sultats audiom\u00e9triques normaux comptent parmi les signes pr\u00e9coces de NIHL.<\/p>\n<ul>\n<li aria-level=\"1\"><strong>\u00c9missions otoacoustiques (EOA) :<\/strong> elles sont utilis\u00e9es pour \u00e9valuer de mani\u00e8re objective l\u2019\u00e9tat de la cochl\u00e9e. Le test des EOA chez les patients suspect\u00e9s de NIHL offre une sensibilit\u00e9 et une sp\u00e9cificit\u00e9 \u00e9lev\u00e9es.<\/li>\n<li aria-level=\"1\"><strong>Potentiels \u00e9voqu\u00e9s auditifs du tronc c\u00e9r\u00e9bral (BERA) :<\/strong> ce test analyse les r\u00e9ponses auditives du tronc c\u00e9r\u00e9bral afin de d\u00e9tecter la synaptopathie. Il est particuli\u00e8rement utilis\u00e9 pour le diagnostic des pertes auditives cach\u00e9es.<\/li>\n<\/ul>\n<h2>Comment la perte auditive due au bruit est-elle trait\u00e9e ?<\/h2>\n<p>Le traitement de la perte auditive due au bruit est limit\u00e9 par les connaissances m\u00e9dicales et la technologie actuelles. \u00c9tant donn\u00e9 que la perte auditive est un \u00e9tat permanent, les m\u00e9thodes th\u00e9rapeutiques existantes visent \u00e0 g\u00e9rer les dommages. Tout d\u2019abord, les appareils auditifs offrent une solution de base pour les personnes souffrant de perte auditive. Ces dispositifs amplifient les sons de mani\u00e8re sp\u00e9cifique \u00e0 chaque fr\u00e9quence afin de compenser la perte auditive. Diff\u00e9rents types d\u2019appareils auditifs existent et peuvent \u00eatre ajust\u00e9s en fonction des besoins de chaque individu.<\/p>\n<p>Pour les personnes souffrant d\u2019acouph\u00e8nes li\u00e9s au bruit, des masques d\u2019acouph\u00e8nes et la th\u00e9rapie de r\u00e9\u00e9ducation des acouph\u00e8nes (TRT), ainsi que des applications de neuromodulation, peuvent \u00eatre utilis\u00e9s. Les masqueurs d\u2019acouph\u00e8nes aident \u00e0 att\u00e9nuer la perception du bourdonnement, tandis que la TRT aide \u00e0 renforcer les connexions auditives entre le cerveau et l\u2019oreille.<\/p>\n<p>En outre, des \u00e9tudes animales ont montr\u00e9 que le magn\u00e9sium et certaines vitamines pourraient offrir une protection contre la perte auditive :<\/p>\n<ul>\n<li aria-level=\"1\">Vitamine A,<\/li>\n<li aria-level=\"1\">Vitamine E,<\/li>\n<li aria-level=\"1\">Vitamine C,<\/li>\n<li aria-level=\"1\">Vitamine B12.<\/li>\n<\/ul>\n<h2>Quelles sont les complications de la perte auditive due au bruit ?<\/h2>\n<p>La perte auditive due au bruit peut entra\u00eener de graves probl\u00e8mes, non seulement au niveau du syst\u00e8me auditif, mais aussi pour la sant\u00e9 g\u00e9n\u00e9rale. Une exposition chronique au bruit peut provoquer une augmentation des hormones de stress, entra\u00eenant des d\u00e9s\u00e9quilibres m\u00e9taboliques. \u00c0 long terme, cela accro\u00eet le risque de maladies cardiovasculaires. De plus, les troubles du sommeil et du repos peuvent r\u00e9duire les performances au travail et conduire \u00e0 des accidents. Les effets psychologiques ne doivent pas \u00eatre n\u00e9glig\u00e9s :<\/p>\n<ul>\n<li aria-level=\"1\">D\u00e9pression<\/li>\n<li aria-level=\"1\">Troubles anxieux<\/li>\n<li aria-level=\"1\">Manque de concentration<\/li>\n<li aria-level=\"1\">Tensions dans les relations<\/li>\n<\/ul>\n<h2>Comment pr\u00e9venir la perte auditive due au bruit ?<\/h2>\n<p>La perte auditive due au bruit est un probl\u00e8me de sant\u00e9 fr\u00e9quent, en particulier dans les environnements de travail o\u00f9 les niveaux sonores sont \u00e9lev\u00e9s. Une exposition constante \u00e0 des niveaux de d\u00e9cibels \u00e9lev\u00e9s sur le lieu de travail peut entra\u00eener une perte auditive. La mise en place de mesures pr\u00e9ventives rev\u00eat une grande importance pour prot\u00e9ger la sant\u00e9 auditive. Employeurs et salari\u00e9s doivent tous deux prendre certaines pr\u00e9cautions.<\/p>\n<ul>\n<li aria-level=\"1\">\u00c9viter de se rendre fr\u00e9quemment \u00e0 des concerts, spectacles de feux d\u2019artifice et autres \u00e9v\u00e9nements similaires tr\u00e8s bruyants<\/li>\n<li aria-level=\"1\">\u00c9viter les environnements connus pour leurs niveaux sonores \u00e9lev\u00e9s<\/li>\n<li aria-level=\"1\">S\u2019abstenir d\u2019\u00e9couter de la musique \u00e0 volume \u00e9lev\u00e9<\/li>\n<li aria-level=\"1\">Utiliser des \u00e9quipements de protection dans les environnements de travail bruyants<\/li>\n<\/ul>\n<h2>Questions fr\u00e9quemment pos\u00e9es<\/h2>\n<p><img decoding=\"async\" src=\"https:\/\/emelugur.com\/wp-content\/uploads\/2024\/07\/emelugur.jpg\" alt=\"\" width=\"1600\" height=\"400\" title=\"\"><\/p>\n<p><strong>O\u00f9, dans l\u2019oreille, survient la perte auditive due au bruit ?<\/strong><\/p>\n<p>La perte auditive due au bruit r\u00e9sulte de l\u00e9sions au niveau de l\u2019oreille interne (cochl\u00e9e) en raison d\u2019une exposition aigu\u00eb ou chronique \u00e0 des niveaux sonores \u00e9lev\u00e9s. Elle peut \u00eatre temporaire ou permanente.<\/p>\n<p>La cochl\u00e9e est la partie o\u00f9 commence l\u2019analyse de l\u2019audition. Il s\u2019agit d\u2019une structure dot\u00e9e de cellules cili\u00e9es qui convertissent les ondes sonores en signaux \u00e9lectriques. \u00c0 la suite de l\u2019exposition au bruit, ces cellules cili\u00e9es peuvent \u00eatre endommag\u00e9es ou compl\u00e8tement d\u00e9truites. Les cellules cili\u00e9es endommag\u00e9es ne peuvent pas se r\u00e9g\u00e9n\u00e9rer, ce qui rend la perte auditive permanente. Ainsi, la perte auditive due au bruit survient principalement \u00e0 cause des l\u00e9sions des cellules cili\u00e9es de la cochl\u00e9e.<\/p>\n<p><strong>La perte auditive due au bruit peut-elle gu\u00e9rir ?<\/strong><\/p>\n<p>La perte auditive due au bruit est li\u00e9e \u00e0 la dur\u00e9e et \u00e0 l\u2019intensit\u00e9 de l\u2019exposition sonore. Au d\u00e9but, ce type de perte auditive peut \u00eatre temporaire et se r\u00e9sorber en quelques jours. Souvent, les acouph\u00e8nes sont plus marqu\u00e9s que la perte auditive elle-m\u00eame. Les causes principales incluent la fr\u00e9quentation de lieux de divertissement, la participation \u00e0 des concerts, le fait de se trouver tr\u00e8s pr\u00e8s de la source sonore dans des environnements bruyants ou l\u2019exposition \u00e0 un bruit explosif soudain. Bien que cette situation puisse \u00eatre temporaire au d\u00e9part, si la personne continue de fr\u00e9quenter des environnements bruyants, elle peut devenir permanente.<\/p>\n<p>En outre, en cas d\u2019exposition continue \u00e0 des niveaux sonores \u00e9lev\u00e9s \u2014 en particulier dans le cadre du bruit professionnel \u2014 la perte auditive due au bruit peut devenir permanente. Par cons\u00e9quent, en l\u2019absence de mesures de protection et d\u2019intervention pr\u00e9coce, la r\u00e9cup\u00e9ration n\u2019est pas possible. Il n\u2019existe aucun traitement connu permettant de gu\u00e9rir la perte auditive due au bruit ; elle est donc permanente. La seule fa\u00e7on de lever les obstacles \u00e0 la vie quotidienne caus\u00e9s par cette perte auditive est de recourir aux appareils auditifs.<\/p>\n<p><strong>Quel est le niveau de bruit qui provoque une perte auditive ?<\/strong><\/p>\n<p>Le niveau de bruit susceptible de provoquer une perte auditive est d\u00e9fini selon des normes internationales. Conform\u00e9ment \u00e0 ces normes, le niveau sonore minimum pouvant endommager le syst\u00e8me auditif est fix\u00e9 \u00e0 85 dB (d\u00e9cibels). De plus, ces ondes sonores nocives couvrent une large gamme de fr\u00e9quences. Ainsi, des sons d\u00e9passant ces valeurs peuvent entra\u00eener une perte auditive en cas d\u2019exposition prolong\u00e9e. Par cons\u00e9quent, la dur\u00e9e et l\u2019intensit\u00e9 de l\u2019exposition au bruit sont des facteurs essentiels pour la sant\u00e9 auditive.<\/p>\n\t\t<\/div>\n\t\t\t\t\t<\/div>\n\n\t\n\n\t<div id=\"col-1640242011\" class=\"col small-12 large-12\"  >\n\t\t\t\t<div class=\"col-inner\"  >\n\t\t\t\n\t\t\t\n\t<div id=\"text-271457096\" class=\"text\">\n\t\t\n<h2>Articles de blog<\/h2>\n\t\t\n<style>\n#text-271457096 {\n  text-align: center;\n}\n<\/style>\n\t<\/div>\n\t\n\n  \n    <div class=\"row large-columns-3 medium-columns-1 small-columns-1 slider row-slider slider-nav-reveal slider-nav-push\"  data-flickity-options='{&quot;imagesLoaded&quot;: true, &quot;groupCells&quot;: &quot;100%&quot;, &quot;dragThreshold&quot; : 5, &quot;cellAlign&quot;: &quot;left&quot;,&quot;wrapAround&quot;: true,&quot;prevNextButtons&quot;: true,&quot;percentPosition&quot;: true,&quot;pageDots&quot;: false, &quot;rightToLeft&quot;: false, &quot;autoPlay&quot; : false}' >\n\n  <div class=\"col post-item\" >\n\t\t\t<div class=\"col-inner\">\n\t\t\t\t<div class=\"box box-default box-text-bottom box-blog-post has-hover\">\n            \t\t\t\t\t<div class=\"box-image\" >\n  \t\t\t\t\t\t<div class=\"image-cover\" style=\"padding-top:56.25%;\">\n\t\t\t\t\t\t\t<a href=\"https:\/\/emelugur.com\/fr\/vemp\/\" class=\"plain\" aria-label=\"VEMP\">\n\t\t\t\t\t\t\t\t<img decoding=\"async\" width=\"800\" height=\"351\" src=\"https:\/\/emelugur.com\/wp-content\/uploads\/2024\/12\/VEMP-800x351.jpg\" class=\"attachment-medium size-medium wp-post-image\" alt=\"\" srcset=\"https:\/\/emelugur.com\/wp-content\/uploads\/2024\/12\/VEMP-800x351.jpg 800w, https:\/\/emelugur.com\/wp-content\/uploads\/2024\/12\/VEMP-768x337.jpg 768w, https:\/\/emelugur.com\/wp-content\/uploads\/2024\/12\/VEMP.jpg 1140w\" sizes=\"(max-width: 800px) 100vw, 800px\" title=\"\">\t\t\t\t\t\t\t<\/a>\n  \t\t\t\t\t\t\t  \t\t\t\t\t\t\t  \t\t\t\t\t\t<\/div>\n  \t\t\t\t\t\t  \t\t\t\t\t<\/div>\n          \t\t\t\t\t<div class=\"box-text text-center\" >\n\t\t\t\t\t<div class=\"box-text-inner blog-post-inner\">\n\n\t\t\t\t\t\n\t\t\t\t\t\t\t\t\t\t<h5 class=\"post-title is-large \">\n\t\t\t\t\t\t<a href=\"https:\/\/emelugur.com\/fr\/vemp\/\" class=\"plain\">VEMP<\/a>\n\t\t\t\t\t<\/h5>\n\t\t\t\t\t\t\t\t\t\t<div class=\"is-divider\"><\/div>\n\t\t\t\t\t                    \n\t\t\t\t\t\t\t\t\t\t\t<a href=\"https:\/\/emelugur.com\/fr\/vemp\/\" class=\"button primary is-outline is-small mb-0\">\n\t\t\t\t\t\t\tLire la suite\t\t\t\t\t\t<\/a>\n\t\t\t\t\t\n\t\t\t\t\t\n\t\t\t\t\t<\/div>\n\t\t\t\t\t<\/div>\n\t\t\t\t\t\t\t\t\t\t\t\t\t\t\t\t<div class=\"badge absolute top post-date badge-outline\">\n\t\t\t\t\t\t\t<div class=\"badge-inner\">\n\t\t\t\t\t\t\t\t<span class=\"post-date-day\">23<\/span><br>\n\t\t\t\t\t\t\t\t<span class=\"post-date-month is-xsmall\">D\u00e9c<\/span>\n\t\t\t\t\t\t\t<\/div>\n\t\t\t\t\t\t<\/div>\n\t\t\t\t\t\t\t\t\t<\/div>\n\t\t\t<\/div>\n\t\t<\/div><div class=\"col post-item\" >\n\t\t\t<div class=\"col-inner\">\n\t\t\t\t<div class=\"box box-default box-text-bottom box-blog-post has-hover\">\n            \t\t\t\t\t<div class=\"box-image\" >\n  \t\t\t\t\t\t<div class=\"image-cover\" style=\"padding-top:56.25%;\">\n\t\t\t\t\t\t\t<a href=\"https:\/\/emelugur.com\/fr\/test-calorique\/\" class=\"plain\" aria-label=\"Test calorique\">\n\t\t\t\t\t\t\t\t<img decoding=\"async\" width=\"800\" height=\"351\" src=\"https:\/\/emelugur.com\/wp-content\/uploads\/2024\/12\/Kalorik-Test-800x351.jpg\" class=\"attachment-medium size-medium wp-post-image\" alt=\"\" srcset=\"https:\/\/emelugur.com\/wp-content\/uploads\/2024\/12\/Kalorik-Test-800x351.jpg 800w, https:\/\/emelugur.com\/wp-content\/uploads\/2024\/12\/Kalorik-Test-768x337.jpg 768w, https:\/\/emelugur.com\/wp-content\/uploads\/2024\/12\/Kalorik-Test.jpg 1140w\" sizes=\"(max-width: 800px) 100vw, 800px\" title=\"\">\t\t\t\t\t\t\t<\/a>\n  \t\t\t\t\t\t\t  \t\t\t\t\t\t\t  \t\t\t\t\t\t<\/div>\n  \t\t\t\t\t\t  \t\t\t\t\t<\/div>\n          \t\t\t\t\t<div class=\"box-text text-center\" >\n\t\t\t\t\t<div class=\"box-text-inner blog-post-inner\">\n\n\t\t\t\t\t\n\t\t\t\t\t\t\t\t\t\t<h5 class=\"post-title is-large \">\n\t\t\t\t\t\t<a href=\"https:\/\/emelugur.com\/fr\/test-calorique\/\" class=\"plain\">Test calorique<\/a>\n\t\t\t\t\t<\/h5>\n\t\t\t\t\t\t\t\t\t\t<div class=\"is-divider\"><\/div>\n\t\t\t\t\t                    \n\t\t\t\t\t\t\t\t\t\t\t<a href=\"https:\/\/emelugur.com\/fr\/test-calorique\/\" class=\"button primary is-outline is-small mb-0\">\n\t\t\t\t\t\t\tLire la suite\t\t\t\t\t\t<\/a>\n\t\t\t\t\t\n\t\t\t\t\t\n\t\t\t\t\t<\/div>\n\t\t\t\t\t<\/div>\n\t\t\t\t\t\t\t\t\t\t\t\t\t\t\t\t<div class=\"badge absolute top post-date badge-outline\">\n\t\t\t\t\t\t\t<div class=\"badge-inner\">\n\t\t\t\t\t\t\t\t<span class=\"post-date-day\">23<\/span><br>\n\t\t\t\t\t\t\t\t<span class=\"post-date-month is-xsmall\">D\u00e9c<\/span>\n\t\t\t\t\t\t\t<\/div>\n\t\t\t\t\t\t<\/div>\n\t\t\t\t\t\t\t\t\t<\/div>\n\t\t\t<\/div>\n\t\t<\/div><div class=\"col post-item\" >\n\t\t\t<div class=\"col-inner\">\n\t\t\t\t<div class=\"box box-default box-text-bottom box-blog-post has-hover\">\n            \t\t\t\t\t<div class=\"box-image\" >\n  \t\t\t\t\t\t<div class=\"image-cover\" style=\"padding-top:56.25%;\">\n\t\t\t\t\t\t\t<a href=\"https:\/\/emelugur.com\/fr\/audiometrie-tonale-liminaire\/\" class=\"plain\" aria-label=\"Audiom\u00e9trie tonale liminaire\">\n\t\t\t\t\t\t\t\t<img decoding=\"async\" width=\"800\" height=\"351\" src=\"https:\/\/emelugur.com\/wp-content\/uploads\/2024\/12\/Saf-Ses-Odyometrisi-800x351.jpg\" class=\"attachment-medium size-medium wp-post-image\" alt=\"\" srcset=\"https:\/\/emelugur.com\/wp-content\/uploads\/2024\/12\/Saf-Ses-Odyometrisi-800x351.jpg 800w, https:\/\/emelugur.com\/wp-content\/uploads\/2024\/12\/Saf-Ses-Odyometrisi-768x337.jpg 768w, https:\/\/emelugur.com\/wp-content\/uploads\/2024\/12\/Saf-Ses-Odyometrisi.jpg 1140w\" sizes=\"(max-width: 800px) 100vw, 800px\" title=\"\">\t\t\t\t\t\t\t<\/a>\n  \t\t\t\t\t\t\t  \t\t\t\t\t\t\t  \t\t\t\t\t\t<\/div>\n  \t\t\t\t\t\t  \t\t\t\t\t<\/div>\n          \t\t\t\t\t<div class=\"box-text text-center\" >\n\t\t\t\t\t<div class=\"box-text-inner blog-post-inner\">\n\n\t\t\t\t\t\n\t\t\t\t\t\t\t\t\t\t<h5 class=\"post-title is-large \">\n\t\t\t\t\t\t<a href=\"https:\/\/emelugur.com\/fr\/audiometrie-tonale-liminaire\/\" class=\"plain\">Audiom\u00e9trie tonale liminaire<\/a>\n\t\t\t\t\t<\/h5>\n\t\t\t\t\t\t\t\t\t\t<div class=\"is-divider\"><\/div>\n\t\t\t\t\t                    \n\t\t\t\t\t\t\t\t\t\t\t<a href=\"https:\/\/emelugur.com\/fr\/audiometrie-tonale-liminaire\/\" class=\"button primary is-outline is-small mb-0\">\n\t\t\t\t\t\t\tLire la suite\t\t\t\t\t\t<\/a>\n\t\t\t\t\t\n\t\t\t\t\t\n\t\t\t\t\t<\/div>\n\t\t\t\t\t<\/div>\n\t\t\t\t\t\t\t\t\t\t\t\t\t\t\t\t<div class=\"badge absolute top post-date badge-outline\">\n\t\t\t\t\t\t\t<div class=\"badge-inner\">\n\t\t\t\t\t\t\t\t<span class=\"post-date-day\">23<\/span><br>\n\t\t\t\t\t\t\t\t<span class=\"post-date-month is-xsmall\">D\u00e9c<\/span>\n\t\t\t\t\t\t\t<\/div>\n\t\t\t\t\t\t<\/div>\n\t\t\t\t\t\t\t\t\t<\/div>\n\t\t\t<\/div>\n\t\t<\/div><div class=\"col post-item\" >\n\t\t\t<div class=\"col-inner\">\n\t\t\t\t<div class=\"box box-default box-text-bottom box-blog-post has-hover\">\n            \t\t\t\t\t<div class=\"box-image\" >\n  \t\t\t\t\t\t<div class=\"image-cover\" style=\"padding-top:56.25%;\">\n\t\t\t\t\t\t\t<a href=\"https:\/\/emelugur.com\/fr\/analyse-immittancemetrique\/\" class=\"plain\" aria-label=\"Analyse immittancem\u00e9trique\">\n\t\t\t\t\t\t\t\t<img decoding=\"async\" width=\"800\" height=\"351\" src=\"https:\/\/emelugur.com\/wp-content\/uploads\/2024\/12\/Immitansmetrik-Inceleme-800x351.jpg\" class=\"attachment-medium size-medium wp-post-image\" alt=\"\" srcset=\"https:\/\/emelugur.com\/wp-content\/uploads\/2024\/12\/Immitansmetrik-Inceleme-800x351.jpg 800w, https:\/\/emelugur.com\/wp-content\/uploads\/2024\/12\/Immitansmetrik-Inceleme-768x337.jpg 768w, https:\/\/emelugur.com\/wp-content\/uploads\/2024\/12\/Immitansmetrik-Inceleme.jpg 1140w\" sizes=\"(max-width: 800px) 100vw, 800px\" title=\"\">\t\t\t\t\t\t\t<\/a>\n  \t\t\t\t\t\t\t  \t\t\t\t\t\t\t  \t\t\t\t\t\t<\/div>\n  \t\t\t\t\t\t  \t\t\t\t\t<\/div>\n          \t\t\t\t\t<div class=\"box-text text-center\" >\n\t\t\t\t\t<div class=\"box-text-inner blog-post-inner\">\n\n\t\t\t\t\t\n\t\t\t\t\t\t\t\t\t\t<h5 class=\"post-title is-large \">\n\t\t\t\t\t\t<a href=\"https:\/\/emelugur.com\/fr\/analyse-immittancemetrique\/\" class=\"plain\">Analyse immittancem\u00e9trique<\/a>\n\t\t\t\t\t<\/h5>\n\t\t\t\t\t\t\t\t\t\t<div class=\"is-divider\"><\/div>\n\t\t\t\t\t                    \n\t\t\t\t\t\t\t\t\t\t\t<a href=\"https:\/\/emelugur.com\/fr\/analyse-immittancemetrique\/\" class=\"button primary is-outline is-small mb-0\">\n\t\t\t\t\t\t\tLire la suite\t\t\t\t\t\t<\/a>\n\t\t\t\t\t\n\t\t\t\t\t\n\t\t\t\t\t<\/div>\n\t\t\t\t\t<\/div>\n\t\t\t\t\t\t\t\t\t\t\t\t\t\t\t\t<div class=\"badge absolute top post-date badge-outline\">\n\t\t\t\t\t\t\t<div class=\"badge-inner\">\n\t\t\t\t\t\t\t\t<span class=\"post-date-day\">23<\/span><br>\n\t\t\t\t\t\t\t\t<span class=\"post-date-month is-xsmall\">D\u00e9c<\/span>\n\t\t\t\t\t\t\t<\/div>\n\t\t\t\t\t\t<\/div>\n\t\t\t\t\t\t\t\t\t<\/div>\n\t\t\t<\/div>\n\t\t<\/div><div class=\"col post-item\" >\n\t\t\t<div class=\"col-inner\">\n\t\t\t\t<div class=\"box box-default box-text-bottom box-blog-post has-hover\">\n            \t\t\t\t\t<div class=\"box-image\" >\n  \t\t\t\t\t\t<div class=\"image-cover\" style=\"padding-top:56.25%;\">\n\t\t\t\t\t\t\t<a href=\"https:\/\/emelugur.com\/fr\/perte-auditive-chez-les-jeunes-adultes\/\" class=\"plain\" aria-label=\"Perte auditive chez les jeunes adultes\">\n\t\t\t\t\t\t\t\t<img decoding=\"async\" width=\"711\" height=\"400\" src=\"https:\/\/emelugur.com\/wp-content\/uploads\/2024\/06\/genclerde-isitme-kaybi-711x400.jpg\" class=\"attachment-medium size-medium wp-post-image\" alt=\"gen\u00e7lerde i\u015fitme kayb\u0131\" srcset=\"https:\/\/emelugur.com\/wp-content\/uploads\/2024\/06\/genclerde-isitme-kaybi-711x400.jpg 711w, https:\/\/emelugur.com\/wp-content\/uploads\/2024\/06\/genclerde-isitme-kaybi-1400x788.jpg 1400w, https:\/\/emelugur.com\/wp-content\/uploads\/2024\/06\/genclerde-isitme-kaybi-768x432.jpg 768w, https:\/\/emelugur.com\/wp-content\/uploads\/2024\/06\/genclerde-isitme-kaybi-1536x864.jpg 1536w, https:\/\/emelugur.com\/wp-content\/uploads\/2024\/06\/genclerde-isitme-kaybi.jpg 1600w\" sizes=\"(max-width: 711px) 100vw, 711px\" title=\"\">\t\t\t\t\t\t\t<\/a>\n  \t\t\t\t\t\t\t  \t\t\t\t\t\t\t  \t\t\t\t\t\t<\/div>\n  \t\t\t\t\t\t  \t\t\t\t\t<\/div>\n          \t\t\t\t\t<div class=\"box-text text-center\" >\n\t\t\t\t\t<div class=\"box-text-inner blog-post-inner\">\n\n\t\t\t\t\t\n\t\t\t\t\t\t\t\t\t\t<h5 class=\"post-title is-large \">\n\t\t\t\t\t\t<a href=\"https:\/\/emelugur.com\/fr\/perte-auditive-chez-les-jeunes-adultes\/\" class=\"plain\">Perte auditive chez les jeunes adultes<\/a>\n\t\t\t\t\t<\/h5>\n\t\t\t\t\t\t\t\t\t\t<div class=\"is-divider\"><\/div>\n\t\t\t\t\t                    \n\t\t\t\t\t\t\t\t\t\t\t<a href=\"https:\/\/emelugur.com\/fr\/perte-auditive-chez-les-jeunes-adultes\/\" class=\"button primary is-outline is-small mb-0\">\n\t\t\t\t\t\t\tLire la suite\t\t\t\t\t\t<\/a>\n\t\t\t\t\t\n\t\t\t\t\t\n\t\t\t\t\t<\/div>\n\t\t\t\t\t<\/div>\n\t\t\t\t\t\t\t\t\t\t\t\t\t\t\t\t<div class=\"badge absolute top post-date badge-outline\">\n\t\t\t\t\t\t\t<div class=\"badge-inner\">\n\t\t\t\t\t\t\t\t<span class=\"post-date-day\">18<\/span><br>\n\t\t\t\t\t\t\t\t<span class=\"post-date-month is-xsmall\">Juin<\/span>\n\t\t\t\t\t\t\t<\/div>\n\t\t\t\t\t\t<\/div>\n\t\t\t\t\t\t\t\t\t<\/div>\n\t\t\t<\/div>\n\t\t<\/div><\/div>\n\t\t<\/div>\n\t\t\t\t\t<\/div>\n\n\t\n<\/div>\n\t\t<\/div>\n\t\t\t\t\t<\/div>\n\n\t\n<\/div>\n\t\t<\/div>\n\n\t\t\n<style>\n#section_1427693959 {\n  padding-top: 30px;\n  padding-bottom: 30px;\n}\n<\/style>\n\t<\/section>\n\t\n<div style='text-align:center' class='yasr-auto-insert-visitor'><\/div>","protected":false},"excerpt":{"rendered":"","protected":false},"author":1,"featured_media":3419,"parent":3396,"menu_order":0,"comment_status":"closed","ping_status":"closed","template":"page-blank.php","meta":{"yasr_overall_rating":0,"yasr_post_is_review":"","yasr_auto_insert_disabled":"","yasr_review_type":"","footnotes":""},"class_list":["post-3421","page","type-page","status-publish","has-post-thumbnail","hentry"],"yasr_visitor_votes":{"stars_attributes":{"read_only":false,"span_bottom":false},"number_of_votes":0,"sum_votes":0},"_links":{"self":[{"href":"https:\/\/emelugur.com\/fr\/wp-json\/wp\/v2\/pages\/3421","targetHints":{"allow":["GET"]}}],"collection":[{"href":"https:\/\/emelugur.com\/fr\/wp-json\/wp\/v2\/pages"}],"about":[{"href":"https:\/\/emelugur.com\/fr\/wp-json\/wp\/v2\/types\/page"}],"author":[{"embeddable":true,"href":"https:\/\/emelugur.com\/fr\/wp-json\/wp\/v2\/users\/1"}],"replies":[{"embeddable":true,"href":"https:\/\/emelugur.com\/fr\/wp-json\/wp\/v2\/comments?post=3421"}],"version-history":[{"count":3,"href":"https:\/\/emelugur.com\/fr\/wp-json\/wp\/v2\/pages\/3421\/revisions"}],"predecessor-version":[{"id":3451,"href":"https:\/\/emelugur.com\/fr\/wp-json\/wp\/v2\/pages\/3421\/revisions\/3451"}],"up":[{"embeddable":true,"href":"https:\/\/emelugur.com\/fr\/wp-json\/wp\/v2\/pages\/3396"}],"wp:featuredmedia":[{"embeddable":true,"href":"https:\/\/emelugur.com\/fr\/wp-json\/wp\/v2\/media\/3419"}],"wp:attachment":[{"href":"https:\/\/emelugur.com\/fr\/wp-json\/wp\/v2\/media?parent=3421"}],"curies":[{"name":"wp","href":"https:\/\/api.w.org\/{rel}","templated":true}]}}