{"id":3466,"date":"2024-05-28T11:59:36","date_gmt":"2024-05-28T11:59:36","guid":{"rendered":"https:\/\/emelugur.com\/?page_id=3466"},"modified":"2025-11-20T12:34:24","modified_gmt":"2025-11-20T12:34:24","slug":"vertige","status":"publish","type":"page","link":"https:\/\/emelugur.com\/fr\/vertige\/","title":{"rendered":"Vertige"},"content":{"rendered":"\n\t<section class=\"section\" id=\"section_2011868563\">\n\t\t<div class=\"section-bg fill\" >\n\t\t\t<img decoding=\"async\" width=\"1920\" height=\"1280\" src=\"https:\/\/emelugur.com\/wp-content\/uploads\/2024\/05\/low-angle-view-distraught-man-holding-his-head-pain-while-sitting-living-room-copy.webp\" class=\"bg attachment-2048x2048 size-2048x2048\" alt=\"\" title=\"\">\t\t\t\t\t\t\n\t\t\t\n\n\t\t<\/div>\n\n\t\t\n\n\t\t<div class=\"section-content relative\">\n\t\t\t\n<div class=\"row\"  id=\"row-780937108\">\n\n\t<div id=\"col-1030264744\" class=\"col medium-7 small-12 large-7\"  >\n\t\t\t\t<div class=\"col-inner text-left\" style=\"background-color:rgba(255, 255, 255, 0.7);\" >\n\t\t\t\n\t\t\t\n  <div id=\"page-header-1823653724\" class=\"page-header-wrapper\">\n  <div class=\"page-title light simple-title\">\n\n    \n    <div class=\"page-title-inner container align-center text-center flex-row-col medium-flex-wrap\" >\n              <div class=\"title-wrapper is-larger flex-col\">\n          <h1 class=\"entry-title mb-0\">\n            Vertige : qu\u2019est-ce que c\u2019est, ses sympt\u00f4mes, ses causes et comment dispara\u00eet-il ?          <\/h1>\n        <\/div>\n                    <div class=\"title-content flex-col\">\n        <div class=\"title-breadcrumbs pb-half pt-half\"><\/div>      <\/div>\n    <\/div>\n\n       <\/div>\n    <\/div>\n  \n\t\t<\/div>\n\t\t\t\t\n<style>\n#col-1030264744 > .col-inner {\n  padding: 0px 10px 0px 10px;\n  border-radius: 20px;\n}\n<\/style>\n\t<\/div>\n\n\t\n<\/div>\n\t\t<\/div>\n\n\t\t\n<style>\n#section_2011868563 {\n  padding-top: 175px;\n  padding-bottom: 175px;\n}\n#section_2011868563 .section-bg img {\n  object-position: 50% 35%;\n}\n<\/style>\n\t<\/section>\n\t\n\n\t<section class=\"section\" id=\"section_458899873\">\n\t\t<div class=\"section-bg fill\" >\n\t\t\t\t\t\t\t\t\t\n\t\t\t\n\n\t\t<\/div>\n\n\t\t\n\n\t\t<div class=\"section-content relative\">\n\t\t\t\n<div class=\"row\"  id=\"row-1833313540\">\n\n\t<div id=\"col-1691741328\" class=\"col small-12 large-12\"  >\n\t\t\t\t<div class=\"col-inner\"  >\n\t\t\t\n\t\t\t\n<div class=\"row\"  id=\"row-558681678\">\n\n\t<div id=\"col-1500560602\" class=\"col small-12 large-12\"  >\n\t\t\t\t<div class=\"col-inner\"  >\n\t\t\t\n\t\t\t\n<p>Le vertige (\u00e9tourdissement) est un trouble fr\u00e9quemment rencontr\u00e9, dans lequel la personne a l\u2019impression que son corps ou son environnement tourne. Cette sensation est l\u2019une des principales raisons de consultation en soins de sant\u00e9 primaires et de recours aux services d\u2019urgence. Une grande majorit\u00e9 des patients qui se pr\u00e9sentent aux urgences pour des \u00e9tourdissements souffrent d\u2019un vertige d\u2019origine labyrinthisque (provenant de l\u2019oreille interne). Ces crises de vertige sont s\u00e9v\u00e8res et tr\u00e8s intenses. La personne ressent comme si son environnement tournait de mani\u00e8re tr\u00e8s marqu\u00e9e. Par cons\u00e9quent, des naus\u00e9es et vomissements s\u00e9v\u00e8res peuvent accompagner le vertige. De telles crises indiquent une pathologie au niveau du syst\u00e8me vestibulaire. Les \u00e9valuations vestibulaires r\u00e9alis\u00e9es en phase aigu\u00eb sont tr\u00e8s utiles pour le diagnostic. Ainsi, gr\u00e2ce \u00e0 un diagnostic pr\u00e9cis, le traitement et la r\u00e9\u00e9ducation peuvent commencer sans d\u00e9lai.<\/p>\n<table>\n<tbody>\n<tr>\n<td>\n<p>D\u00e9finition<\/p>\n<\/td>\n<td>\n<p>Un trouble de l\u2019\u00e9quilibre dans lequel la personne a l\u2019impression que son corps ou son environnement tourne.<\/p>\n<\/td>\n<\/tr>\n<tr>\n<td>\n<p>Causes<\/p>\n<\/td>\n<td>\n<p>&#8211; Probl\u00e8mes de l\u2019oreille interne (VPPB, maladie de M\u00e9ni\u00e8re, n\u00e9vrite vestibulaire)<\/p>\n<p>&#8211; Migraine<\/p>\n<p>&#8211; Traumatisme cr\u00e2nien<\/p>\n<p>&#8211; Probl\u00e8mes d\u2019origine c\u00e9r\u00e9brale (par ex. AVC, tumeurs)<\/p>\n<\/td>\n<\/tr>\n<tr>\n<td>\n<p>Sympt\u00f4mes<\/p>\n<\/td>\n<td>\n<p>Vertiges, naus\u00e9es, vomissements, perte d\u2019\u00e9quilibre, sueurs, acouph\u00e8nes.<\/p>\n<\/td>\n<\/tr>\n<tr>\n<td>\n<p>M\u00e9thodes diagnostiques<\/p>\n<\/td>\n<td>\n<p>&#8211; Examen clinique (\u00e9valuations posturales, tests c\u00e9r\u00e9belleux au lit du malade, anamn\u00e8se, etc.)<\/p>\n<p>&#8211; \u00c9valuations audiom\u00e9triques<\/p>\n<p>&#8211; Tests diagnostiques vestibulaires<\/p>\n<p>&#8211; Imagerie (IRM, CT).<\/p>\n<\/td>\n<\/tr>\n<tr>\n<td>\n<p>M\u00e9thodes de traitement<\/p>\n<\/td>\n<td>\n<p>&#8211; Man\u0153uvres positionnelles (man\u0153uvres de repositionnement des cristaux \u2013 uniquement pour le VPPB)<\/p>\n<p>&#8211; M\u00e9dication (m\u00e9dicaments anti-vertigineux)<\/p>\n<p>&#8211; R\u00e9\u00e9ducation vestibulaire (doit \u00eatre davantage expliqu\u00e9e \u2013 avec un accent sur la r\u00e9alit\u00e9 virtuelle)<\/p>\n<p>&#8211; Intervention chirurgicale (rare).<\/p>\n<\/td>\n<\/tr>\n<tr>\n<td>\n<p>Facteurs de risque<\/p>\n<\/td>\n<td>\n<p>\u00c2ge, infections de l\u2019oreille interne, ant\u00e9c\u00e9dents de migraine, traumatisme cr\u00e2nien, stress, mauvaise qualit\u00e9 de vie<\/p>\n<\/td>\n<\/tr>\n<tr>\n<td>\n<p>Complications<\/p>\n<\/td>\n<td>\n<p>Risque de chute, limitations dans les activit\u00e9s quotidiennes, anxi\u00e9t\u00e9 et d\u00e9pression.<\/p>\n<\/td>\n<\/tr>\n<tr>\n<td>\n<p>M\u00e9thodes de pr\u00e9vention<\/p>\n<\/td>\n<td>\n<p>Exercices d\u2019\u00e9quilibre, traitement des infections, \u00e9viter le stress, mouvements prudents de la t\u00eate.<\/p>\n<\/td>\n<\/tr>\n<\/tbody>\n<\/table>\n\n\t<section class=\"section\" id=\"section_839672311\">\n\t\t<div class=\"section-bg fill\" >\n\t\t\t<img decoding=\"async\" width=\"1920\" height=\"800\" src=\"https:\/\/emelugur.com\/wp-content\/uploads\/2024\/05\/icon_background.webp\" class=\"bg attachment-2048x2048 size-2048x2048\" alt=\"\" title=\"\">\t\t\t\t\t\t\n\t\t\t\n\n\t\t<\/div>\n\n\t\t\n\n\t\t<div class=\"section-content relative\">\n\t\t\t\n\n<div class=\"row\"  id=\"row-415714004\">\n\n\n\t<div id=\"col-48392277\" class=\"col small-12 large-12\"  >\n\t\t\t\t<div class=\"col-inner dark\" style=\"background-color:#00a2e9;\" >\n\t\t\t\n\t\t\t\n\n<div class=\"row\"  id=\"row-763941631\">\n\n\n\t<div id=\"col-392935010\" class=\"col hide-for-small medium-5 small-12 large-5\"  >\n\t\t\t\t<div class=\"col-inner\"  >\n\t\t\t\n\t\t\t\n\n\t<div class=\"img has-hover border-gorsel x md-x lg-x y md-y lg-y\" id=\"image_1691665791\">\n\t\t\t\t\t\t\t\t<div class=\"img-inner image-cover dark\" style=\"padding-top:100%;\">\n\t\t\t<img decoding=\"async\" width=\"600\" height=\"737\" src=\"https:\/\/emelugur.com\/wp-content\/uploads\/2024\/08\/Dr.-Odyolog-Emel-Ugur.jpg\" class=\"attachment-2048x2048 size-2048x2048\" alt=\"\" srcset=\"https:\/\/emelugur.com\/wp-content\/uploads\/2024\/08\/Dr.-Odyolog-Emel-Ugur.jpg 600w, https:\/\/emelugur.com\/wp-content\/uploads\/2024\/08\/Dr.-Odyolog-Emel-Ugur-326x400.jpg 326w\" sizes=\"(max-width: 600px) 100vw, 600px\" title=\"\">\t\t\t\t\t\t\n\t\t\t\t\t<\/div>\n\t\t\t\t\t\t\t\t\n<style>\n#image_1691665791 {\n  width: 100%;\n}\n<\/style>\n\t<\/div>\n\t\n\n\n\t\t<\/div>\n\t\t\t\t\t<\/div>\n\n\t\n\n\t<div id=\"col-1044891019\" class=\"col medium-7 small-12 large-7 small-col-first\"  >\n\t\t\t\t<div class=\"col-inner\"  >\n\t\t\t\n\t\t\t\n\n\t<div class=\"img has-hover border-gorsel show-for-small x md-x lg-x y md-y lg-y\" id=\"image_1243584289\">\n\t\t\t\t\t\t\t\t<div class=\"img-inner dark\" >\n\t\t\t<img decoding=\"async\" width=\"600\" height=\"737\" src=\"https:\/\/emelugur.com\/wp-content\/uploads\/2024\/08\/Dr.-Odyolog-Emel-Ugur.jpg\" class=\"attachment-2048x2048 size-2048x2048\" alt=\"\" srcset=\"https:\/\/emelugur.com\/wp-content\/uploads\/2024\/08\/Dr.-Odyolog-Emel-Ugur.jpg 600w, https:\/\/emelugur.com\/wp-content\/uploads\/2024\/08\/Dr.-Odyolog-Emel-Ugur-326x400.jpg 326w\" sizes=\"(max-width: 600px) 100vw, 600px\" title=\"\">\t\t\t\t\t\t\n\t\t\t\t\t<\/div>\n\t\t\t\t\t\t\t\t\n<style>\n#image_1243584289 {\n  width: 100%;\n}\n@media (min-width:550px) {\n  #image_1243584289 {\n    width: 87%;\n  }\n}\n<\/style>\n\t<\/div>\n\t\n\n\t<div id=\"text-2407274509\" class=\"text\">\n\t\t\n\n<p><span style=\"font-size: 120%;\"><strong>Docteure Audiologiste<br \/>Emel U\u011fur<\/strong><\/span><\/p>\n\t\t\n<style>\n#text-2407274509 {\n  font-size: 1.25rem;\n}\n@media (min-width:550px) {\n  #text-2407274509 {\n    font-size: 2rem;\n  }\n}\n<\/style>\n\t<\/div>\n\t\n\t<div id=\"text-3120532284\" class=\"text\">\n\t\t\n\nLa Dre Audiologiste Emel U\u011fur est n\u00e9e en 1982 \u00e0 \u00c7anakkale. Au cours de ses 15 ann\u00e9es de service \u00e0 l\u2019H\u00f4pital d\u2019Enseignement et de Recherche d\u2019Istanbul, elle a principalement travaill\u00e9 sur l\u2019audiologie p\u00e9diatrique (pertes auditives chez les b\u00e9b\u00e9s et les enfants), les maladies otologiques (maladies de l\u2019oreille et sant\u00e9 auditive) et les troubles du syst\u00e8me vestibulaire (vertiges et d\u00e9s\u00e9quilibre). En 2015, elle a rejoint le Groupe de Sant\u00e9 Ac\u0131badem.\n\t\t\n<style>\n#text-3120532284 {\n  font-size: 1rem;\n}\n@media (min-width:550px) {\n  #text-3120532284 {\n    font-size: 1rem;\n  }\n}\n<\/style>\n\t<\/div>\n\t\n\t<div id=\"gap-1392929663\" class=\"gap-element clearfix\" style=\"display:block; height:auto;\">\n\t\t\n<style>\n#gap-1392929663 {\n  padding-top: 20px;\n}\n<\/style>\n\t<\/div>\n\t\n\n<a href=\"\/hakkimda\/\" class=\"button white is-shade lowercase\" style=\"border-radius:15px;\">\n\t\t<span>\u00c0 propos<\/span>\n\t<\/a>\n\n\n\n\t\t<\/div>\n\t\t\t\t\t<\/div>\n\n\t\n\n<\/div>\n\n\t\t<\/div>\n\t\t\t\t\n<style>\n#col-48392277 > .col-inner {\n  padding: 30px 15px 1px 15px;\n  border-radius: 20px;\n}\n@media (min-width:550px) {\n  #col-48392277 > .col-inner {\n    padding: 30px 30px 1px 30px;\n  }\n}\n<\/style>\n\t<\/div>\n\n\t\n\n<\/div>\n\n\t\t<\/div>\n\n\t\t\n<style>\n#section_839672311 {\n  padding-top: 30px;\n  padding-bottom: 30px;\n}\n#section_839672311 .section-bg img {\n  object-position: 0% 50%;\n}\n<\/style>\n\t<\/section>\n\t\n<h2>Le vertige est-il un probl\u00e8me de sant\u00e9 fr\u00e9quent ?<\/h2>\n<p><span style=\"font-weight: 400;\">Le vertige, ou \u00e9tourdissement, est un trouble actif. Les cas aigus caract\u00e9ris\u00e9s par des vertiges et un d\u00e9s\u00e9quilibre sont d\u2019origine vestibulaire (oreille interne) dans 80&nbsp;% des cas et d\u2019origine centrale (syst\u00e8me nerveux central) dans 20&nbsp;% des cas. Par cons\u00e9quent, il est extr\u00eamement important d\u2019identifier correctement les sympt\u00f4mes du vertige.<\/span><\/p>\n<p><span style=\"font-weight: 400;\">Le vertige peut toucher des personnes de tous les groupes d\u2019\u00e2ge. De plus, il peut survenir pour des raisons diff\u00e9rentes selon l\u2019\u00e2ge&nbsp;:<\/span><\/p>\n<p><span style=\"font-weight: 400;\">Dans la population plus jeune, des affections telles que le VPPB, la maladie de M\u00e9ni\u00e8re, la n\u00e9vrite vestibulaire et la migraine vestibulaire sont plus fr\u00e9quemment observ\u00e9es. Avec l\u2019avanc\u00e9e en \u00e2ge et la pr\u00e9sence de maladies syst\u00e9miques, les \u00e9tiologies centrales doivent \u00eatre exclues en priorit\u00e9. Des modifications li\u00e9es \u00e0 l\u2019\u00e2ge surviennent \u00e9galement dans l\u2019oreille interne, d\u00e9sign\u00e9es sous le nom de presbyvestibulopathie. Les personnes qui d\u00e9veloppent une presbyvestibulopathie peuvent pr\u00e9senter un d\u00e9s\u00e9quilibre chronique et des \u00e9pisodes aigus de vertige. Ces personnes sont plus sujettes au VPPB. Chez les patients \u00e2g\u00e9s, une \u00e9valuation globale est essentielle, en tenant compte du risque de chute et de toute autre complication potentielle.<\/span><\/p>\n<p><iframe title=\"Vertigo Nedir? | Dr. Ody Emel U\u011fur #ba\u015fd\u00f6nmesi\" width=\"563\" height=\"1000\" src=\"https:\/\/www.youtube.com\/embed\/_h6EfqU17TA?feature=oembed\" frameborder=\"0\" allow=\"accelerometer; autoplay; clipboard-write; encrypted-media; gyroscope; picture-in-picture; web-share\" referrerpolicy=\"strict-origin-when-cross-origin\" allowfullscreen><\/iframe><\/p>\n<p><span style=\"font-weight: 400;\">Pour les deux groupes d\u2019\u00e2ge, la situation n\u00e9cessite une \u00e9valuation individualis\u00e9e et une approche de traitement\/r\u00e9\u00e9ducation personnalis\u00e9e. Une fois diagnostiqu\u00e9, le vertige est un probl\u00e8me de sant\u00e9 g\u00e9rable avec des interventions appropri\u00e9es, et il peut influencer de mani\u00e8re significative la qualit\u00e9 de vie des patients.<\/span><\/p>\n<h2>Quels sont les facteurs qui provoquent le vertige ?<\/h2>\n<p><span style=\"font-weight: 400;\">Le vertige est \u00e9tudi\u00e9 sous deux grands types&nbsp;: p\u00e9riph\u00e9rique et central. Le vertige p\u00e9riph\u00e9rique provient de probl\u00e8mes au niveau de l\u2019oreille interne et est g\u00e9n\u00e9ralement plus fr\u00e9quent. Le vertige central, quant \u00e0 lui, survient en lien avec des probl\u00e8mes du syst\u00e8me nerveux central.<\/span><\/p>\n<ul>\n<li style=\"font-weight: 400;\" aria-checked=\"false\" aria-level=\"1\"><span style=\"font-weight: 400;\">Parmi les types de vertige p\u00e9riph\u00e9rique, le vertige paroxystique positionnel b\u00e9nin (<b>VPPB<\/b>) est le plus fr\u00e9quent. Le VPPB est d\u00e9clench\u00e9 par les changements de position de la t\u00eate et provoque g\u00e9n\u00e9ralement de courtes crises de vertige. Cette affection est li\u00e9e au d\u00e9placement de cristaux de carbonate de calcium dans l\u2019oreille interne.<\/span><\/li>\n<\/ul>\n<p><span style=\"font-weight: 400;\">Une autre forme de vertige vestibulaire est la maladie de M\u00e9ni\u00e8re. La maladie de M\u00e9ni\u00e8re se caract\u00e9rise par une augmentation anormale de la pression du liquide dans l\u2019oreille interne. Les patients se pr\u00e9sentent g\u00e9n\u00e9ralement avec du vertige accompagn\u00e9 de plaintes de perte auditive, de sensation de pl\u00e9nitude dans l\u2019oreille et d\u2019acouph\u00e8nes. Il est important que cela soit r\u00e9guli\u00e8rement document\u00e9. Dans la maladie de M\u00e9ni\u00e8re, les crises de vertige peuvent durer de 20 minutes \u00e0 24 heures. La perte auditive et la sensation de pl\u00e9nitude dans l\u2019oreille peuvent se r\u00e9soudre spontan\u00e9ment apr\u00e8s une crise, bien qu\u2019une partie de la perte auditive puisse devenir permanente. En r\u00e9alit\u00e9, une hypofonction du syst\u00e8me vestibulaire du c\u00f4t\u00e9 atteint peut \u00e9galement se d\u00e9velopper. Par cons\u00e9quent, une documentation ad\u00e9quate est cruciale pour le plan de traitement. Dans la maladie de M\u00e9ni\u00e8re, le traitement m\u00e9dical est organis\u00e9 par un sp\u00e9cialiste ORL, et la r\u00e9\u00e9ducation vestibulaire doit \u00eatre imm\u00e9diatement mise en route lorsqu\u2019une maladie de M\u00e9ni\u00e8re est suspect\u00e9e.<\/span><\/p>\n<p><span style=\"font-weight: 400;\">La labyrinthite et la n\u00e9vrite vestibulaire surviennent g\u00e9n\u00e9ralement \u00e0 la suite d\u2019infections virales. Ces affections d\u00e9clenchent un processus inflammatoire dans l\u2019oreille interne, entra\u00eenant un d\u00e9s\u00e9quilibre et une sensation de vertige. Alors que la labyrinthite affecte des zones plus \u00e9tendues de l\u2019oreille interne, la n\u00e9vrite vestibulaire cible uniquement le nerf vestibulaire.<\/span><\/p>\n<blockquote>\n<p><i><span style=\"font-weight: 400;\">Les vertiges et les troubles de l\u2019\u00e9quilibre doivent \u00eatre abord\u00e9s dans une approche multidisciplinaire, en tenant compte des ant\u00e9c\u00e9dents d\u00e9taill\u00e9s du patient et de son examen clinique. Le diagnostic est d\u00e9termin\u00e9 par la dur\u00e9e des sympt\u00f4mes et les autres signes associ\u00e9s. Les tests \u00e0 effectuer peuvent varier selon la situation. Qu\u2019il y ait ou non des plaintes auditives, un examen de l\u2019audition doit \u00eatre r\u00e9alis\u00e9 pour le diagnostic diff\u00e9rentiel.<\/span><\/i><\/p>\n<\/blockquote>\n<ul>\n<li style=\"font-weight: 400;\" aria-checked=\"false\" aria-level=\"1\"><span style=\"font-weight: 400;\">Le vertige central est d\u00fb \u00e0 des probl\u00e8mes du syst\u00e8me nerveux central. Le type de vertige central le plus courant est la migraine vestibulaire (vertige associ\u00e9 \u00e0 la migraine). Le vertige pendant une crise migraineuse ou comme situation accompagnant la migraine peut \u00eatre observ\u00e9 avec des maux de t\u00eate, des naus\u00e9es et une sensibilit\u00e9 \u00e0 la lumi\u00e8re. Bien que le mal des transports ou le mal des mouvements induits visuellement (VIMS) ne provoquent pas \u00e0 l\u2019origine des vertiges, ils peuvent entra\u00eener un d\u00e9s\u00e9quilibre important. Le traitement de ces situations est planifi\u00e9 par des sp\u00e9cialistes en neurologie, et la r\u00e9\u00e9ducation vestibulaire vise \u00e0 aider les patients \u00e0 faire face aux crises et \u00e0 am\u00e9liorer leur qualit\u00e9 de vie.<\/span><\/li>\n<\/ul>\n<p><span style=\"font-weight: 400;\">Certaines tumeurs, en particulier celles qui affectent le cerveau et le syst\u00e8me nerveux, comme le schwannome ou le m\u00e9ningiome, comptent parmi les d\u00e9clencheurs de vertige.<\/span><\/p>\n<p><span style=\"font-weight: 400;\">Des affections telles que l\u2019AVC, les tumeurs c\u00e9r\u00e9brales et la scl\u00e9rose en plaques sont \u00e9galement \u00e9valu\u00e9es dans cette cat\u00e9gorie. Les l\u00e9sions qui surviennent au niveau du tronc c\u00e9r\u00e9bral et du cervelet peuvent provoquer des vertiges, accompagn\u00e9s de divers sympt\u00f4mes neurologiques.<\/span><\/p>\n\n\t<section class=\"section\" id=\"section_284577138\">\n\t\t<div class=\"section-bg fill\" >\n\t\t\t\t\t\t\t\t\t\n\t\t\t\n\n\t\t<\/div>\n\n\t\t\n\n\t\t<div class=\"section-content relative\">\n\t\t\t\r\n\r\n<div class=\"row\"  id=\"row-1499966605\">\r\n\r\n\n\t<div id=\"col-399187062\" class=\"col small-12 large-12\"  >\n\t\t\t\t<div class=\"col-inner box-shadow-2\"  >\n\t\t\t\n\t\t\t\r\n\r\n<div class=\"row\"  id=\"row-1483247772\">\r\n\r\n\n\t<div id=\"col-1328692559\" class=\"col whatsapp-alani hide-for-small medium-3 small-12 large-3\"  >\n\t\t\t\t<div class=\"col-inner box-shadow-2\" style=\"background-color:rgb(37, 211, 102);\" >\n\t\t\t\n\t\t\t\r\n\r\n\t<div id=\"text-4147240656\" class=\"text\">\n\t\t\r\n\r\n<a href=\"https:\/\/web.whatsapp.com\/send?phone=905332735670&amp;text=Merhaba%2C%20size%20emelugur.com%20%C3%BCzerinden%20ula%C5%9F%C4%B1yorum.\"><span style=\"color: #ffffff;\">Pour WhatsApp 24h\/24 <\/span><span style=\"color: #ffffff;\">Cliquez ici !<\/span><\/a>\r\n\r\n\t\t\n<style>\n#text-4147240656 {\n  font-size: 1rem;\n  text-align: center;\n  color: rgb(255,255,255);\n}\n#text-4147240656 > * {\n  color: rgb(255,255,255);\n}\n<\/style>\n\t<\/div>\n\t\r\n\r\n\t\t<\/div>\n\t\t\t\t\n<style>\n#col-1328692559 > .col-inner {\n  padding: 30px 0px 12px 0px;\n  margin: 0px 0px -31px 0px;\n}\n<\/style>\n\t<\/div>\n\n\t\r\n\n\t<div id=\"col-1048515685\" class=\"col show-for-small medium-3 small-12 large-3\"  >\n\t\t\t\t<div class=\"col-inner box-shadow-2\" style=\"background-color:rgb(37, 211, 102);\" >\n\t\t\t\n\t\t\t\r\n\r\n\t<div id=\"text-4070927651\" class=\"text\">\n\t\t\r\n\r\n<a href=\"https:\/\/web.whatsapp.com\/send?phone=905332735670&amp;text=Merhaba%2C%20size%20emelugur.com%20%C3%BCzerinden%20ula%C5%9F%C4%B1yorum.\"><span style=\"color: #ffffff;\">Pour WhatsApp 24h\/24 <\/span><span style=\"color: #ffffff;\">Cliquez ici !<\/span><\/a>\r\n\r\n\t\t\n<style>\n#text-4070927651 {\n  font-size: 1rem;\n  text-align: center;\n  color: rgb(255,255,255);\n}\n#text-4070927651 > * {\n  color: rgb(255,255,255);\n}\n@media (min-width:550px) {\n  #text-4070927651 {\n    font-size: 1.5rem;\n  }\n}\n<\/style>\n\t<\/div>\n\t\r\n\r\n\t\t<\/div>\n\t\t\t\t\n<style>\n#col-1048515685 > .col-inner {\n  padding: 10px 0px 0px 0px;\n  margin: 0px 0px 0px 0px;\n  border-radius: 20px;\n}\n@media (min-width:550px) {\n  #col-1048515685 > .col-inner {\n    margin: 0px 0px -40px 0px;\n  }\n}\n<\/style>\n\t<\/div>\n\n\t\r\n\n\t<div id=\"col-531236578\" class=\"col medium-9 small-12 large-9\"  >\n\t\t\t\t<div class=\"col-inner text-left\"  >\n\t\t\t\n\t<div class=\"is-border\"\n\t\tstyle=\"border-width:0px 0px 0px 0px;margin:0px 0px 0px 0px;\">\n\t<\/div>\n\t\t\t\r\n\r\n<div class=\"row\"  id=\"row-1677533112\">\r\n\r\n\n\t<div id=\"col-1086963887\" class=\"col small-12 large-12\"  >\n\t\t\t\t<div class=\"col-inner\"  >\n\t\t\t\n\t\t\t\r\n\r\n\n<div class=\"wpcf7 no-js\" id=\"wpcf7-f3277-o1\" lang=\"fr-FR\" dir=\"ltr\" data-wpcf7-id=\"3277\">\n<div class=\"screen-reader-response\"><p role=\"status\" aria-live=\"polite\" aria-atomic=\"true\"><\/p> <ul><\/ul><\/div>\n<form action=\"\/fr\/wp-json\/wp\/v2\/pages\/3466#wpcf7-f3277-o1\" method=\"post\" class=\"wpcf7-form init\" aria-label=\"Formulaire de contact\" novalidate=\"novalidate\" data-status=\"init\">\n<fieldset class=\"hidden-fields-container\"><input type=\"hidden\" name=\"_wpcf7\" value=\"3277\" \/><input type=\"hidden\" name=\"_wpcf7_version\" value=\"6.1.5\" \/><input type=\"hidden\" name=\"_wpcf7_locale\" value=\"fr_FR\" \/><input type=\"hidden\" name=\"_wpcf7_unit_tag\" value=\"wpcf7-f3277-o1\" \/><input type=\"hidden\" name=\"_wpcf7_container_post\" value=\"0\" \/><input type=\"hidden\" name=\"_wpcf7_posted_data_hash\" value=\"\" \/>\n<\/fieldset>\n<div class=\"sp-form\">\n\t<div class=\"col-row\">\n\t\t<div class=\"col-quarter\">\n\t\t\t<p><span class=\"wpcf7-form-control-wrap\" data-name=\"text-340\"><input size=\"40\" maxlength=\"400\" class=\"wpcf7-form-control wpcf7-text wpcf7-validates-as-required\" autocomplete=\"name\" aria-required=\"true\" aria-invalid=\"false\" placeholder=\"Nom\" value=\"\" type=\"text\" name=\"text-340\" \/><\/span>\n\t\t\t<\/p>\n\t\t<\/div>\n\t\t<div class=\"col-quarter\">\n\t\t\t<p><span class=\"wpcf7-form-control-wrap\" data-name=\"tel-10\"><input size=\"40\" maxlength=\"400\" class=\"wpcf7-form-control wpcf7-tel wpcf7-validates-as-required wpcf7-text wpcf7-validates-as-tel\" autocomplete=\"name\" aria-required=\"true\" aria-invalid=\"false\" placeholder=\"T\u00e9l\u00e9phone\" value=\"\" type=\"tel\" name=\"tel-10\" \/><\/span>\n\t\t\t<\/p>\n\t\t<\/div>\n\t\t<div class=\"col-quarter\">\n\t\t\t<p><span class=\"wpcf7-form-control-wrap\" data-name=\"email-563\"><input size=\"40\" maxlength=\"400\" class=\"wpcf7-form-control wpcf7-email wpcf7-validates-as-required wpcf7-text wpcf7-validates-as-email\" autocomplete=\"name\" aria-required=\"true\" aria-invalid=\"false\" placeholder=\"E-mail\" value=\"\" type=\"email\" name=\"email-563\" \/><\/span>\n\t\t\t<\/p>\n\t\t<\/div>\n\t\t<div class=\"col-quarter\">\n\t\t\t<p><input class=\"wpcf7-form-control wpcf7-submit has-spinner\" type=\"submit\" value=\"ENVOYER\" \/>\n\t\t\t<\/p>\n\t\t<\/div>\n\t<\/div>\n<\/div><p style=\"display: none !important;\" class=\"akismet-fields-container\" data-prefix=\"_wpcf7_ak_\"><label>&#916;<textarea name=\"_wpcf7_ak_hp_textarea\" cols=\"45\" rows=\"8\" maxlength=\"100\"><\/textarea><\/label><input type=\"hidden\" id=\"ak_js_1\" name=\"_wpcf7_ak_js\" value=\"211\"\/><script type=\"text\/javascript\">\n\/* <![CDATA[ *\/\ndocument.getElementById( \"ak_js_1\" ).setAttribute( \"value\", ( new Date() ).getTime() );\n\/* ]]> *\/\n<\/script>\n<\/p><div class=\"wpcf7-response-output\" aria-hidden=\"true\"><\/div>\n<\/form>\n<\/div>\n\r\n\r\n\t\t<\/div>\n\t\t\t\t\n<style>\n#col-1086963887 > .col-inner {\n  margin: 0px 0px -60px 0px;\n}\n<\/style>\n\t<\/div>\n\n\t\r\n\n\t<div id=\"col-1840345214\" class=\"col small-12 large-12\"  >\n\t\t\t\t<div class=\"col-inner\"  >\n\t\t\t\n\t\t\t\r\n\r\n\t<div id=\"text-448467230\" class=\"text\">\n\t\t\r\n\r\n*Nous vous recommandons de remplir tous les champs afin que nous puissions vous r\u00e9pondre au mieux.\r\n\t\t\n<style>\n#text-448467230 {\n  font-size: 0.85rem;\n  line-height: 1.5;\n}\n@media (min-width:550px) {\n  #text-448467230 {\n    line-height: 0.9;\n  }\n}\n<\/style>\n\t<\/div>\n\t\r\n\r\n\t\t<\/div>\n\t\t\t\t\n<style>\n#col-1840345214 > .col-inner {\n  margin: -30px 0px -40px 0px;\n}\n@media (min-width:550px) {\n  #col-1840345214 > .col-inner {\n    margin: -15px 0px 0px 0px;\n  }\n}\n<\/style>\n\t<\/div>\n\n\t\r\n\r\n<\/div>\r\n\r\n\t\t<\/div>\n\t\t\t\t\n<style>\n#col-531236578 > .col-inner {\n  padding: 0px 0px 0px 0px;\n  margin: 0px 0px -20px 0px;\n}\n@media (min-width:550px) {\n  #col-531236578 > .col-inner {\n    padding: 20px 0px 0px 0px;\n    margin: 0px 0px -66px 0px;\n  }\n}\n<\/style>\n\t<\/div>\n\n\t\r\n\r\n<\/div>\r\n\r\n\t\t<\/div>\n\t\t\t\t\n<style>\n#col-399187062 > .col-inner {\n  padding: 30px 10px 0px 10px;\n  border-radius: 30px;\n}\n@media (min-width:550px) {\n  #col-399187062 > .col-inner {\n    padding: 0px 20px 0px 0px;\n  }\n}\n<\/style>\n\t<\/div>\n\n\t\r\n\r\n<\/div>\r\n\r\n\t\t<\/div>\n\n\t\t\n<style>\n#section_284577138 {\n  padding-top: 30px;\n  padding-bottom: 30px;\n}\n<\/style>\n\t<\/section>\n\t\r\n\n<h2>Avec quelles autres affections le vertige peut-il \u00eatre associ\u00e9 ?<\/h2>\n<p><span style=\"font-weight: 400;\">Le vertige est un probl\u00e8me de sant\u00e9 fr\u00e9quent dans la population. Les \u00e9tudes \u00e9pid\u00e9miologiques ont montr\u00e9 que la pr\u00e9valence du vertige chez les femmes est environ deux \u00e0 trois fois plus \u00e9lev\u00e9e que chez les hommes. Avec l\u2019avanc\u00e9e en \u00e2ge, la pr\u00e9valence du vertige augmente \u00e9galement, ce qui a un impact important sur l\u2019ensemble de la population.<\/span><\/p>\n<p><span style=\"font-weight: 400;\">Le vertige (\u00e9tourdissement) peut \u00eatre associ\u00e9 \u00e0 diverses affections de sant\u00e9, et ces situations n\u00e9cessitent g\u00e9n\u00e9ralement un processus de diagnostic diff\u00e9rentiel complexe. La sensation de vertige peut provenir de l\u00e9sions centrales ou p\u00e9riph\u00e9riques du syst\u00e8me vestibulaire. De plus, cette situation est souvent confondue avec des sympt\u00f4mes de d\u00e9s\u00e9quilibre et de pr\u00e9syncope. Il est donc important que les patients pr\u00e9sentant des sympt\u00f4mes de vertige soient \u00e9valu\u00e9s avec soin.<\/span><\/p>\n<p><span style=\"font-weight: 400;\">D\u2019autres affections caract\u00e9ris\u00e9es par le vertige jouent un r\u00f4le essentiel dans la compr\u00e9hension de la pr\u00e9valence du vertige. Outre les causes p\u00e9riph\u00e9riques et centrales, certaines situations pouvant provoquer des \u00e9tourdissements et un d\u00e9s\u00e9quilibre incluent&nbsp;: <\/span><a href=\"https:\/\/www.ncbi.nlm.nih.gov\/books\/NBK482356\/\" target=\"_blank\" rel=\"noopener\"><span style=\"font-weight: 400;\">certaines affections sont les suivantes&nbsp;:<\/span><\/a><\/p>\n<ul>\n<li style=\"font-weight: 400;\" aria-level=\"1\"><span style=\"font-weight: 400;\">Carence en vitamine D<\/span><\/li>\n<li style=\"font-weight: 400;\" aria-level=\"1\"><span style=\"font-weight: 400;\">An\u00e9mie<\/span><\/li>\n<li style=\"font-weight: 400;\" aria-level=\"1\"><span style=\"font-weight: 400;\">Maladies syst\u00e9miques<\/span><\/li>\n<li style=\"font-weight: 400;\" aria-level=\"1\"><span style=\"font-weight: 400;\">Maladies cardiovasculaires<\/span><\/li>\n<li style=\"font-weight: 400;\" aria-level=\"1\"><span style=\"font-weight: 400;\">Probl\u00e8mes cervicaux<\/span><\/li>\n<li style=\"font-weight: 400;\" aria-level=\"1\"><span style=\"font-weight: 400;\">D\u00e9pression<\/span><\/li>\n<\/ul>\n<p><span style=\"font-weight: 400;\">Selon des \u00e9tudes men\u00e9es dans la population g\u00e9n\u00e9rale, la pr\u00e9valence annuelle du vertige est d\u2019environ 5&nbsp;%, tandis que l\u2019incidence annuelle est de 1,4&nbsp;%. Chez l\u2019adulte, les \u00e9tourdissements et les probl\u00e8mes d\u2019\u00e9quilibre affectent environ 15 \u00e0 20&nbsp;% des personnes chaque ann\u00e9e. Plus pr\u00e9cis\u00e9ment, la pr\u00e9valence annuelle du vertige paroxystique positionnel b\u00e9nin et de la migraine vestibulaire est de 1,6&nbsp;% et de moins de 1&nbsp;% respectivement.<\/span><\/p>\n<p><span style=\"font-weight: 400;\">Les recherches montrent qu\u2019une grande partie des personnes pr\u00e9sentant des vertiges subissent des interruptions de leurs activit\u00e9s quotidiennes, entra\u00eenant des cons\u00e9quences telles que des pertes de productivit\u00e9 et un besoin accru d\u2019assistance m\u00e9dicale. La pr\u00e9valence de la maladie de M\u00e9ni\u00e8re a r\u00e9cemment \u00e9t\u00e9 rapport\u00e9e \u00e0 0,51&nbsp;%, ce qui repr\u00e9sente une augmentation significative par rapport aux p\u00e9riodes pr\u00e9c\u00e9dentes.<\/span><\/p>\n<p><span style=\"font-weight: 400;\">Ces derni\u00e8res ann\u00e9es, le nombre d\u2019\u00e9tudes \u00e9pid\u00e9miologiques sur le d\u00e9s\u00e9quilibre a augment\u00e9. Une \u00e9tude de population men\u00e9e en Su\u00e8de a r\u00e9v\u00e9l\u00e9 qu\u2019au cours d\u2019une ann\u00e9e, la pr\u00e9valence des d\u00e9s\u00e9quilibres rapport\u00e9s sans sensation de rotation \u00e9tait de 9,2&nbsp;%. Une enqu\u00eate nationale de sant\u00e9 aux \u00c9tats-Unis a indiqu\u00e9 que 15&nbsp;% des adultes am\u00e9ricains avaient pr\u00e9sent\u00e9 des \u00e9tourdissements ou des probl\u00e8mes d\u2019\u00e9quilibre au cours des 12 derniers mois. La pr\u00e9valence et les effets du vertige ont un impact significatif sur la qualit\u00e9 de vie des individus. Les tests d\u2019\u00e9quilibre r\u00e9alis\u00e9s chez les personnes \u00e2g\u00e9es et les probl\u00e8mes de sant\u00e9 associ\u00e9s au vertige fournissent des donn\u00e9es importantes pour les politiques de sant\u00e9 et les pratiques cliniques.<\/span><\/p>\n<h2>Que se passe-t-il dans le corps pendant le vertige ?<\/h2>\n<p><iframe title=\"Vertigo \u0130le \u0130lgili Do\u011fru Bilinen Yanl\u0131\u015flar\" width=\"563\" height=\"1000\" src=\"https:\/\/www.youtube.com\/embed\/VOGyXA0bL2Y?feature=oembed\" frameborder=\"0\" allow=\"accelerometer; autoplay; clipboard-write; encrypted-media; gyroscope; picture-in-picture; web-share\" referrerpolicy=\"strict-origin-when-cross-origin\" allowfullscreen><\/iframe><\/p>\n<p><span style=\"font-weight: 400;\">Le vertige peut se manifester comme un sympt\u00f4me de nombreux probl\u00e8mes de sant\u00e9 diff\u00e9rents. L\u2019asym\u00e9trie du syst\u00e8me vestibulaire est l\u2019une des principales causes de cette situation. Cette asym\u00e9trie se manifeste g\u00e9n\u00e9ralement par une sensation de rotation, cr\u00e9ant l\u2019illusion que les objets de l\u2019environnement se d\u00e9placent. Le vertige d\u00e9clenche des naus\u00e9es et des vomissements. Par cons\u00e9quent, des sueurs, des fluctuations de la tension art\u00e9rielle, de la fatigue, des difficult\u00e9s de concentration, voire des sympt\u00f4mes \u00e9motionnels peuvent \u00e9galement survenir.<\/span><\/p>\n<p><span style=\"font-weight: 400;\">Selon des \u00e9tudes men\u00e9es dans la population g\u00e9n\u00e9rale, la pr\u00e9valence annuelle du vertige est d\u2019environ 5&nbsp;%, tandis que l\u2019incidence annuelle est de 1,4&nbsp;%. Chez l\u2019adulte, les \u00e9tourdissements et les probl\u00e8mes d\u2019\u00e9quilibre affectent environ 15 \u00e0 20&nbsp;% des personnes chaque ann\u00e9e. Plus pr\u00e9cis\u00e9ment, la pr\u00e9valence annuelle du vertige paroxystique positionnel b\u00e9nin et de la migraine vestibulaire est de 1,6&nbsp;% et de moins de 1&nbsp;% respectivement. Les l\u00e9sions des structures telles que le labyrinthe vestibulaire ou le nerf peuvent provoquer des vertiges s\u00e9v\u00e8res et d\u00e9clencher d\u2019autres sympt\u00f4mes. La pr\u00e9valence de la maladie de M\u00e9ni\u00e8re a r\u00e9cemment \u00e9t\u00e9 rapport\u00e9e \u00e0 0,51&nbsp;%, ce qui repr\u00e9sente une augmentation significative par rapport aux p\u00e9riodes pr\u00e9c\u00e9dentes. Pendant les phases de crise, les patients peuvent conna\u00eetre des pertes de productivit\u00e9 et d\u2019autres difficult\u00e9s socio-\u00e9conomiques.<\/span><\/p>\n<p><span style=\"font-weight: 400;\">En cas d\u2019\u00e9tourdissements et de d\u00e9s\u00e9quilibre chronique, une compensation finit par se mettre en place. Ce processus d\u2019adaptation dure g\u00e9n\u00e9ralement de quelques jours \u00e0 plusieurs semaines et se traduit par une diminution des sympt\u00f4mes. Cependant, des sympt\u00f4mes sous-jacents qui affectent n\u00e9gativement la qualit\u00e9 de vie de la personne peuvent persister. Si une adaptation suffisante ne se produit pas, des limitations importantes dans les activit\u00e9s quotidiennes peuvent se d\u00e9velopper. Ces personnes peuvent h\u00e9siter \u00e0 sortir seules, ce qui peut entra\u00eener des pertes de productivit\u00e9, un retrait de la vie sociale et m\u00eame un isolement social. Ainsi, une assistance m\u00e9dicale suppl\u00e9mentaire peut devenir n\u00e9cessaire, faisant de cette situation un probl\u00e8me de sant\u00e9 important d\u2019un point de vue \u00e9conomique.<\/span><\/p>\n<p><span style=\"font-weight: 400;\">Ces derni\u00e8res ann\u00e9es, le nombre d\u2019\u00e9tudes \u00e9pid\u00e9miologiques sur le d\u00e9s\u00e9quilibre chronique a augment\u00e9. Une \u00e9tude de population men\u00e9e en Su\u00e8de a r\u00e9v\u00e9l\u00e9 qu\u2019au cours d\u2019une ann\u00e9e, la pr\u00e9valence des d\u00e9s\u00e9quilibres rapport\u00e9s sans sensation de rotation \u00e9tait de 9,2&nbsp;%. Une enqu\u00eate nationale de sant\u00e9 aux \u00c9tats-Unis a indiqu\u00e9 que 15&nbsp;% des adultes am\u00e9ricains avaient pr\u00e9sent\u00e9 des \u00e9tourdissements ou des probl\u00e8mes d\u2019\u00e9quilibre au cours des 12 derniers mois. La pr\u00e9valence et les effets du vertige ont un impact significatif sur la qualit\u00e9 de vie des individus. Les tests d\u2019\u00e9quilibre r\u00e9alis\u00e9s chez les personnes \u00e2g\u00e9es et les probl\u00e8mes de sant\u00e9 qui accompagnent le vertige fournissent des donn\u00e9es importantes pour les politiques de sant\u00e9 et les pratiques cliniques.<\/span><\/p>\n<h2>Quels sont les sympt\u00f4mes du vertige et quelles techniques d\u2019examen sont utilis\u00e9es ?<\/h2>\n<p><iframe title=\"Vertigo nas\u0131l te\u015fhis edilir? #odyoloji\" width=\"563\" height=\"1000\" src=\"https:\/\/www.youtube.com\/embed\/r1doaUaLHuQ?feature=oembed\" frameborder=\"0\" allow=\"accelerometer; autoplay; clipboard-write; encrypted-media; gyroscope; picture-in-picture; web-share\" referrerpolicy=\"strict-origin-when-cross-origin\" allowfullscreen><\/iframe><\/p>\n<p><span style=\"font-weight: 400;\">Les tests de fonction vestibulaire peuvent mettre en \u00e9vidence des anomalies du fonctionnement d\u2019organes vestibulaires sp\u00e9cifiques ou du nerf vestibulaire. Toutefois, avant de commencer l\u2019\u00e9valuation, un interrogatoire d\u00e9taill\u00e9 du patient doit \u00eatre r\u00e9alis\u00e9. Certains m\u00e9dicaments peuvent affecter le syst\u00e8me vestibulaire et provoquer des sympt\u00f4mes de vertige, et l\u2019utilisation d\u2019alcool ou d\u2019autres substances doit \u00e9galement \u00eatre prise en compte.<\/span><\/p>\n<p><span style=\"font-weight: 400;\">Parmi ces examens figurent les tests au lit du malade, qui comprennent de simples tests c\u00e9r\u00e9belleux et des tests posturaux.<\/span><\/p>\n<p><span style=\"font-weight: 400;\">Les tests r\u00e9alis\u00e9s pour le diagnostic pr\u00e9cis des \u00e9tourdissements et du d\u00e9s\u00e9quilibre incluent&nbsp;:<\/span><\/p>\n<ul>\n<li style=\"font-weight: 400;\" aria-level=\"1\"><span style=\"font-weight: 400;\">Tests VNG<\/span><\/li>\n<li style=\"font-weight: 400;\" aria-level=\"1\"><span style=\"font-weight: 400;\">\u00c9preuve calorique<\/span><\/li>\n<li style=\"font-weight: 400;\" aria-level=\"1\"><span style=\"font-weight: 400;\">VEMP (Potentiels myog\u00e9niques \u00e9voqu\u00e9s vestibulaires cervicaux, mass\u00e9t\u00e9rins et oculaires)<\/span><\/li>\n<li style=\"font-weight: 400;\" aria-level=\"1\"><span style=\"font-weight: 400;\">v-HIT (Video Head Impulse Test \u2013 test vid\u00e9o des impulsions de la t\u00eate)<\/span><\/li>\n<li style=\"font-weight: 400;\" aria-level=\"1\"><span style=\"font-weight: 400;\">Tests posturographiques, etc.<\/span><\/li>\n<\/ul>\n<p><span style=\"font-weight: 400;\">M\u00eame dans les cas de VPPB, l\u2019\u00e9valuation ne peut pas \u00eatre r\u00e9alis\u00e9e avec un seul test, car chaque m\u00e9thode de test vestibulaire cible une structure anatomique ou un aspect physiologique diff\u00e9rent. Par cons\u00e9quent, des examens d\u00e9taill\u00e9s sont indispensables pour parvenir \u00e0 un diagnostic pr\u00e9cis, identifier le probl\u00e8me du patient et permettre un traitement\/r\u00e9\u00e9ducation appropri\u00e9. Cependant, il ne faut pas consid\u00e9rer que chaque test doit \u00eatre pratiqu\u00e9 pour tous les cas de vertige.<\/span><\/p>\n<p><span style=\"font-weight: 400;\">Par ailleurs, parmi les autres facteurs \u00e0 prendre en compte dans tous les cas d\u2019\u00e9tourdissements et de troubles de l\u2019\u00e9quilibre figurent l\u2019\u00e9tat auditif du patient et ses ant\u00e9c\u00e9dents m\u00e9dicaux. La pr\u00e9sence, le type, le degr\u00e9, la configuration d\u2019une perte auditive, ou au contraire une audition normale, sont importants pour le diagnostic diff\u00e9rentiel de la cause du vertige.<\/span><\/p>\n\n\t<section class=\"section dark\" id=\"section_551214940\">\n\t\t<div class=\"section-bg fill\" >\n\t\t\t\t\t\t\t\t\t\n\t\t\t\n\n\t\t<\/div>\n\n\t\t\n\n\t\t<div class=\"section-content relative\">\n\t\t\t\r\n\r\n\t<div id=\"gap-1600267274\" class=\"gap-element clearfix hide-for-medium\" style=\"display:block; height:auto;\">\n\t\t\n<style>\n#gap-1600267274 {\n  padding-top: 10px;\n}\n<\/style>\n\t<\/div>\n\t\r\n\r\n<div class=\"row align-middle\"  id=\"row-1326070089\">\r\n\r\n\n\t<div id=\"col-1047888127\" class=\"col medium-6 small-12 large-7\"  >\n\t\t\t\t<div class=\"col-inner\"  >\n\t\t\t\n\t\t\t\r\n\r\n\t<div id=\"text-2279137882\" class=\"text\">\n\t\t\r\n<div><strong>Pour plus d\u2019informations et pour prendre rendez-vous, contactez-nous&nbsp;!<\/strong><\/div>\r\n\t\t\n<style>\n#text-2279137882 {\n  font-size: 1.25rem;\n  text-align: center;\n}\n@media (min-width:850px) {\n  #text-2279137882 {\n    font-size: 1.6rem;\n    text-align: left;\n  }\n}\n<\/style>\n\t<\/div>\n\t\r\n\r\n\t\t<\/div>\n\t\t\t\t\n<style>\n#col-1047888127 > .col-inner {\n  padding: 20px 0px 0px 0px;\n  margin: 0px 0px -10px 0px;\n}\n@media (min-width:550px) {\n  #col-1047888127 > .col-inner {\n    padding: 0px 0px 0px 0px;\n  }\n}\n<\/style>\n\t<\/div>\n\n\t\r\n\n\t<div id=\"col-1257390803\" class=\"col medium-6 small-12 large-5\"  >\n\t\t\t\t<div class=\"col-inner text-center\"  >\n\t\t\t\n\t\t\t\r\n\r\n<a href=\"https:\/\/web.whatsapp.com\/send?phone=905332735670&#038;text=Merhaba%2C%20size%20emelugur.com%20%C3%BCzerinden%20ula%C5%9F%C4%B1yorum.\" class=\"button alert is-small box-shadow-5\" style=\"border-radius:10px;padding:5px 20px 5px 20px;\">\n\t\t<span>Contact WhatsApp<\/span>\n\t<i class=\"icon-whatsapp\" aria-hidden=\"true\"><\/i><\/a>\n\r\n\r\n\t\t<\/div>\n\t\t\t\t\n<style>\n#col-1257390803 > .col-inner {\n  padding: 20px 0px 0px 0px;\n}\n<\/style>\n\t<\/div>\n\n\t\r\n\r\n<\/div>\r\n\r\n\t\t<\/div>\n\n\t\t\n<style>\n#section_551214940 {\n  padding-top: 0px;\n  padding-bottom: 0px;\n  background-color: #00a2e9;\n}\n<\/style>\n\t<\/section>\n\t\r\n\t<div id=\"gap-1041380075\" class=\"gap-element clearfix\" style=\"display:block; height:auto;\">\n\t\t\n<style>\n#gap-1041380075 {\n  padding-top: 20px;\n}\n<\/style>\n\t<\/div>\n\t\r\n\n<h2>Comment le vertige est-il pris en charge et trait\u00e9 ?<\/h2>\n<p><span style=\"font-weight: 400;\">Le vertige p\u00e9riph\u00e9rique est une situation r\u00e9sultant d\u2019un trouble du syst\u00e8me vestibulaire, et son traitement est d\u00e9termin\u00e9 par la cause sous-jacente. Une fois l\u2019\u00e9tiologie \u00e9tablie, la prise en charge des sympt\u00f4mes devient plus efficace. Divers m\u00e9dicaments sont utilis\u00e9s pendant les crises aigu\u00ebs pour soulager les sympt\u00f4mes vestibulaires. Les m\u00e9dicaments prescrits doivent \u00eatre planifi\u00e9s par votre m\u00e9decin en fonction des caract\u00e9ristiques de vos sympt\u00f4mes.<\/span><\/p>\n<p><span style=\"font-weight: 400;\">En plus de la m\u00e9dication, certains patients peuvent avoir besoin de m\u00e9thodes plus globales. Pour les personnes pr\u00e9sentant un dysfonctionnement vestibulaire persistant, la r\u00e9\u00e9ducation vestibulaire est absolument n\u00e9cessaire. La r\u00e9\u00e9ducation consiste en des exercices syst\u00e9matiques qui am\u00e9liorent la capacit\u00e9 du cerveau \u00e0 utiliser diff\u00e9rents apports sensoriels pour maintenir l\u2019\u00e9quilibre. Les patients pr\u00e9sentant une hypofonction vestibulaire chronique peuvent avoir des difficult\u00e9s m\u00eame avec des comp\u00e9tences d\u2019\u00e9quilibre qui semblaient auparavant simples, ce qui peut entamer leur motivation. Les programmes de r\u00e9\u00e9ducation vestibulaire se concentrent sur l\u2019am\u00e9lioration des comp\u00e9tences que la personne ne parvient pas \u00e0 accomplir. Bien que la phase initiale de la r\u00e9\u00e9ducation soit g\u00e9n\u00e9ralement difficile, la stabilit\u00e9 et la motivation du patient sont essentielles. Dans un programme vestibulaire bien con\u00e7u, le contr\u00f4le de l\u2019\u00e9quilibre de la personne s\u2019am\u00e9liore assur\u00e9ment, et cela n\u00e9cessite une coop\u00e9ration entre le patient et l\u2019audiologiste.<\/span><\/p>\n<p><span style=\"font-weight: 400;\">Les b\u00e9n\u00e9fices de la r\u00e9\u00e9ducation comprennent&nbsp;:<\/span><\/p>\n<ul>\n<li style=\"font-weight: 400;\" aria-level=\"1\"><span style=\"font-weight: 400;\">La gestion des crises de vertige<\/span><\/li>\n<li style=\"font-weight: 400;\" aria-level=\"1\"><span style=\"font-weight: 400;\">La r\u00e9duction des sympt\u00f4mes associ\u00e9s au vertige<\/span><\/li>\n<li style=\"font-weight: 400;\" aria-level=\"1\"><span style=\"font-weight: 400;\">L\u2019am\u00e9lioration du contr\u00f4le de l\u2019\u00e9quilibre et l\u2019obtention d\u2019une stabilit\u00e9 posturale<\/span><\/li>\n<li style=\"font-weight: 400;\" aria-level=\"1\"><span style=\"font-weight: 400;\">L\u2019am\u00e9lioration des activit\u00e9s quotidiennes<\/span><\/li>\n<\/ul>\n<p><span style=\"font-weight: 400;\">De tels effets sont observ\u00e9s.<\/span><\/p>\n<p><span style=\"font-weight: 400;\">Un autre facteur important dans la prise en charge du vertige concerne les modifications du r\u00e9gime alimentaire et du mode de vie. En particulier, les patients atteints de la maladie de M\u00e9ni\u00e8re peuvent contr\u00f4ler leurs sympt\u00f4mes en r\u00e9duisant leur consommation de sel, de caf\u00e9ine et d\u2019alcool. Dans certains cas, un plan de traitement m\u00e9dical peut \u00eatre \u00e9tabli en fonction de la gravit\u00e9 des sympt\u00f4mes, et ce plan sera organis\u00e9 par un sp\u00e9cialiste ORL.<\/span><\/p>\n<p><span style=\"font-weight: 400;\">Chez les patients pr\u00e9sentant un vertige paroxystique positionnel b\u00e9nin (VPPB), la m\u00e9thode de traitement principale et la plus efficace recommand\u00e9e est constitu\u00e9e par les man\u0153uvres de repositionnement des cristaux. La man\u0153uvre d\u2019Epley est la plus connue. Toutefois, la man\u0153uvre d\u2019Epley ne convient pas \u00e0 tous les cas de VPPB et ne doit en aucun cas \u00eatre r\u00e9alis\u00e9e seule \u00e0 domicile.<\/span><\/p>\n<p><iframe title=\"Vertigo evde tedavi edilebilir mi?\" width=\"563\" height=\"1000\" src=\"https:\/\/www.youtube.com\/embed\/YuqHgeR7A7s?feature=oembed\" frameborder=\"0\" allow=\"accelerometer; autoplay; clipboard-write; encrypted-media; gyroscope; picture-in-picture; web-share\" referrerpolicy=\"strict-origin-when-cross-origin\" allowfullscreen><\/iframe><\/p>\n<h2>Avec quels autres probl\u00e8mes de sant\u00e9 le vertige peut-il \u00eatre associ\u00e9 ?<\/h2>\n<p><span style=\"font-weight: 400;\">Le vertige peut \u00eatre associ\u00e9 \u00e0 diverses affections de sant\u00e9, et ces situations n\u00e9cessitent g\u00e9n\u00e9ralement un processus de diagnostic diff\u00e9rentiel complexe. La sensation de vertige peut provenir de l\u00e9sions centrales ou p\u00e9riph\u00e9riques du syst\u00e8me vestibulaire. De plus, cette situation est souvent confondue avec des sympt\u00f4mes de d\u00e9s\u00e9quilibre et de pr\u00e9syncope, de sorte qu\u2019une \u00e9valuation minutieuse des patients pr\u00e9sentant des sympt\u00f4mes de vertige est essentielle.<\/span><\/p>\n<h2>Quelles sont les complications potentielles li\u00e9es au vertige et au d\u00e9s\u00e9quilibre ?<\/h2>\n<p><span style=\"font-weight: 400;\">Le vertige et les troubles chroniques de l\u2019\u00e9quilibre sont des affections g\u00e9rables, mais il existe \u00e9galement diverses complications potentielles. Les chutes survenant lors des crises aigu\u00ebs de vertige peuvent entra\u00eener des blessures graves, en particulier chez les personnes \u00e2g\u00e9es, chez lesquelles les chutes peuvent provoquer des traumatismes cr\u00e2niens ou des fractures. De plus, des crises de vertige s\u00e9v\u00e8res et r\u00e9currentes peuvent affecter de mani\u00e8re significative les activit\u00e9s quotidiennes d\u2019une personne.<\/span><\/p>\n<ul>\n<li style=\"font-weight: 400;\" aria-level=\"1\"><span style=\"font-weight: 400;\">Isolement social&nbsp;: lorsque le vertige est v\u00e9cu de mani\u00e8re continue, les individus peuvent \u00e9viter de se confronter au monde ext\u00e9rieur.<\/span><\/li>\n<li style=\"font-weight: 400;\" aria-level=\"1\"><span style=\"font-weight: 400;\">Anxi\u00e9t\u00e9 et d\u00e9pression&nbsp;: la peur du d\u00e9s\u00e9quilibre et des chutes peut entra\u00eener des probl\u00e8mes psychologiques.<\/span><\/li>\n<\/ul>\n<p><span style=\"font-weight: 400;\">Le d\u00e9s\u00e9quilibre chronique et le vertige peuvent affecter n\u00e9gativement la vie professionnelle, entra\u00eenant une baisse de performance et m\u00eame des pertes de productivit\u00e9 ou un ch\u00f4mage. Ces probl\u00e8mes doivent \u00eatre \u00e9valu\u00e9s dans une approche multidisciplinaire et centr\u00e9e sur le patient.<\/span><\/p>\n<h2>Quelles sont les strat\u00e9gies de prise en charge et de pr\u00e9vention chez les patients vertigineux ?<\/h2>\n<p><span style=\"font-weight: 400;\">Tout d\u2019abord, lors des crises aigu\u00ebs de vertige, il est essentiel de fixer le regard sur un point stable. En particulier dans les atteintes vestibulaires p\u00e9riph\u00e9riques, le syst\u00e8me vestibulaire peut fonctionner de mani\u00e8re insuffisante ou erron\u00e9e. Par cons\u00e9quent, pour corriger la perception erron\u00e9e du mouvement qui en r\u00e9sulte (la sensation que tout tourne), il est n\u00e9cessaire d\u2019assurer la stabilit\u00e9 de la vision et de la proprioception (les informations sensorielles provenant du syst\u00e8me musculosquelettique). Pour cette raison, les personnes qui ressentent un vertige ne doivent pas fermer les yeux pendant une crise&nbsp;; au contraire, elles doivent fixer un point stable. De cette fa\u00e7on, m\u00eame si le syst\u00e8me vestibulaire per\u00e7oit \u00e0 tort un mouvement alors qu\u2019il n\u2019y en a pas, les informations provenant des autres syst\u00e8mes sensoriels fournissent en continu des donn\u00e9es au syst\u00e8me nerveux central pour corriger l\u2019erreur. Fixer un point stable pendant 1 \u00e0 2 minutes au cours d\u2019un \u00e9pisode aidera \u00e0 faire diminuer le vertige. Apr\u00e8s cette phase, se reposer sans bouger pendant un certain temps est apaisant. Il faut se rappeler que les mouvements de la t\u00eate peuvent d\u00e9clencher \u00e0 nouveau le vertige. Apr\u00e8s avoir contr\u00f4l\u00e9 le vertige et s\u2019\u00eatre repos\u00e9 quelque temps, il convient de consulter un m\u00e9decin.<\/span><\/p>\n<p><span style=\"font-weight: 400;\">Les patients pr\u00e9sentant un d\u00e9s\u00e9quilibre chronique ou un vertige actif peuvent essayer de rester immobiles pendant un certain temps apr\u00e8s le traitement, en raison de l\u2019anxi\u00e9t\u00e9 provoqu\u00e9e par le vertige. En r\u00e9alit\u00e9, il est b\u00e9n\u00e9fique pour ces patients de poursuivre leurs activit\u00e9s quotidiennes et de rester actifs, car cela soutient la compensation vestibulaire et contribue au processus de gu\u00e9rison. Bien s\u00fbr, les d\u00e9clencheurs doivent \u00eatre \u00e9vit\u00e9s pendant cette p\u00e9riode.<\/span><\/p>\n<p><span style=\"font-weight: 400;\">Un traitement m\u00e9dical prolong\u00e9 (prise de m\u00e9dicaments) pour les \u00e9tourdissements et le d\u00e9s\u00e9quilibre chronique peut retarder la r\u00e9cup\u00e9ration vestibulaire. Par cons\u00e9quent, ces m\u00e9dicaments doivent \u00eatre utilis\u00e9s avec prudence et toujours sous la supervision d\u2019un m\u00e9decin.<\/span><\/p>\n\t\t<\/div>\n\t\t\t\t\t<\/div>\n\n\t\n\n\t<div id=\"col-1440779145\" class=\"col small-12 large-12\"  >\n\t\t\t\t<div class=\"col-inner\"  >\n\t\t\t\n\t\t\t\n\t<div id=\"text-1755076234\" class=\"text\">\n\t\t\n<h2>Articles de blog<\/h2>\n\t\t\n<style>\n#text-1755076234 {\n  text-align: center;\n}\n<\/style>\n\t<\/div>\n\t\n\n  \n    <div class=\"row large-columns-3 medium-columns-1 small-columns-1 slider row-slider slider-nav-reveal slider-nav-push\"  data-flickity-options='{&quot;imagesLoaded&quot;: true, &quot;groupCells&quot;: &quot;100%&quot;, &quot;dragThreshold&quot; : 5, &quot;cellAlign&quot;: &quot;left&quot;,&quot;wrapAround&quot;: true,&quot;prevNextButtons&quot;: true,&quot;percentPosition&quot;: true,&quot;pageDots&quot;: false, &quot;rightToLeft&quot;: false, &quot;autoPlay&quot; : false}' >\n\n  <div class=\"col post-item\" >\n\t\t\t<div class=\"col-inner\">\n\t\t\t\t<div class=\"box box-default box-text-bottom box-blog-post has-hover\">\n            \t\t\t\t\t<div class=\"box-image\" >\n  \t\t\t\t\t\t<div class=\"image-cover\" style=\"padding-top:56.25%;\">\n\t\t\t\t\t\t\t<a href=\"https:\/\/emelugur.com\/fr\/v-hit\/\" class=\"plain\" aria-label=\"v-HIT\">\n\t\t\t\t\t\t\t\t<img decoding=\"async\" width=\"800\" height=\"351\" src=\"https:\/\/emelugur.com\/wp-content\/uploads\/2024\/12\/v-HIT-800x351.jpg\" class=\"attachment-medium size-medium wp-post-image\" alt=\"\" srcset=\"https:\/\/emelugur.com\/wp-content\/uploads\/2024\/12\/v-HIT-800x351.jpg 800w, https:\/\/emelugur.com\/wp-content\/uploads\/2024\/12\/v-HIT-768x337.jpg 768w, https:\/\/emelugur.com\/wp-content\/uploads\/2024\/12\/v-HIT.jpg 1140w\" sizes=\"(max-width: 800px) 100vw, 800px\" title=\"\">\t\t\t\t\t\t\t<\/a>\n  \t\t\t\t\t\t\t  \t\t\t\t\t\t\t  \t\t\t\t\t\t<\/div>\n  \t\t\t\t\t\t  \t\t\t\t\t<\/div>\n          \t\t\t\t\t<div class=\"box-text text-center\" >\n\t\t\t\t\t<div class=\"box-text-inner blog-post-inner\">\n\n\t\t\t\t\t\n\t\t\t\t\t\t\t\t\t\t<h5 class=\"post-title is-large \">\n\t\t\t\t\t\t<a href=\"https:\/\/emelugur.com\/fr\/v-hit\/\" class=\"plain\">v-HIT<\/a>\n\t\t\t\t\t<\/h5>\n\t\t\t\t\t\t\t\t\t\t<div class=\"is-divider\"><\/div>\n\t\t\t\t\t                    \n\t\t\t\t\t\t\t\t\t\t\t<a href=\"https:\/\/emelugur.com\/fr\/v-hit\/\" class=\"button primary is-outline is-small mb-0\">\n\t\t\t\t\t\t\tLire la suite\t\t\t\t\t\t<\/a>\n\t\t\t\t\t\n\t\t\t\t\t\n\t\t\t\t\t<\/div>\n\t\t\t\t\t<\/div>\n\t\t\t\t\t\t\t\t\t\t\t\t\t\t\t\t<div class=\"badge absolute top post-date badge-outline\">\n\t\t\t\t\t\t\t<div class=\"badge-inner\">\n\t\t\t\t\t\t\t\t<span class=\"post-date-day\">23<\/span><br>\n\t\t\t\t\t\t\t\t<span class=\"post-date-month is-xsmall\">D\u00e9c<\/span>\n\t\t\t\t\t\t\t<\/div>\n\t\t\t\t\t\t<\/div>\n\t\t\t\t\t\t\t\t\t<\/div>\n\t\t\t<\/div>\n\t\t<\/div><div class=\"col post-item\" >\n\t\t\t<div class=\"col-inner\">\n\t\t\t\t<div class=\"box box-default box-text-bottom box-blog-post has-hover\">\n            \t\t\t\t\t<div class=\"box-image\" >\n  \t\t\t\t\t\t<div class=\"image-cover\" style=\"padding-top:56.25%;\">\n\t\t\t\t\t\t\t<a href=\"https:\/\/emelugur.com\/fr\/therapie-de-la-nevrite-vestibulaire\/\" class=\"plain\" aria-label=\"Th\u00e9rapie de la n\u00e9vrite vestibulaire\">\n\t\t\t\t\t\t\t\t<img decoding=\"async\" width=\"800\" height=\"351\" src=\"https:\/\/emelugur.com\/wp-content\/uploads\/2024\/12\/Vestibuler-Norit-Terapisi-800x351.jpg\" class=\"attachment-medium size-medium wp-post-image\" alt=\"\" srcset=\"https:\/\/emelugur.com\/wp-content\/uploads\/2024\/12\/Vestibuler-Norit-Terapisi-800x351.jpg 800w, https:\/\/emelugur.com\/wp-content\/uploads\/2024\/12\/Vestibuler-Norit-Terapisi-768x337.jpg 768w, https:\/\/emelugur.com\/wp-content\/uploads\/2024\/12\/Vestibuler-Norit-Terapisi.jpg 1140w\" sizes=\"(max-width: 800px) 100vw, 800px\" title=\"\">\t\t\t\t\t\t\t<\/a>\n  \t\t\t\t\t\t\t  \t\t\t\t\t\t\t  \t\t\t\t\t\t<\/div>\n  \t\t\t\t\t\t  \t\t\t\t\t<\/div>\n          \t\t\t\t\t<div class=\"box-text text-center\" >\n\t\t\t\t\t<div class=\"box-text-inner blog-post-inner\">\n\n\t\t\t\t\t\n\t\t\t\t\t\t\t\t\t\t<h5 class=\"post-title is-large \">\n\t\t\t\t\t\t<a href=\"https:\/\/emelugur.com\/fr\/therapie-de-la-nevrite-vestibulaire\/\" class=\"plain\">Th\u00e9rapie de la n\u00e9vrite vestibulaire<\/a>\n\t\t\t\t\t<\/h5>\n\t\t\t\t\t\t\t\t\t\t<div class=\"is-divider\"><\/div>\n\t\t\t\t\t                    \n\t\t\t\t\t\t\t\t\t\t\t<a href=\"https:\/\/emelugur.com\/fr\/therapie-de-la-nevrite-vestibulaire\/\" class=\"button primary is-outline is-small mb-0\">\n\t\t\t\t\t\t\tLire la suite\t\t\t\t\t\t<\/a>\n\t\t\t\t\t\n\t\t\t\t\t\n\t\t\t\t\t<\/div>\n\t\t\t\t\t<\/div>\n\t\t\t\t\t\t\t\t\t\t\t\t\t\t\t\t<div class=\"badge absolute top post-date badge-outline\">\n\t\t\t\t\t\t\t<div class=\"badge-inner\">\n\t\t\t\t\t\t\t\t<span class=\"post-date-day\">02<\/span><br>\n\t\t\t\t\t\t\t\t<span class=\"post-date-month is-xsmall\">D\u00e9c<\/span>\n\t\t\t\t\t\t\t<\/div>\n\t\t\t\t\t\t<\/div>\n\t\t\t\t\t\t\t\t\t<\/div>\n\t\t\t<\/div>\n\t\t<\/div><div class=\"col post-item\" >\n\t\t\t<div class=\"col-inner\">\n\t\t\t\t<div class=\"box box-default box-text-bottom box-blog-post has-hover\">\n            \t\t\t\t\t<div class=\"box-image\" >\n  \t\t\t\t\t\t<div class=\"image-cover\" style=\"padding-top:56.25%;\">\n\t\t\t\t\t\t\t<a href=\"https:\/\/emelugur.com\/fr\/therapie-de-la-labyrinthite\/\" class=\"plain\" aria-label=\"Th\u00e9rapie de la labyrinthite\">\n\t\t\t\t\t\t\t\t<img decoding=\"async\" width=\"800\" height=\"351\" src=\"https:\/\/emelugur.com\/wp-content\/uploads\/2024\/12\/Labirentit-Terapisi-800x351.jpg\" class=\"attachment-medium size-medium wp-post-image\" alt=\"\" srcset=\"https:\/\/emelugur.com\/wp-content\/uploads\/2024\/12\/Labirentit-Terapisi-800x351.jpg 800w, https:\/\/emelugur.com\/wp-content\/uploads\/2024\/12\/Labirentit-Terapisi-768x337.jpg 768w, https:\/\/emelugur.com\/wp-content\/uploads\/2024\/12\/Labirentit-Terapisi.jpg 1140w\" sizes=\"(max-width: 800px) 100vw, 800px\" title=\"\">\t\t\t\t\t\t\t<\/a>\n  \t\t\t\t\t\t\t  \t\t\t\t\t\t\t  \t\t\t\t\t\t<\/div>\n  \t\t\t\t\t\t  \t\t\t\t\t<\/div>\n          \t\t\t\t\t<div class=\"box-text text-center\" >\n\t\t\t\t\t<div class=\"box-text-inner blog-post-inner\">\n\n\t\t\t\t\t\n\t\t\t\t\t\t\t\t\t\t<h5 class=\"post-title is-large \">\n\t\t\t\t\t\t<a href=\"https:\/\/emelugur.com\/fr\/therapie-de-la-labyrinthite\/\" class=\"plain\">Th\u00e9rapie de la labyrinthite<\/a>\n\t\t\t\t\t<\/h5>\n\t\t\t\t\t\t\t\t\t\t<div class=\"is-divider\"><\/div>\n\t\t\t\t\t                    \n\t\t\t\t\t\t\t\t\t\t\t<a href=\"https:\/\/emelugur.com\/fr\/therapie-de-la-labyrinthite\/\" class=\"button primary is-outline is-small mb-0\">\n\t\t\t\t\t\t\tLire la suite\t\t\t\t\t\t<\/a>\n\t\t\t\t\t\n\t\t\t\t\t\n\t\t\t\t\t<\/div>\n\t\t\t\t\t<\/div>\n\t\t\t\t\t\t\t\t\t\t\t\t\t\t\t\t<div class=\"badge absolute top post-date badge-outline\">\n\t\t\t\t\t\t\t<div class=\"badge-inner\">\n\t\t\t\t\t\t\t\t<span class=\"post-date-day\">02<\/span><br>\n\t\t\t\t\t\t\t\t<span class=\"post-date-month is-xsmall\">D\u00e9c<\/span>\n\t\t\t\t\t\t\t<\/div>\n\t\t\t\t\t\t<\/div>\n\t\t\t\t\t\t\t\t\t<\/div>\n\t\t\t<\/div>\n\t\t<\/div><div class=\"col post-item\" >\n\t\t\t<div class=\"col-inner\">\n\t\t\t\t<div class=\"box box-default box-text-bottom box-blog-post has-hover\">\n            \t\t\t\t\t<div class=\"box-image\" >\n  \t\t\t\t\t\t<div class=\"image-cover\" style=\"padding-top:56.25%;\">\n\t\t\t\t\t\t\t<a href=\"https:\/\/emelugur.com\/fr\/traitement-du-vppb-deplacement-des-cristaux\/\" class=\"plain\" aria-label=\"Traitement du VPPB (d\u00e9placement des cristaux)\">\n\t\t\t\t\t\t\t\t<img decoding=\"async\" width=\"800\" height=\"351\" src=\"https:\/\/emelugur.com\/wp-content\/uploads\/2024\/12\/BPPV-Kristal-Kaymasi-Tedavisi-800x351.jpg\" class=\"attachment-medium size-medium wp-post-image\" alt=\"\" srcset=\"https:\/\/emelugur.com\/wp-content\/uploads\/2024\/12\/BPPV-Kristal-Kaymasi-Tedavisi-800x351.jpg 800w, https:\/\/emelugur.com\/wp-content\/uploads\/2024\/12\/BPPV-Kristal-Kaymasi-Tedavisi-768x337.jpg 768w, https:\/\/emelugur.com\/wp-content\/uploads\/2024\/12\/BPPV-Kristal-Kaymasi-Tedavisi.jpg 1140w\" sizes=\"(max-width: 800px) 100vw, 800px\" title=\"\">\t\t\t\t\t\t\t<\/a>\n  \t\t\t\t\t\t\t  \t\t\t\t\t\t\t  \t\t\t\t\t\t<\/div>\n  \t\t\t\t\t\t  \t\t\t\t\t<\/div>\n          \t\t\t\t\t<div class=\"box-text text-center\" >\n\t\t\t\t\t<div class=\"box-text-inner blog-post-inner\">\n\n\t\t\t\t\t\n\t\t\t\t\t\t\t\t\t\t<h5 class=\"post-title is-large \">\n\t\t\t\t\t\t<a href=\"https:\/\/emelugur.com\/fr\/traitement-du-vppb-deplacement-des-cristaux\/\" class=\"plain\">Traitement du VPPB (d\u00e9placement des cristaux)<\/a>\n\t\t\t\t\t<\/h5>\n\t\t\t\t\t\t\t\t\t\t<div class=\"is-divider\"><\/div>\n\t\t\t\t\t                    \n\t\t\t\t\t\t\t\t\t\t\t<a href=\"https:\/\/emelugur.com\/fr\/traitement-du-vppb-deplacement-des-cristaux\/\" class=\"button primary is-outline is-small mb-0\">\n\t\t\t\t\t\t\tLire la suite\t\t\t\t\t\t<\/a>\n\t\t\t\t\t\n\t\t\t\t\t\n\t\t\t\t\t<\/div>\n\t\t\t\t\t<\/div>\n\t\t\t\t\t\t\t\t\t\t\t\t\t\t\t\t<div class=\"badge absolute top post-date badge-outline\">\n\t\t\t\t\t\t\t<div class=\"badge-inner\">\n\t\t\t\t\t\t\t\t<span class=\"post-date-day\">02<\/span><br>\n\t\t\t\t\t\t\t\t<span class=\"post-date-month is-xsmall\">D\u00e9c<\/span>\n\t\t\t\t\t\t\t<\/div>\n\t\t\t\t\t\t<\/div>\n\t\t\t\t\t\t\t\t\t<\/div>\n\t\t\t<\/div>\n\t\t<\/div><div class=\"col post-item\" >\n\t\t\t<div class=\"col-inner\">\n\t\t\t\t<div class=\"box box-default box-text-bottom box-blog-post has-hover\">\n            \t\t\t\t\t<div class=\"box-image\" >\n  \t\t\t\t\t\t<div class=\"image-cover\" style=\"padding-top:56.25%;\">\n\t\t\t\t\t\t\t<a href=\"https:\/\/emelugur.com\/fr\/therapie-du-schwannome-vestibulaire\/\" class=\"plain\" aria-label=\"Th\u00e9rapie du schwannome vestibulaire\">\n\t\t\t\t\t\t\t\t<img decoding=\"async\" width=\"800\" height=\"351\" src=\"https:\/\/emelugur.com\/wp-content\/uploads\/2024\/12\/Vestubuler-Schwannoma-Terapisi-800x351.jpg\" class=\"attachment-medium size-medium wp-post-image\" alt=\"\" srcset=\"https:\/\/emelugur.com\/wp-content\/uploads\/2024\/12\/Vestubuler-Schwannoma-Terapisi-800x351.jpg 800w, https:\/\/emelugur.com\/wp-content\/uploads\/2024\/12\/Vestubuler-Schwannoma-Terapisi-768x337.jpg 768w, https:\/\/emelugur.com\/wp-content\/uploads\/2024\/12\/Vestubuler-Schwannoma-Terapisi.jpg 1140w\" sizes=\"(max-width: 800px) 100vw, 800px\" title=\"\">\t\t\t\t\t\t\t<\/a>\n  \t\t\t\t\t\t\t  \t\t\t\t\t\t\t  \t\t\t\t\t\t<\/div>\n  \t\t\t\t\t\t  \t\t\t\t\t<\/div>\n          \t\t\t\t\t<div class=\"box-text text-center\" >\n\t\t\t\t\t<div class=\"box-text-inner blog-post-inner\">\n\n\t\t\t\t\t\n\t\t\t\t\t\t\t\t\t\t<h5 class=\"post-title is-large \">\n\t\t\t\t\t\t<a href=\"https:\/\/emelugur.com\/fr\/therapie-du-schwannome-vestibulaire\/\" class=\"plain\">Th\u00e9rapie du schwannome vestibulaire<\/a>\n\t\t\t\t\t<\/h5>\n\t\t\t\t\t\t\t\t\t\t<div class=\"is-divider\"><\/div>\n\t\t\t\t\t                    \n\t\t\t\t\t\t\t\t\t\t\t<a href=\"https:\/\/emelugur.com\/fr\/therapie-du-schwannome-vestibulaire\/\" class=\"button primary is-outline is-small mb-0\">\n\t\t\t\t\t\t\tLire la suite\t\t\t\t\t\t<\/a>\n\t\t\t\t\t\n\t\t\t\t\t\n\t\t\t\t\t<\/div>\n\t\t\t\t\t<\/div>\n\t\t\t\t\t\t\t\t\t\t\t\t\t\t\t\t<div class=\"badge absolute top post-date badge-outline\">\n\t\t\t\t\t\t\t<div class=\"badge-inner\">\n\t\t\t\t\t\t\t\t<span class=\"post-date-day\">02<\/span><br>\n\t\t\t\t\t\t\t\t<span class=\"post-date-month is-xsmall\">D\u00e9c<\/span>\n\t\t\t\t\t\t\t<\/div>\n\t\t\t\t\t\t<\/div>\n\t\t\t\t\t\t\t\t\t<\/div>\n\t\t\t<\/div>\n\t\t<\/div><div class=\"col post-item\" >\n\t\t\t<div class=\"col-inner\">\n\t\t\t\t<div class=\"box box-default box-text-bottom box-blog-post has-hover\">\n            \t\t\t\t\t<div class=\"box-image\" >\n  \t\t\t\t\t\t<div class=\"image-cover\" style=\"padding-top:56.25%;\">\n\t\t\t\t\t\t\t<a href=\"https:\/\/emelugur.com\/fr\/therapie-de-lequilibre\/\" class=\"plain\" aria-label=\"Th\u00e9rapie de l\u2019\u00e9quilibre\">\n\t\t\t\t\t\t\t\t<img decoding=\"async\" width=\"800\" height=\"351\" src=\"https:\/\/emelugur.com\/wp-content\/uploads\/2024\/12\/Denge-Terapisi-800x351.jpg\" class=\"attachment-medium size-medium wp-post-image\" alt=\"\" srcset=\"https:\/\/emelugur.com\/wp-content\/uploads\/2024\/12\/Denge-Terapisi-800x351.jpg 800w, https:\/\/emelugur.com\/wp-content\/uploads\/2024\/12\/Denge-Terapisi-768x337.jpg 768w, https:\/\/emelugur.com\/wp-content\/uploads\/2024\/12\/Denge-Terapisi.jpg 1140w\" sizes=\"(max-width: 800px) 100vw, 800px\" title=\"\">\t\t\t\t\t\t\t<\/a>\n  \t\t\t\t\t\t\t  \t\t\t\t\t\t\t  \t\t\t\t\t\t<\/div>\n  \t\t\t\t\t\t  \t\t\t\t\t<\/div>\n          \t\t\t\t\t<div class=\"box-text text-center\" >\n\t\t\t\t\t<div class=\"box-text-inner blog-post-inner\">\n\n\t\t\t\t\t\n\t\t\t\t\t\t\t\t\t\t<h5 class=\"post-title is-large \">\n\t\t\t\t\t\t<a href=\"https:\/\/emelugur.com\/fr\/therapie-de-lequilibre\/\" class=\"plain\">Th\u00e9rapie de l\u2019\u00e9quilibre<\/a>\n\t\t\t\t\t<\/h5>\n\t\t\t\t\t\t\t\t\t\t<div class=\"is-divider\"><\/div>\n\t\t\t\t\t                    \n\t\t\t\t\t\t\t\t\t\t\t<a href=\"https:\/\/emelugur.com\/fr\/therapie-de-lequilibre\/\" class=\"button primary is-outline is-small mb-0\">\n\t\t\t\t\t\t\tLire la suite\t\t\t\t\t\t<\/a>\n\t\t\t\t\t\n\t\t\t\t\t\n\t\t\t\t\t<\/div>\n\t\t\t\t\t<\/div>\n\t\t\t\t\t\t\t\t\t\t\t\t\t\t\t\t<div class=\"badge absolute top post-date badge-outline\">\n\t\t\t\t\t\t\t<div class=\"badge-inner\">\n\t\t\t\t\t\t\t\t<span class=\"post-date-day\">02<\/span><br>\n\t\t\t\t\t\t\t\t<span class=\"post-date-month is-xsmall\">D\u00e9c<\/span>\n\t\t\t\t\t\t\t<\/div>\n\t\t\t\t\t\t<\/div>\n\t\t\t\t\t\t\t\t\t<\/div>\n\t\t\t<\/div>\n\t\t<\/div><div class=\"col post-item\" >\n\t\t\t<div class=\"col-inner\">\n\t\t\t\t<div class=\"box box-default box-text-bottom box-blog-post has-hover\">\n            \t\t\t\t\t<div class=\"box-image\" >\n  \t\t\t\t\t\t<div class=\"image-cover\" style=\"padding-top:56.25%;\">\n\t\t\t\t\t\t\t<a href=\"https:\/\/emelugur.com\/fr\/therapie-3pd\/\" class=\"plain\" aria-label=\"Th\u00e9rapie 3PD\">\n\t\t\t\t\t\t\t\t<img decoding=\"async\" width=\"800\" height=\"351\" src=\"https:\/\/emelugur.com\/wp-content\/uploads\/2024\/12\/3PD-Terapisi-800x351.jpg\" class=\"attachment-medium size-medium wp-post-image\" alt=\"\" srcset=\"https:\/\/emelugur.com\/wp-content\/uploads\/2024\/12\/3PD-Terapisi-800x351.jpg 800w, https:\/\/emelugur.com\/wp-content\/uploads\/2024\/12\/3PD-Terapisi-768x337.jpg 768w, https:\/\/emelugur.com\/wp-content\/uploads\/2024\/12\/3PD-Terapisi.jpg 1140w\" sizes=\"(max-width: 800px) 100vw, 800px\" title=\"\">\t\t\t\t\t\t\t<\/a>\n  \t\t\t\t\t\t\t  \t\t\t\t\t\t\t  \t\t\t\t\t\t<\/div>\n  \t\t\t\t\t\t  \t\t\t\t\t<\/div>\n          \t\t\t\t\t<div class=\"box-text text-center\" >\n\t\t\t\t\t<div class=\"box-text-inner blog-post-inner\">\n\n\t\t\t\t\t\n\t\t\t\t\t\t\t\t\t\t<h5 class=\"post-title is-large \">\n\t\t\t\t\t\t<a href=\"https:\/\/emelugur.com\/fr\/therapie-3pd\/\" class=\"plain\">Th\u00e9rapie 3PD<\/a>\n\t\t\t\t\t<\/h5>\n\t\t\t\t\t\t\t\t\t\t<div class=\"is-divider\"><\/div>\n\t\t\t\t\t                    \n\t\t\t\t\t\t\t\t\t\t\t<a href=\"https:\/\/emelugur.com\/fr\/therapie-3pd\/\" class=\"button primary is-outline is-small mb-0\">\n\t\t\t\t\t\t\tLire la suite\t\t\t\t\t\t<\/a>\n\t\t\t\t\t\n\t\t\t\t\t\n\t\t\t\t\t<\/div>\n\t\t\t\t\t<\/div>\n\t\t\t\t\t\t\t\t\t\t\t\t\t\t\t\t<div class=\"badge absolute top post-date badge-outline\">\n\t\t\t\t\t\t\t<div class=\"badge-inner\">\n\t\t\t\t\t\t\t\t<span class=\"post-date-day\">02<\/span><br>\n\t\t\t\t\t\t\t\t<span class=\"post-date-month is-xsmall\">D\u00e9c<\/span>\n\t\t\t\t\t\t\t<\/div>\n\t\t\t\t\t\t<\/div>\n\t\t\t\t\t\t\t\t\t<\/div>\n\t\t\t<\/div>\n\t\t<\/div><div class=\"col post-item\" >\n\t\t\t<div class=\"col-inner\">\n\t\t\t\t<div class=\"box box-default box-text-bottom box-blog-post has-hover\">\n            \t\t\t\t\t<div class=\"box-image\" >\n  \t\t\t\t\t\t<div class=\"image-cover\" style=\"padding-top:56.25%;\">\n\t\t\t\t\t\t\t<a href=\"https:\/\/emelugur.com\/fr\/migraine-vestibulaire\/\" class=\"plain\" aria-label=\"Migraine vestibulaire\">\n\t\t\t\t\t\t\t\t<img decoding=\"async\" width=\"800\" height=\"351\" src=\"https:\/\/emelugur.com\/wp-content\/uploads\/2024\/09\/Vestibuler-Migren-800x351.jpg\" class=\"attachment-medium size-medium wp-post-image\" alt=\"\" srcset=\"https:\/\/emelugur.com\/wp-content\/uploads\/2024\/09\/Vestibuler-Migren-800x351.jpg 800w, https:\/\/emelugur.com\/wp-content\/uploads\/2024\/09\/Vestibuler-Migren-768x337.jpg 768w, https:\/\/emelugur.com\/wp-content\/uploads\/2024\/09\/Vestibuler-Migren.jpg 1140w\" sizes=\"(max-width: 800px) 100vw, 800px\" title=\"\">\t\t\t\t\t\t\t<\/a>\n  \t\t\t\t\t\t\t  \t\t\t\t\t\t\t  \t\t\t\t\t\t<\/div>\n  \t\t\t\t\t\t  \t\t\t\t\t<\/div>\n          \t\t\t\t\t<div class=\"box-text text-center\" >\n\t\t\t\t\t<div class=\"box-text-inner blog-post-inner\">\n\n\t\t\t\t\t\n\t\t\t\t\t\t\t\t\t\t<h5 class=\"post-title is-large \">\n\t\t\t\t\t\t<a href=\"https:\/\/emelugur.com\/fr\/migraine-vestibulaire\/\" class=\"plain\">Migraine vestibulaire<\/a>\n\t\t\t\t\t<\/h5>\n\t\t\t\t\t\t\t\t\t\t<div class=\"is-divider\"><\/div>\n\t\t\t\t\t                    \n\t\t\t\t\t\t\t\t\t\t\t<a href=\"https:\/\/emelugur.com\/fr\/migraine-vestibulaire\/\" class=\"button primary is-outline is-small mb-0\">\n\t\t\t\t\t\t\tLire la suite\t\t\t\t\t\t<\/a>\n\t\t\t\t\t\n\t\t\t\t\t\n\t\t\t\t\t<\/div>\n\t\t\t\t\t<\/div>\n\t\t\t\t\t\t\t\t\t\t\t\t\t\t\t\t<div class=\"badge absolute top post-date badge-outline\">\n\t\t\t\t\t\t\t<div class=\"badge-inner\">\n\t\t\t\t\t\t\t\t<span class=\"post-date-day\">02<\/span><br>\n\t\t\t\t\t\t\t\t<span class=\"post-date-month is-xsmall\">Sep<\/span>\n\t\t\t\t\t\t\t<\/div>\n\t\t\t\t\t\t<\/div>\n\t\t\t\t\t\t\t\t\t<\/div>\n\t\t\t<\/div>\n\t\t<\/div><\/div>\n\t\t<\/div>\n\t\t\t\t\t<\/div>\n\n\t\n<\/div>\n\t\t<\/div>\n\t\t\t\t\t<\/div>\n\n\t\n<\/div>\n\t\t<\/div>\n\n\t\t\n<style>\n#section_458899873 {\n  padding-top: 30px;\n  padding-bottom: 30px;\n}\n<\/style>\n\t<\/section>\n\t\n<div style='text-align:center' class='yasr-auto-insert-visitor'><\/div>","protected":false},"excerpt":{"rendered":"","protected":false},"author":1,"featured_media":0,"parent":0,"menu_order":0,"comment_status":"closed","ping_status":"closed","template":"page-blank.php","meta":{"yasr_overall_rating":0,"yasr_post_is_review":"","yasr_auto_insert_disabled":"","yasr_review_type":"","footnotes":""},"class_list":["post-3466","page","type-page","status-publish","hentry"],"yasr_visitor_votes":{"stars_attributes":{"read_only":false,"span_bottom":false},"number_of_votes":0,"sum_votes":0},"_links":{"self":[{"href":"https:\/\/emelugur.com\/fr\/wp-json\/wp\/v2\/pages\/3466","targetHints":{"allow":["GET"]}}],"collection":[{"href":"https:\/\/emelugur.com\/fr\/wp-json\/wp\/v2\/pages"}],"about":[{"href":"https:\/\/emelugur.com\/fr\/wp-json\/wp\/v2\/types\/page"}],"author":[{"embeddable":true,"href":"https:\/\/emelugur.com\/fr\/wp-json\/wp\/v2\/users\/1"}],"replies":[{"embeddable":true,"href":"https:\/\/emelugur.com\/fr\/wp-json\/wp\/v2\/comments?post=3466"}],"version-history":[{"count":3,"href":"https:\/\/emelugur.com\/fr\/wp-json\/wp\/v2\/pages\/3466\/revisions"}],"predecessor-version":[{"id":3477,"href":"https:\/\/emelugur.com\/fr\/wp-json\/wp\/v2\/pages\/3466\/revisions\/3477"}],"wp:attachment":[{"href":"https:\/\/emelugur.com\/fr\/wp-json\/wp\/v2\/media?parent=3466"}],"curies":[{"name":"wp","href":"https:\/\/api.w.org\/{rel}","templated":true}]}}